{"id":407165,"date":"2023-05-10T09:04:11","date_gmt":"2023-05-10T07:04:11","guid":{"rendered":"https:\/\/www.aspadex.org\/programas-de-emprego-xuvenil-apoiando-a-autonomia-no-fogar-e-mantemento-das-instalacions-de-aspadex\/"},"modified":"2025-05-08T09:33:30","modified_gmt":"2025-05-08T07:33:30","slug":"programas-de-emprego-xuvenil-apoiando-a-autonomia-no-fogar-e-mantemento-das-instalacions-de-aspadex","status":"publish","type":"page","link":"https:\/\/www.aspadex.org\/gl\/programas-de-emprego-xuvenil-apoiando-a-autonomia-no-fogar-e-mantemento-das-instalacions-de-aspadex\/","title":{"rendered":"Programas de Emprego Xuvenil: \u00abApoiando a autonom\u00eda no fogar\u00bb e \u00abMantemento das instalaci\u00f3ns de ASPADEX\u00bb"},"content":{"rendered":"<p>[et_pb_section fb_built=&#8221;1&#8243; _builder_version=&#8221;4.20.4&#8243; _module_preset=&#8221;default&#8221; background_image=&#8221;https:\/\/www.aspadex.org\/wp-content\/uploads\/2023\/04\/fondo-simbolos-01.png&#8221; background_size=&#8221;initial&#8221; background_repeat=&#8221;repeat&#8221; custom_margin=&#8221;0px||110px||false|false&#8221; custom_margin_tablet=&#8221;||70px||false|false&#8221; custom_margin_phone=&#8221;||60px||false|false&#8221; custom_margin_last_edited=&#8221;on|desktop&#8221; custom_padding=&#8221;0px||0px||false|false&#8221; global_module=&#8221;354&#8243; saved_tabs=&#8221;all&#8221; global_colors_info=&#8221;{}&#8221; theme_builder_area=&#8221;post_content&#8221;][et_pb_row custom_padding_last_edited=&#8221;on|phone&#8221; _builder_version=&#8221;4.20.4&#8243; _module_preset=&#8221;default&#8221; custom_margin=&#8221;0px||0px||false|false&#8221; custom_padding=&#8221;5vw||5vw||true|false&#8221; custom_padding_tablet=&#8221;50px||50px||true|false&#8221; custom_padding_phone=&#8221;&#8221; global_colors_info=&#8221;{}&#8221; theme_builder_area=&#8221;post_content&#8221;][et_pb_column type=&#8221;4_4&#8243; _builder_version=&#8221;4.20.4&#8243; _module_preset=&#8221;default&#8221; global_colors_info=&#8221;{}&#8221; theme_builder_area=&#8221;post_content&#8221;][et_pb_post_title meta=&#8221;off&#8221; featured_image=&#8221;off&#8221; _builder_version=&#8221;4.20.4&#8243; _module_preset=&#8221;default&#8221; text_orientation=&#8221;center&#8221; custom_margin=&#8221;0px||1px||false|false&#8221; custom_padding=&#8221;0px||0px||false|false&#8221; global_colors_info=&#8221;{}&#8221; theme_builder_area=&#8221;post_content&#8221;][\/et_pb_post_title][et_pb_text module_class=&#8221;migas&#8221; _builder_version=&#8221;4.20.4&#8243; _module_preset=&#8221;default&#8221; text_font=&#8221;|600|||||||&#8221; text_text_color=&#8221;#455A64&#8243; link_font=&#8221;|600||on|||||&#8221; link_text_color=&#8221;#455A64&#8243; link_font_size=&#8221;0.9rem&#8221; text_orientation=&#8221;center&#8221; custom_margin=&#8221;0px||0px||false|false&#8221; custom_padding=&#8221;0px||0px||false|false&#8221; global_colors_info=&#8221;{}&#8221; theme_builder_area=&#8221;post_content&#8221;]<\/p>\n<span><span><a href=\"https:\/\/www.aspadex.org\/gl\/inicio\/\">Portada<\/a><\/span><\/span>\n<p>[\/et_pb_text][\/et_pb_column][\/et_pb_row][\/et_pb_section][et_pb_section fb_built=&#8221;1&#8243; _builder_version=&#8221;4.20.4&#8243; _module_preset=&#8221;default&#8221; custom_margin=&#8221;0px||110px||false|false&#8221; custom_margin_tablet=&#8221;||70px||false|false&#8221; custom_margin_phone=&#8221;0px||60px||false|false&#8221; custom_margin_last_edited=&#8221;on|desktop&#8221; custom_padding=&#8221;0px||0px||false|false&#8221; saved_tabs=&#8221;all&#8221; global_colors_info=&#8221;{}&#8221; theme_builder_area=&#8221;post_content&#8221;][et_pb_row _builder_version=&#8221;4.20.4&#8243; _module_preset=&#8221;default&#8221; max_width=&#8221;980px&#8221; custom_margin=&#8221;0px||0px||false|false&#8221; custom_padding=&#8221;0px||0px||false|false&#8221; global_colors_info=&#8221;{}&#8221; theme_builder_area=&#8221;post_content&#8221;][et_pb_column type=&#8221;4_4&#8243; _builder_version=&#8221;4.20.4&#8243; _module_preset=&#8221;default&#8221; global_colors_info=&#8221;{}&#8221; theme_builder_area=&#8221;post_content&#8221;][et_pb_image src=&#8221;https:\/\/www.aspadex.org\/wp-content\/uploads\/2023\/05\/logo_ue_emprego_xuvenil.png&#8221; title_text=&#8221;logo_ue_emprego_xuvenil&#8221; align=&#8221;center&#8221; _builder_version=&#8221;4.20.4&#8243; _module_preset=&#8221;default&#8221; hover_enabled=&#8221;0&#8243; global_colors_info=&#8221;{}&#8221; theme_builder_area=&#8221;post_content&#8221; sticky_enabled=&#8221;0&#8243;][\/et_pb_image][et_pb_text _builder_version=&#8221;4.20.4&#8243; _module_preset=&#8221;default&#8221; hover_enabled=&#8221;0&#8243; global_colors_info=&#8221;{}&#8221; theme_builder_area=&#8221;post_content&#8221; sticky_enabled=&#8221;0&#8243;]<\/p>\n<p>A&nbsp;<a href=\"http:\/\/www.xunta.gal\/ceei\">Conseller\u00eda de Econom\u00eda, Emprego e Industria<\/a>&nbsp;ven de concedernos unha subvenci\u00f3n cofinanciada polo&nbsp;<strong>Fondo Social Europeo<\/strong>&nbsp;e a Iniciativa de Emprego Xuvenil nun 91.98 %, a trav\u00e9s do Programa de Emprego Xuvenil, gracias \u00e1 cal puidemos contratar estes d\u00edas a dous profesionais que nos permiten mellorar a calidade dos servizos da nosa entidade: unha coidadora e un t\u00e9cnico de mantemento.<\/p>\n<p>A&nbsp;<a href=\"http:\/\/www.xunta.gal\/ceei\">Conseller\u00eda de Econom\u00eda, Emprego e Industria<\/a>&nbsp;ven de concedernos unha subvenci\u00f3n cofinanciada polo&nbsp;<strong>Fondo Social Europeo<\/strong>&nbsp;e a Iniciativa de Emprego Xuvenil nun 91.98 %, a trav\u00e9s do Programa de Emprego Xuvenil, gracias \u00e1 cal puidemos contratar estes d\u00edas a dous profesionais que nos permiten mellorar a calidade dos servizos da nosa entidade: unha coidadora e un t\u00e9cnico de mantemento.<\/p>\n<p>Os&nbsp;<strong>programas de Emprego Xuvenil<\/strong>&nbsp;cumpren con un doble obxectivo, por unha parte, ofrecen \u00e1s persoas mozas a posibilidade de acceder a un emprego, mellorando a s\u00faa empregabilidade e, por outra parte, permiten a entidades como a&nbsp;nosa contar con persoal cualificado para mellorar os servizos que prestamos.<\/p>\n<p><a href=\"http:\/\/garantiaxuvenil.xunta.es\/gaxuve\/es\/programa-de-garantia-juvenil\">ENLACE<\/a><\/p>\n<p><strong>PROGRAMA DE MELLORA DA AUTONOM\u00cdA NO FOGAR PARA PERSOAS CON DISCAPACIDADE INTELECTUAL<\/strong><\/p>\n<p>O programa subvencionado ten como obxectivo mellorar a autonom\u00eda no fogar das persoas con discapacidade intelectual traballando en catro grandes \u00e1reas:<\/p>\n<ul>\n<li>Apoio\/supervisi\u00f3n en habilidades b\u00e1sicas: hixiene persoal, vestido, h\u00e1bitos de sa\u00fade, seguridade,\u2026<\/li>\n<li>Formaci\u00f3n en habilidades instrumentais: limpeza, alimentaci\u00f3n, uso de novas tecnolox\u00edas, compras, coidado da roupa,\u2026<\/li>\n<li>Habilidades organizativas: xesti\u00f3n da econom\u00eda, organizaci\u00f3n de horarios, mantemento do fogar,\u2026<\/li>\n<li>Apoio nas xesti\u00f3ns dora do entorno: xesti\u00f3ns administrativas, participaci\u00f3n en actividades do entorno, asistir a servizos da comunidade, perruquer\u00eda, podolox\u00eda, actividades de ocio,\u2026<\/li>\n<\/ul>\n<p>A financiaci\u00f3n obtida permite ter a unha persoa contratada durante 7 meses, durante os cales as persoas con discapacidade intelectual por\u00e1n en marcha as habilidades necesarias para mellorar a s\u00faa autonom\u00eda tanto nas habilidades b\u00e1sicas como nas instrumentais. Durante este tempo a persoa contratada traballar\u00e1 xunto con profesionais da entidade con ampla experiencia, e con un equipo t\u00e9cnico que levar\u00e1 a direcci\u00f3n do proxecto, deste xeito acadar\u00e1 tanto a experiencia como a formaci\u00f3n necesaria para favorecer as s\u00faas posibilidades de inserci\u00f3n no futuro inmediato.<\/p>\n<p><strong>PROGRAMA DE MANTEMENTO DAS INSTALACI\u00d3NS DE ASPADEX<\/strong><\/p>\n<p>Dentro deste programa contratamos a unha figura, que nestes \u00faltimos anos estamos vendo como moi necesaria: un t\u00e9cnico de mantemento. As infraestructuras, equipamento, maquinaria e veh\u00edculos coas que conta a entidade foron medrando \u00f3 longo destes anos, por outra banda,&nbsp;o paso do tempo tam\u00e9n obriga a facer maiores reparaci\u00f3ns e a facer un mantemento m\u00e1is exhaustivo para evitar danos que repercutan de forma negativa nos servizos prestados: aulas, vehiculos cos que se desprazan os usuarios\/as, posibles riscos\u2026<\/p>\n<p>O programa de mantemento levarase a cabo nas instalaci\u00f3ns da entidade, partindo dunha detecci\u00f3n de necesidades tanto en mantemento preventivo como correctivo. A persoa contratada contar\u00e1 asimesmo coa direcci\u00f3n e asesoramento de persoas da entidade xa formadas e con experiencia nas distintas \u00e1reas nas que esta ter\u00e1 que desenvolver a s\u00faa labor (mec\u00e1nica, electricidade, fontaner\u00eda\u2026), deste xeito acadar\u00e1 unha experiencia completa e ampla que lle facilitar\u00e1 a inserci\u00f3n laboral en empresas, tanto do mesmo sector como de outros onde poden ser necesarias labores similares.<\/p>\n<p>Neste casos a financiaci\u00f3n tam\u00e9n permitir\u00e1 ter contratada a unha persoa durante sete meses, durante os cales levar\u00e1 as acci\u00f3ns necesarias para o mantemento das distintas instalaci\u00f3ns, as\u00ed como as reparaci\u00f3ns oportunas, co obxectivo final de mellorar a calidade dos servicios que ASPADEX presta \u00e1s persoas con discapacidade intelectual.<\/p>\n<p>[\/et_pb_text][\/et_pb_column][\/et_pb_row][\/et_pb_section]<\/p>\n","protected":false},"excerpt":{"rendered":"<p><span><span><a href=\"https:\/\/www.aspadex.org\/gl\/inicio\/\">Portada<\/a><\/span><\/span>A&nbsp;Conseller\u00eda de Econom\u00eda, Emprego e Industria&nbsp;ven de concedernos unha subvenci\u00f3n cofinanciada polo&nbsp;Fondo Social Europeo&nbsp;e a Iniciativa de Emprego Xuvenil nun 91.98 %, a trav\u00e9s do Programa de Emprego Xuvenil, gracias \u00e1 cal puidemos contratar estes d\u00edas a dous profesionais que nos permiten mellorar a calidade dos servizos da nosa entidade: unha coidadora e un t\u00e9cnico [&hellip;]<\/p>\n","protected":false},"author":1,"featured_media":0,"parent":0,"menu_order":0,"comment_status":"closed","ping_status":"closed","template":"","meta":{"_et_pb_use_builder":"on","_et_pb_old_content":"","_et_gb_content_width":"","footnotes":""},"class_list":["post-407165","page","type-page","status-publish","hentry"],"yoast_head":"<!-- This site is optimized with the Yoast SEO plugin v20.5 - https:\/\/yoast.com\/wordpress\/plugins\/seo\/ -->\n<title>Programas de Emprego Xuvenil: \u00abApoiando a autonom\u00eda no fogar\u00bb e \u00abMantemento das instalaci\u00f3ns de ASPADEX\u00bb &bull; ASPADEX<\/title>\n<meta name=\"robots\" content=\"index, follow, max-snippet:-1, max-image-preview:large, max-video-preview:-1\" \/>\n<link rel=\"canonical\" href=\"https:\/\/www.aspadex.org\/programas-de-emprego-xuvenil-apoiando-a-autonomia-no-fogar-e-mantemento-das-instalacions-de-aspadex\/\" \/>\n<meta property=\"og:locale\" content=\"gl_ES\" \/>\n<meta property=\"og:type\" content=\"article\" \/>\n<meta property=\"og:title\" content=\"Programas de Emprego Xuvenil: \u00abApoiando a autonom\u00eda no fogar\u00bb e \u00abMantemento das instalaci\u00f3ns de ASPADEX\u00bb &bull; ASPADEX\" \/>\n<meta property=\"og:description\" content=\"A&nbsp;Conseller\u00eda de Econom\u00eda, Emprego e Industria&nbsp;ven de concedernos unha subvenci\u00f3n cofinanciada polo&nbsp;Fondo Social Europeo&nbsp;e a Iniciativa de Emprego Xuvenil nun 91.98 %, a trav\u00e9s do Programa de Emprego Xuvenil, gracias \u00e1 cal puidemos contratar estes d\u00edas a dous profesionais que nos permiten mellorar a calidade dos servizos da nosa entidade: unha coidadora e un t\u00e9cnico [&hellip;]\" \/>\n<meta property=\"og:url\" content=\"https:\/\/www.aspadex.org\/programas-de-emprego-xuvenil-apoiando-a-autonomia-no-fogar-e-mantemento-das-instalacions-de-aspadex\/\" \/>\n<meta property=\"og:site_name\" content=\"ASPADEX\" \/>\n<meta property=\"article:modified_time\" content=\"2025-05-08T07:33:30+00:00\" \/>\n<meta name=\"twitter:card\" content=\"summary_large_image\" \/>\n<meta name=\"twitter:label1\" content=\"Tempo de lectura\" \/>\n\t<meta name=\"twitter:data1\" content=\"5 minutos\" \/>\n<script type=\"application\/ld+json\" class=\"yoast-schema-graph\">{\"@context\":\"https:\/\/schema.org\",\"@graph\":[{\"@type\":\"WebPage\",\"@id\":\"https:\/\/www.aspadex.org\/programas-de-emprego-xuvenil-apoiando-a-autonomia-no-fogar-e-mantemento-das-instalacions-de-aspadex\/\",\"url\":\"https:\/\/www.aspadex.org\/programas-de-emprego-xuvenil-apoiando-a-autonomia-no-fogar-e-mantemento-das-instalacions-de-aspadex\/\",\"name\":\"Programas de Emprego Xuvenil: \u00abApoiando a autonom\u00eda no fogar\u00bb e \u00abMantemento das instalaci\u00f3ns de ASPADEX\u00bb &bull; ASPADEX\",\"isPartOf\":{\"@id\":\"https:\/\/www.aspadex.org\/gl\/#website\"},\"datePublished\":\"2023-05-10T07:04:11+00:00\",\"dateModified\":\"2025-05-08T07:33:30+00:00\",\"breadcrumb\":{\"@id\":\"https:\/\/www.aspadex.org\/programas-de-emprego-xuvenil-apoiando-a-autonomia-no-fogar-e-mantemento-das-instalacions-de-aspadex\/#breadcrumb\"},\"inLanguage\":\"gl-ES\",\"potentialAction\":[{\"@type\":\"ReadAction\",\"target\":[\"https:\/\/www.aspadex.org\/programas-de-emprego-xuvenil-apoiando-a-autonomia-no-fogar-e-mantemento-das-instalacions-de-aspadex\/\"]}]},{\"@type\":\"BreadcrumbList\",\"@id\":\"https:\/\/www.aspadex.org\/programas-de-emprego-xuvenil-apoiando-a-autonomia-no-fogar-e-mantemento-das-instalacions-de-aspadex\/#breadcrumb\",\"itemListElement\":[{\"@type\":\"ListItem\",\"position\":1,\"name\":\"Portada\",\"item\":\"https:\/\/www.aspadex.org\/gl\/inicio\/\"},{\"@type\":\"ListItem\",\"position\":2,\"name\":\"Programas de Emprego Xuvenil: \u00abApoiando a autonom\u00eda no fogar\u00bb e \u00abMantemento das instalaci\u00f3ns de ASPADEX\u00bb\"}]},{\"@type\":\"WebSite\",\"@id\":\"https:\/\/www.aspadex.org\/gl\/#website\",\"url\":\"https:\/\/www.aspadex.org\/gl\/\",\"name\":\"ASPADEX\",\"description\":\"Asociaci\u00f3n de padres de personas con discapacidad intelectual\",\"publisher\":{\"@id\":\"https:\/\/www.aspadex.org\/gl\/#organization\"},\"potentialAction\":[{\"@type\":\"SearchAction\",\"target\":{\"@type\":\"EntryPoint\",\"urlTemplate\":\"https:\/\/www.aspadex.org\/gl\/?s={search_term_string}\"},\"query-input\":\"required name=search_term_string\"}],\"inLanguage\":\"gl-ES\"},{\"@type\":\"Organization\",\"@id\":\"https:\/\/www.aspadex.org\/gl\/#organization\",\"name\":\"ASPADEX\",\"alternateName\":\"Asociaci\u00f3n de padres de personas con discapacidad intelectual\",\"url\":\"https:\/\/www.aspadex.org\/gl\/\",\"logo\":{\"@type\":\"ImageObject\",\"inLanguage\":\"gl-ES\",\"@id\":\"https:\/\/www.aspadex.org\/gl\/#\/schema\/logo\/image\/\",\"url\":\"https:\/\/www.aspadex.org\/wp-content\/uploads\/2023\/04\/logotipo-aspadex-cuadrado-01-01.svg\",\"contentUrl\":\"https:\/\/www.aspadex.org\/wp-content\/uploads\/2023\/04\/logotipo-aspadex-cuadrado-01-01.svg\",\"width\":247,\"height\":235,\"caption\":\"ASPADEX\"},\"image\":{\"@id\":\"https:\/\/www.aspadex.org\/gl\/#\/schema\/logo\/image\/\"}}]}<\/script>\n<!-- \/ Yoast SEO plugin. -->","yoast_head_json":{"title":"Programas de Emprego Xuvenil: \u00abApoiando a autonom\u00eda no fogar\u00bb e \u00abMantemento das instalaci\u00f3ns de ASPADEX\u00bb &bull; ASPADEX","robots":{"index":"index","follow":"follow","max-snippet":"max-snippet:-1","max-image-preview":"max-image-preview:large","max-video-preview":"max-video-preview:-1"},"canonical":"https:\/\/www.aspadex.org\/programas-de-emprego-xuvenil-apoiando-a-autonomia-no-fogar-e-mantemento-das-instalacions-de-aspadex\/","og_locale":"gl_ES","og_type":"article","og_title":"Programas de Emprego Xuvenil: \u00abApoiando a autonom\u00eda no fogar\u00bb e \u00abMantemento das instalaci\u00f3ns de ASPADEX\u00bb &bull; ASPADEX","og_description":"A&nbsp;Conseller\u00eda de Econom\u00eda, Emprego e Industria&nbsp;ven de concedernos unha subvenci\u00f3n cofinanciada polo&nbsp;Fondo Social Europeo&nbsp;e a Iniciativa de Emprego Xuvenil nun 91.98 %, a trav\u00e9s do Programa de Emprego Xuvenil, gracias \u00e1 cal puidemos contratar estes d\u00edas a dous profesionais que nos permiten mellorar a calidade dos servizos da nosa entidade: unha coidadora e un t\u00e9cnico [&hellip;]","og_url":"https:\/\/www.aspadex.org\/programas-de-emprego-xuvenil-apoiando-a-autonomia-no-fogar-e-mantemento-das-instalacions-de-aspadex\/","og_site_name":"ASPADEX","article_modified_time":"2025-05-08T07:33:30+00:00","twitter_card":"summary_large_image","twitter_misc":{"Tempo de lectura":"5 minutos"},"schema":{"@context":"https:\/\/schema.org","@graph":[{"@type":"WebPage","@id":"https:\/\/www.aspadex.org\/programas-de-emprego-xuvenil-apoiando-a-autonomia-no-fogar-e-mantemento-das-instalacions-de-aspadex\/","url":"https:\/\/www.aspadex.org\/programas-de-emprego-xuvenil-apoiando-a-autonomia-no-fogar-e-mantemento-das-instalacions-de-aspadex\/","name":"Programas de Emprego Xuvenil: \u00abApoiando a autonom\u00eda no fogar\u00bb e \u00abMantemento das instalaci\u00f3ns de ASPADEX\u00bb &bull; ASPADEX","isPartOf":{"@id":"https:\/\/www.aspadex.org\/gl\/#website"},"datePublished":"2023-05-10T07:04:11+00:00","dateModified":"2025-05-08T07:33:30+00:00","breadcrumb":{"@id":"https:\/\/www.aspadex.org\/programas-de-emprego-xuvenil-apoiando-a-autonomia-no-fogar-e-mantemento-das-instalacions-de-aspadex\/#breadcrumb"},"inLanguage":"gl-ES","potentialAction":[{"@type":"ReadAction","target":["https:\/\/www.aspadex.org\/programas-de-emprego-xuvenil-apoiando-a-autonomia-no-fogar-e-mantemento-das-instalacions-de-aspadex\/"]}]},{"@type":"BreadcrumbList","@id":"https:\/\/www.aspadex.org\/programas-de-emprego-xuvenil-apoiando-a-autonomia-no-fogar-e-mantemento-das-instalacions-de-aspadex\/#breadcrumb","itemListElement":[{"@type":"ListItem","position":1,"name":"Portada","item":"https:\/\/www.aspadex.org\/gl\/inicio\/"},{"@type":"ListItem","position":2,"name":"Programas de Emprego Xuvenil: \u00abApoiando a autonom\u00eda no fogar\u00bb e \u00abMantemento das instalaci\u00f3ns de ASPADEX\u00bb"}]},{"@type":"WebSite","@id":"https:\/\/www.aspadex.org\/gl\/#website","url":"https:\/\/www.aspadex.org\/gl\/","name":"ASPADEX","description":"Asociaci\u00f3n de padres de personas con discapacidad intelectual","publisher":{"@id":"https:\/\/www.aspadex.org\/gl\/#organization"},"potentialAction":[{"@type":"SearchAction","target":{"@type":"EntryPoint","urlTemplate":"https:\/\/www.aspadex.org\/gl\/?s={search_term_string}"},"query-input":"required name=search_term_string"}],"inLanguage":"gl-ES"},{"@type":"Organization","@id":"https:\/\/www.aspadex.org\/gl\/#organization","name":"ASPADEX","alternateName":"Asociaci\u00f3n de padres de personas con discapacidad intelectual","url":"https:\/\/www.aspadex.org\/gl\/","logo":{"@type":"ImageObject","inLanguage":"gl-ES","@id":"https:\/\/www.aspadex.org\/gl\/#\/schema\/logo\/image\/","url":"https:\/\/www.aspadex.org\/wp-content\/uploads\/2023\/04\/logotipo-aspadex-cuadrado-01-01.svg","contentUrl":"https:\/\/www.aspadex.org\/wp-content\/uploads\/2023\/04\/logotipo-aspadex-cuadrado-01-01.svg","width":247,"height":235,"caption":"ASPADEX"},"image":{"@id":"https:\/\/www.aspadex.org\/gl\/#\/schema\/logo\/image\/"}}]}},"jetpack_sharing_enabled":true,"_links":{"self":[{"href":"https:\/\/www.aspadex.org\/gl\/wp-json\/wp\/v2\/pages\/407165","targetHints":{"allow":["GET"]}}],"collection":[{"href":"https:\/\/www.aspadex.org\/gl\/wp-json\/wp\/v2\/pages"}],"about":[{"href":"https:\/\/www.aspadex.org\/gl\/wp-json\/wp\/v2\/types\/page"}],"author":[{"embeddable":true,"href":"https:\/\/www.aspadex.org\/gl\/wp-json\/wp\/v2\/users\/1"}],"replies":[{"embeddable":true,"href":"https:\/\/www.aspadex.org\/gl\/wp-json\/wp\/v2\/comments?post=407165"}],"version-history":[{"count":1,"href":"https:\/\/www.aspadex.org\/gl\/wp-json\/wp\/v2\/pages\/407165\/revisions"}],"predecessor-version":[{"id":407186,"href":"https:\/\/www.aspadex.org\/gl\/wp-json\/wp\/v2\/pages\/407165\/revisions\/407186"}],"wp:attachment":[{"href":"https:\/\/www.aspadex.org\/gl\/wp-json\/wp\/v2\/media?parent=407165"}],"curies":[{"name":"wp","href":"https:\/\/api.w.org\/{rel}","templated":true}]}}