{"id":407174,"date":"2023-04-26T10:35:49","date_gmt":"2023-04-26T08:35:49","guid":{"rendered":"https:\/\/www.aspadex.org\/aviso-legal\/"},"modified":"2025-05-19T17:17:52","modified_gmt":"2025-05-19T15:17:52","slug":"aviso-legal","status":"publish","type":"page","link":"https:\/\/www.aspadex.org\/gl\/aviso-legal\/","title":{"rendered":"Aviso legal y t\u00e9rminos y condiciones de uso del sitio web"},"content":{"rendered":"<p>[et_pb_section fb_built=&#8221;1&#8243; custom_padding_last_edited=&#8221;on|tablet&#8221; admin_label=&#8221;section&#8221; _builder_version=&#8221;4.20.4&#8243; _module_preset=&#8221;default&#8221; custom_margin=&#8221;0px||40px||false|false&#8221; custom_padding=&#8221;200px||0px||false|false&#8221; custom_padding_tablet=&#8221;100px||||false|false&#8221; custom_padding_phone=&#8221;100px||||false|false&#8221; global_colors_info=&#8221;{}&#8221;][et_pb_row admin_label=&#8221;row&#8221; _builder_version=&#8221;4.20.4&#8243; _module_preset=&#8221;e4178560-0a96-416f-90a1-4b42bcdaa91d&#8221; background_size=&#8221;initial&#8221; background_position=&#8221;top_left&#8221; background_repeat=&#8221;repeat&#8221; max_width=&#8221;980px&#8221; global_colors_info=&#8221;{}&#8221;][et_pb_column type=&#8221;4_4&#8243; _builder_version=&#8221;4.16&#8243; _module_preset=&#8221;default&#8221; custom_padding=&#8221;|||&#8221; global_colors_info=&#8221;{}&#8221; custom_padding__hover=&#8221;|||&#8221;][et_pb_post_title meta=&#8221;off&#8221; featured_image=&#8221;off&#8221; _builder_version=&#8221;4.20.4&#8243; _module_preset=&#8221;default&#8221; title_font=&#8221;|600|||||||&#8221; title_text_color=&#8221;#8CC066&#8243; custom_margin=&#8221;0px||0px||false|false&#8221; custom_padding=&#8221;0px||0px||false|false&#8221; global_colors_info=&#8221;{}&#8221;][\/et_pb_post_title][et_pb_text admin_label=&#8221;Text&#8221; _builder_version=&#8221;4.20.4&#8243; _module_preset=&#8221;default&#8221; header_font=&#8221;|600|||||||&#8221; header_text_color=&#8221;#8CC066&#8243; header_font_size=&#8221;28px&#8221; header_2_font=&#8221;|600|||||||&#8221; header_2_text_color=&#8221;#8CC066&#8243; header_2_font_size=&#8221;28px&#8221; header_3_font=&#8221;|600|||||||&#8221; header_3_text_color=&#8221;#8CC066&#8243; header_3_font_size=&#8221;24px&#8221; header_4_font=&#8221;|600|||||||&#8221; header_4_text_color=&#8221;#8CC066&#8243; header_4_font_size=&#8221;22px&#8221; header_5_font=&#8221;|600|||||||&#8221; header_5_text_color=&#8221;#8CC066&#8243; header_5_font_size=&#8221;20px&#8221; header_6_font=&#8221;|600|||||||&#8221; header_6_text_color=&#8221;#8CC066&#8243; header_6_font_size=&#8221;20px&#8221; background_size=&#8221;initial&#8221; background_position=&#8221;top_left&#8221; background_repeat=&#8221;repeat&#8221; hover_enabled=&#8221;0&#8243; global_colors_info=&#8221;{}&#8221; sticky_enabled=&#8221;0&#8243;]<\/p>\n<p>Con la finalidad de dar cumplimiento al art\u00edculo 10 de la Ley 34\/2002 de Servicios de la Sociedad de la Informaci\u00f3n y Comercio Electr\u00f3nico, informamos al usuario de nuestros datos:<\/p>\n<table width=\"0\">\n<tbody>\n<tr>\n<td colspan=\"2\" width=\"565\">\n<p>&nbsp;<\/p>\n<p>Datos identificativos<\/p>\n<p>&nbsp;<\/p>\n<\/td>\n<\/tr>\n<tr>\n<td width=\"149\">\n<p>Denominaci\u00f3n Social<\/p>\n<\/td>\n<td width=\"416\">\n<p>ASOCIACI\u00d3N DE PADRES DE PERSONAS CON DISCAPACIDAD INTELECTUAL DE LA COMARCA DEL XALLAS<\/p>\n<\/td>\n<\/tr>\n<tr>\n<td width=\"149\">\n<p>NIF<\/p>\n<\/td>\n<td width=\"416\">\n<p>ESG15063092<\/p>\n<\/td>\n<\/tr>\n<tr>\n<td width=\"149\">\n<p>Domicilio Social<\/p>\n<\/td>\n<td width=\"416\">\n<p>LUGAR VILAR DE TOBA, 125, 15270, CEE\u00a0 (A CORU\u00d1A)<\/p>\n<\/td>\n<\/tr>\n<tr>\n<td width=\"149\">\n<p>Tel\u00e9fono<\/p>\n<\/td>\n<td width=\"416\">\n<p>981745381<\/p>\n<\/td>\n<\/tr>\n<tr>\n<td width=\"149\">\n<p>Correo electr\u00f3nico<\/p>\n<\/td>\n<td width=\"416\">\n<p><a href=\"mailto:ASPADEX@GMAIL.COM\">ASPADEX@GMAIL.COM<\/a>\u00a0\u00a0<\/p>\n<\/td>\n<\/tr>\n<tr>\n<td width=\"149\">\n<p>Datos de inscripci\u00f3n en el registro de asociaciones<\/p>\n<\/td>\n<td width=\"416\">\n<p>&nbsp;<\/p>\n<\/td>\n<\/tr>\n<\/tbody>\n<\/table>\n<p><strong><u>\u00a0<\/u><\/strong><\/p>\n<ol>\n<li>Introducci\u00f3n.<\/li>\n<\/ol>\n<p>Los presentes TERMINOS Y CONDICIONES DE USO DEL SITIO WEB, regulan los t\u00e9rminos y condiciones de acceso y uso de <a href=\"https:\/\/www.aspadex.org\/\">https:\/\/www.aspadex.org\/<\/a> en adelante el \u201c<strong>Sitio Web<\/strong>\u201d, propiedad de ASOCIACI\u00d3N DE PADRES DE PERSONAS CON DISCAPACIDAD INTELECTUAL DE LA COMARCA DEL XALLAS, con domicilio en LUGAR VILAR DE TOBA, 125, 15270, CEE\u00a0 (A CORU\u00d1A) y con NIF ESG15063092, que el usuario del Sitio Web deber\u00e1 de leer y aceptar para usar todos los servicios e informaci\u00f3n que se facilitan desde el Sitio Web.<\/p>\n<p>El usuario, as\u00ed como ASOCIACI\u00d3N DE PADRES DE PERSONAS CON DISCAPACIDAD INTELECTUAL DE LA COMARCA DEL XALLAS, propietaria del Sitio Web, podr\u00e1n ser denominados conjuntamente como las partes.<\/p>\n<p>El mero acceso o utilizaci\u00f3n del Sitio Web, de todos o parte de sus contenidos y servicios significa la plena aceptaci\u00f3n de las presentes condiciones de uso. La puesta a disposici\u00f3n y el uso del Sitio Web se entiende sometida al estricto cumplimiento de los t\u00e9rminos recogidos en las presentes condiciones de uso del Sitio Web.<\/p>\n<ol start=\"2\">\n<li>T\u00e9rminos y condiciones de uso.<\/li>\n<\/ol>\n<p>Los presentes t\u00e9rminos y condiciones de uso del Sitio Web, en adelante \u201c<strong>TERMINOS Y CONDICIONES DE USO DEL SITIO WEB<\/strong>\u201d regulan el acceso y la utilizaci\u00f3n del Sitio Web, incluyendo los contenidos y los servicios puestos a disposici\u00f3n de los usuarios en y\/o a trav\u00e9s del Sitio Web, bien por ASOCIACI\u00d3N DE PADRES DE PERSONAS CON DISCAPACIDAD INTELECTUAL DE LA COMARCA DEL XALLAS, bien por sus usuarios o por cualquier tercero. No obstante, el acceso y la utilizaci\u00f3n de ciertos contenidos y\/o servicios pueden encontrarse sometidos a determinadas condiciones espec\u00edficas.<\/p>\n<ol start=\"3\">\n<li>\u00a0Modificaciones<\/li>\n<\/ol>\n<p>ASOCIACI\u00d3N DE PADRES DE PERSONAS CON DISCAPACIDAD INTELECTUAL DE LA COMARCA DEL XALLAS se reserva la facultad de modificar en cualquier momento los presentes t\u00e9rminos y condiciones de uso del sitio web. En todo caso, se recomienda consultar peri\u00f3dicamente las mismas, ya que pueden ser modificadas.<\/p>\n<ol start=\"4\">\n<li>Informaci\u00f3n y servicios.<\/li>\n<\/ol>\n<p>Los usuarios pueden acceder a trav\u00e9s del Sitio Web a diferente tipo de informaci\u00f3n y servicios. ASOCIACI\u00d3N DE PADRES DE PERSONAS CON DISCAPACIDAD INTELECTUAL DE LA COMARCA DEL XALLAS se reserva la facultad de modificar, en cualquier momento, y sin aviso previo, la presentaci\u00f3n y configuraci\u00f3n de la informaci\u00f3n y servicios ofrecidos desde el Sitio Web. El usuario reconoce y acepta expresamente que en cualquier momento ASOCIACI\u00d3N DE PADRES DE PERSONAS CON DISCAPACIDAD INTELECTUAL DE LA COMARCA DEL XALLAS pueda interrumpir, desactivar y\/o cancelar cualquier informaci\u00f3n o servicio. ASOCIACI\u00d3N DE PADRES DE PERSONAS CON DISCAPACIDAD INTELECTUAL DE LA COMARCA DEL XALLAS realizar\u00e1 sus mejores esfuerzos para intentar garantizar la disponibilidad y accesibilidad a la web. No obstante, en ocasiones, por razones de mantenimiento, actualizaci\u00f3n, cambio de ubicaci\u00f3n, etc., podr\u00e1 suponer la interrupci\u00f3n del acceso al Sitio Web.<\/p>\n<ol start=\"5\">\n<li>Disponibilidad de la informaci\u00f3n y servicios del sitio web.<\/li>\n<\/ol>\n<p>ASOCIACI\u00d3N DE PADRES DE PERSONAS CON DISCAPACIDAD INTELECTUAL DE LA COMARCA DEL XALLAS no garantiza la disponibilidad continua y permanente de los servicios, quedando de este modo exonerado de cualquier responsabilidad por posibles da\u00f1os y perjuicios causados como consecuencia de la falta de disponibilidad del servicio por motivos de fuerza mayor o errores en las redes telem\u00e1ticas de transferencia de datos, ajenos a su voluntad, o por desconexiones realizadas por trabajos de mejora o mantenimiento de los equipos y sistemas inform\u00e1ticos.<\/p>\n<p>En estos casos, ASOCIACI\u00d3N DE PADRES DE PERSONAS CON DISCAPACIDAD INTELECTUAL DE LA COMARCA DEL XALLAS har\u00e1 sus mejores esfuerzos por devolver los servicios a su plena disponibilidad, as\u00ed como, para notificar sobre la posible falta de disponibilidad de los mismos. ASOCIACI\u00d3N DE PADRES DE PERSONAS CON DISCAPACIDAD INTELECTUAL DE LA COMARCA DEL XALLAS no ser\u00e1 responsable por la interrupci\u00f3n, suspensi\u00f3n o finalizaci\u00f3n de la informaci\u00f3n o servicios. Asimismo, no se responsabiliza de las posibles omisiones, p\u00e9rdidas de informaci\u00f3n, datos, configuraciones, accesos indebidos o vulneraci\u00f3n de la confidencialidad que tengan origen en problemas t\u00e9cnicos, de comunicaciones u omisiones humanas, causadas por terceros o no imputables a ASOCIACI\u00d3N DE PADRES DE PERSONAS CON DISCAPACIDAD INTELECTUAL DE LA COMARCA DEL XALLAS. Tampoco responder\u00e1 de los da\u00f1os producidos por ataques inform\u00e1ticos o causados por virus que afecten a programas inform\u00e1ticos, sistemas de comunicaciones o equipos utilizados por ASOCIACI\u00d3N DE PADRES DE PERSONAS CON DISCAPACIDAD INTELECTUAL DE LA COMARCA DEL XALLAS, pero fabricados o facilitados por un tercero.<\/p>\n<p>ASOCIACI\u00d3N DE PADRES DE PERSONAS CON DISCAPACIDAD INTELECTUAL DE LA COMARCA DEL XALLAS podr\u00e1, a su sola discreci\u00f3n, denegar, retirar, suspender y\/o bloquear en cualquier momento y sin necesidad de previo aviso el acceso a la informaci\u00f3n y servicios a aquellos usuarios que incumplan las presentes normas.<\/p>\n<ol start=\"6\">\n<li>Responsabilidad del sitio web.<\/li>\n<\/ol>\n<p>Exceptuando los casos que la Ley imponga expresamente lo contrario, y exclusivamente con la medida y extensi\u00f3n en que lo imponga, ASOCIACI\u00d3N DE PADRES DE PERSONAS CON DISCAPACIDAD INTELECTUAL DE LA COMARCA DEL XALLAS no garantiza ni asume responsabilidad alguna respecto a los posibles da\u00f1os y perjuicios causados por el uso y utilizaci\u00f3n de la informaci\u00f3n, datos y servicios del Sitio Web.<\/p>\n<p>En todo caso, ASOCIACI\u00d3N DE PADRES DE PERSONAS CON DISCAPACIDAD INTELECTUAL DE LA COMARCA DEL XALLAS queda excluida de cualquier responsabilidad por los da\u00f1os y perjuicios que puedan deberse a la informaci\u00f3n y\/o servicios prestados o suministrados por terceros diferentes de ASOCIACI\u00d3N DE PADRES DE PERSONAS CON DISCAPACIDAD INTELECTUAL DE LA COMARCA DEL XALLAS. Toda responsabilidad ser\u00e1 del tercero ya sea proveedor o\u00a0colaborador.<\/p>\n<ol start=\"7\">\n<li>Obligaciones del usuario.<\/li>\n<\/ol>\n<p>El usuario deber\u00e1 respetar en todo momento los presentes t\u00e9rminos y condiciones de uso del sitio web. De forma expresa el usuario manifiesta que utilizar\u00e1 el Sitio Web de forma diligente y asumiendo cualquier responsabilidad que pudiera derivarse del incumplimiento de las normas.<\/p>\n<p>El usuario se obliga, en aquellos casos que se le soliciten datos o informaci\u00f3n, a no falsear su identidad haci\u00e9ndose pasar por cualquier otra persona. El usuario acepta que la utilizaci\u00f3n del Sitio Web ser\u00e1 efectuada con fines estrictamente personales, privados y particulares. El usuario no podr\u00e1 utilizar el Sitio Web para actividades contrarias a la Ley, la moral y el orden p\u00fablico, as\u00ed como, para finalidades prohibidas o que vulneren o lesionen derechos de terceros.<\/p>\n<p>Asimismo, queda prohibida la difusi\u00f3n, almacenamiento y\/o gesti\u00f3n de datos o contenidos que infrinjan derechos de terceros o cualesquiera normativas reguladoras de derechos de propiedad intelectual o industrial.<\/p>\n<p>El usuario no podr\u00e1 utilizar el Sitio Web para transmitir, almacenar, divulgar promover o distribuir datos o contenidos que sean portadores de virus o cualquier otro c\u00f3digo inform\u00e1tico, archivos o programas dise\u00f1ados para interrumpir, destruir o perjudicar el funcionamiento de cualquier programa o equipo inform\u00e1tico o de telecomunicaciones.<\/p>\n<p>El usuario se obliga a indemnizar y a mantener indemne a ASOCIACI\u00d3N DE PADRES DE PERSONAS CON DISCAPACIDAD INTELECTUAL DE LA COMARCA DEL XALLAS por cualquier da\u00f1o, perjuicio, sanci\u00f3n, multa, pena o indemnizaci\u00f3n que tenga que hacer frente ASOCIACI\u00d3N DE PADRES DE PERSONAS CON DISCAPACIDAD INTELECTUAL DE LA COMARCA DEL XALLAS como consecuencia del incumplimiento por parte del usuario de las obligaciones contenidas en el presente documento.<\/p>\n<ol start=\"8\">\n<li>Datos de car\u00e1cter personal.<\/li>\n<\/ol>\n<p>La informaci\u00f3n o datos personales que facilite el usuario ser\u00e1n tratados con arreglo a lo establecido en la Pol\u00edtica de Privacidad incluida en este Sitio Web.<\/p>\n<ol start=\"9\">\n<li>Enlaces a otros sitios web.<\/li>\n<\/ol>\n<p>ASOCIACI\u00d3N DE PADRES DE PERSONAS CON DISCAPACIDAD INTELECTUAL DE LA COMARCA DEL XALLAS\u00a0no garantiza ni asume ning\u00fan tipo de responsabilidad por los da\u00f1os y perjuicios sufridos por el acceso a Servicios de terceros a trav\u00e9s de conexiones, v\u00ednculos o links de los sitios enlazados ni sobre la exactitud o fiabilidad de los mismos. La funci\u00f3n de los enlaces que aparecen es exclusivamente la de informar al Cliente sobre la existencia de otras fuentes de informaci\u00f3n en Internet, donde podr\u00e1 ampliar los Servicios ofrecidos por el Portal.\u00a0ASOCIACI\u00d3N DE PADRES DE PERSONAS CON DISCAPACIDAD INTELECTUAL DE LA COMARCA DEL XALLAS\u00a0no ser\u00e1 en ning\u00fan caso responsable del resultado obtenido a trav\u00e9s de dichos enlaces o de las consecuencias que se deriven del acceso por los Clientes a los mismos. Estos Servicios de terceros son proporcionados por \u00e9stos, por lo que\u00a0ASOCIACI\u00d3N DE PADRES DE PERSONAS CON DISCAPACIDAD INTELECTUAL DE LA COMARCA DEL XALLAS\u00a0no puede controlar y no controla la licitud de los Servicios ni su calidad. En consecuencia, el Cliente debe extremar la prudencia en la valoraci\u00f3n y utilizaci\u00f3n de la informaci\u00f3n y servicios existentes en los contenidos de terceros.<\/p>\n<ol start=\"10\">\n<li>Propiedad intelectual e industrial.<\/li>\n<\/ol>\n<p>Todos los contenidos, marcas, logos, dibujos, documentaci\u00f3n, programas inform\u00e1ticos o cualquier otro elemento susceptible de protecci\u00f3n por la legislaci\u00f3n de propiedad intelectual o industrial, que sean accesibles en el Sitio Web corresponden exclusivamente a ASOCIACI\u00d3N DE PADRES DE PERSONAS CON DISCAPACIDAD INTELECTUAL DE LA COMARCA DEL XALLAS o a sus leg\u00edtimos titulares y quedan expresamente reservados todos los derechos sobre los mismos. Queda expresamente prohibida la creaci\u00f3n de enlaces de hipertexto (links) a cualquier elemento integrante del Sitio Web sin la autorizaci\u00f3n de ASOCIACI\u00d3N DE PADRES DE PERSONAS CON DISCAPACIDAD INTELECTUAL DE LA COMARCA DEL XALLAS, siempre que no sean a un apartado del Sitio Web que no requiera identificaci\u00f3n o autenticaci\u00f3n para su acceso, o el mismo est\u00e9 restringido.<\/p>\n<p>En cualquier caso, ASOCIACI\u00d3N DE PADRES DE PERSONAS CON DISCAPACIDAD INTELECTUAL DE LA COMARCA DEL XALLAS se reserva todos los derechos sobre los contenidos, informaci\u00f3n datos y servicios que ostente sobre los mismos. ASOCIACI\u00d3N DE PADRES DE PERSONAS CON DISCAPACIDAD INTELECTUAL DE LA COMARCA DEL XALLAS no concede ninguna licencia o autorizaci\u00f3n de uso al usuario sobre sus contenidos, datos o servicios, distinta de la que expresamente se detalle en los presentes t\u00e9rminos y condiciones de uso del sitio web.<\/p>\n<ol start=\"11\">\n<li>Legislaci\u00f3n aplicable, jurisdicci\u00f3n competente y notificaciones.<\/li>\n<\/ol>\n<p>Los presentes t\u00e9rminos y condiciones de uso del sitio web se rigen y se interpretan de acuerdo con las Leyes de Espa\u00f1a. Para cualquier reclamaci\u00f3n ser\u00e1n competentes los juzgados y tribunales del territorio espa\u00f1ol. Todas las notificaciones, requerimientos, peticiones y otras comunicaciones que el Usuario desee efectuar a ASOCIACI\u00d3N DE PADRES DE PERSONAS CON DISCAPACIDAD INTELECTUAL DE LA COMARCA DEL XALLAS titular del presente Sitio Web, deber\u00e1n realizarse por escrito y se entender\u00e1 que han sido correctamente realizadas cuando hayan sido recibidas en la siguiente direcci\u00f3n <a href=\"mailto:ASPADEX@GMAIL.COM\">ASPADEX@GMAIL.COM<\/a> .<\/p>\n<p>[\/et_pb_text][\/et_pb_column][\/et_pb_row][\/et_pb_section]<\/p>\n","protected":false},"excerpt":{"rendered":"<p>Con la finalidad de dar cumplimiento al art\u00edculo 10 de la Ley 34\/2002 de Servicios de la Sociedad de la Informaci\u00f3n y Comercio Electr\u00f3nico, informamos al usuario de nuestros datos: &nbsp; Datos identificativos &nbsp; Denominaci\u00f3n Social ASOCIACI\u00d3N DE PADRES DE PERSONAS CON DISCAPACIDAD INTELECTUAL DE LA COMARCA DEL XALLAS NIF ESG15063092 Domicilio Social LUGAR VILAR [&hellip;]<\/p>\n","protected":false},"author":1,"featured_media":0,"parent":0,"menu_order":0,"comment_status":"closed","ping_status":"closed","template":"","meta":{"_et_pb_use_builder":"on","_et_pb_old_content":"","_et_gb_content_width":"","footnotes":""},"class_list":["post-407174","page","type-page","status-publish","hentry"],"yoast_head":"<!-- This site is optimized with the Yoast SEO plugin v20.5 - https:\/\/yoast.com\/wordpress\/plugins\/seo\/ -->\n<title>Aviso legal y t\u00e9rminos y condiciones de uso del sitio web &bull; ASPADEX<\/title>\n<meta name=\"robots\" content=\"index, follow, max-snippet:-1, max-image-preview:large, max-video-preview:-1\" \/>\n<link rel=\"canonical\" href=\"https:\/\/www.aspadex.org\/gl\/aviso-legal\/\" \/>\n<meta property=\"og:locale\" content=\"gl_ES\" \/>\n<meta property=\"og:type\" content=\"article\" \/>\n<meta property=\"og:title\" content=\"Aviso legal y t\u00e9rminos y condiciones de uso del sitio web &bull; ASPADEX\" \/>\n<meta property=\"og:description\" content=\"Con la finalidad de dar cumplimiento al art\u00edculo 10 de la Ley 34\/2002 de Servicios de la Sociedad de la Informaci\u00f3n y Comercio Electr\u00f3nico, informamos al usuario de nuestros datos: &nbsp; Datos identificativos &nbsp; Denominaci\u00f3n Social ASOCIACI\u00d3N DE PADRES DE PERSONAS CON DISCAPACIDAD INTELECTUAL DE LA COMARCA DEL XALLAS NIF ESG15063092 Domicilio Social LUGAR VILAR [&hellip;]\" \/>\n<meta property=\"og:url\" content=\"https:\/\/www.aspadex.org\/gl\/aviso-legal\/\" \/>\n<meta property=\"og:site_name\" content=\"ASPADEX\" \/>\n<meta property=\"article:modified_time\" content=\"2025-05-19T15:17:52+00:00\" \/>\n<meta name=\"twitter:card\" content=\"summary_large_image\" \/>\n<meta name=\"twitter:label1\" content=\"Tempo de lectura\" \/>\n\t<meta name=\"twitter:data1\" content=\"11 minutos\" \/>\n<script type=\"application\/ld+json\" class=\"yoast-schema-graph\">{\"@context\":\"https:\/\/schema.org\",\"@graph\":[{\"@type\":\"WebPage\",\"@id\":\"https:\/\/www.aspadex.org\/gl\/aviso-legal\/\",\"url\":\"https:\/\/www.aspadex.org\/gl\/aviso-legal\/\",\"name\":\"Aviso legal y t\u00e9rminos y condiciones de uso del sitio web &bull; ASPADEX\",\"isPartOf\":{\"@id\":\"https:\/\/www.aspadex.org\/gl\/#website\"},\"datePublished\":\"2023-04-26T08:35:49+00:00\",\"dateModified\":\"2025-05-19T15:17:52+00:00\",\"breadcrumb\":{\"@id\":\"https:\/\/www.aspadex.org\/gl\/aviso-legal\/#breadcrumb\"},\"inLanguage\":\"gl-ES\",\"potentialAction\":[{\"@type\":\"ReadAction\",\"target\":[\"https:\/\/www.aspadex.org\/gl\/aviso-legal\/\"]}]},{\"@type\":\"BreadcrumbList\",\"@id\":\"https:\/\/www.aspadex.org\/gl\/aviso-legal\/#breadcrumb\",\"itemListElement\":[{\"@type\":\"ListItem\",\"position\":1,\"name\":\"Portada\",\"item\":\"https:\/\/www.aspadex.org\/gl\/inicio\/\"},{\"@type\":\"ListItem\",\"position\":2,\"name\":\"Aviso legal y t\u00e9rminos y condiciones de uso del sitio web\"}]},{\"@type\":\"WebSite\",\"@id\":\"https:\/\/www.aspadex.org\/gl\/#website\",\"url\":\"https:\/\/www.aspadex.org\/gl\/\",\"name\":\"ASPADEX\",\"description\":\"Asociaci\u00f3n de padres de personas con discapacidad intelectual\",\"publisher\":{\"@id\":\"https:\/\/www.aspadex.org\/gl\/#organization\"},\"potentialAction\":[{\"@type\":\"SearchAction\",\"target\":{\"@type\":\"EntryPoint\",\"urlTemplate\":\"https:\/\/www.aspadex.org\/gl\/?s={search_term_string}\"},\"query-input\":\"required name=search_term_string\"}],\"inLanguage\":\"gl-ES\"},{\"@type\":\"Organization\",\"@id\":\"https:\/\/www.aspadex.org\/gl\/#organization\",\"name\":\"ASPADEX\",\"alternateName\":\"Asociaci\u00f3n de padres de personas con discapacidad intelectual\",\"url\":\"https:\/\/www.aspadex.org\/gl\/\",\"logo\":{\"@type\":\"ImageObject\",\"inLanguage\":\"gl-ES\",\"@id\":\"https:\/\/www.aspadex.org\/gl\/#\/schema\/logo\/image\/\",\"url\":\"https:\/\/www.aspadex.org\/wp-content\/uploads\/2023\/04\/logotipo-aspadex-cuadrado-01-01.svg\",\"contentUrl\":\"https:\/\/www.aspadex.org\/wp-content\/uploads\/2023\/04\/logotipo-aspadex-cuadrado-01-01.svg\",\"width\":247,\"height\":235,\"caption\":\"ASPADEX\"},\"image\":{\"@id\":\"https:\/\/www.aspadex.org\/gl\/#\/schema\/logo\/image\/\"}}]}<\/script>\n<!-- \/ Yoast SEO plugin. -->","yoast_head_json":{"title":"Aviso legal y t\u00e9rminos y condiciones de uso del sitio web &bull; ASPADEX","robots":{"index":"index","follow":"follow","max-snippet":"max-snippet:-1","max-image-preview":"max-image-preview:large","max-video-preview":"max-video-preview:-1"},"canonical":"https:\/\/www.aspadex.org\/gl\/aviso-legal\/","og_locale":"gl_ES","og_type":"article","og_title":"Aviso legal y t\u00e9rminos y condiciones de uso del sitio web &bull; ASPADEX","og_description":"Con la finalidad de dar cumplimiento al art\u00edculo 10 de la Ley 34\/2002 de Servicios de la Sociedad de la Informaci\u00f3n y Comercio Electr\u00f3nico, informamos al usuario de nuestros datos: &nbsp; Datos identificativos &nbsp; Denominaci\u00f3n Social ASOCIACI\u00d3N DE PADRES DE PERSONAS CON DISCAPACIDAD INTELECTUAL DE LA COMARCA DEL XALLAS NIF ESG15063092 Domicilio Social LUGAR VILAR [&hellip;]","og_url":"https:\/\/www.aspadex.org\/gl\/aviso-legal\/","og_site_name":"ASPADEX","article_modified_time":"2025-05-19T15:17:52+00:00","twitter_card":"summary_large_image","twitter_misc":{"Tempo de lectura":"11 minutos"},"schema":{"@context":"https:\/\/schema.org","@graph":[{"@type":"WebPage","@id":"https:\/\/www.aspadex.org\/gl\/aviso-legal\/","url":"https:\/\/www.aspadex.org\/gl\/aviso-legal\/","name":"Aviso legal y t\u00e9rminos y condiciones de uso del sitio web &bull; ASPADEX","isPartOf":{"@id":"https:\/\/www.aspadex.org\/gl\/#website"},"datePublished":"2023-04-26T08:35:49+00:00","dateModified":"2025-05-19T15:17:52+00:00","breadcrumb":{"@id":"https:\/\/www.aspadex.org\/gl\/aviso-legal\/#breadcrumb"},"inLanguage":"gl-ES","potentialAction":[{"@type":"ReadAction","target":["https:\/\/www.aspadex.org\/gl\/aviso-legal\/"]}]},{"@type":"BreadcrumbList","@id":"https:\/\/www.aspadex.org\/gl\/aviso-legal\/#breadcrumb","itemListElement":[{"@type":"ListItem","position":1,"name":"Portada","item":"https:\/\/www.aspadex.org\/gl\/inicio\/"},{"@type":"ListItem","position":2,"name":"Aviso legal y t\u00e9rminos y condiciones de uso del sitio web"}]},{"@type":"WebSite","@id":"https:\/\/www.aspadex.org\/gl\/#website","url":"https:\/\/www.aspadex.org\/gl\/","name":"ASPADEX","description":"Asociaci\u00f3n de padres de personas con discapacidad intelectual","publisher":{"@id":"https:\/\/www.aspadex.org\/gl\/#organization"},"potentialAction":[{"@type":"SearchAction","target":{"@type":"EntryPoint","urlTemplate":"https:\/\/www.aspadex.org\/gl\/?s={search_term_string}"},"query-input":"required name=search_term_string"}],"inLanguage":"gl-ES"},{"@type":"Organization","@id":"https:\/\/www.aspadex.org\/gl\/#organization","name":"ASPADEX","alternateName":"Asociaci\u00f3n de padres de personas con discapacidad intelectual","url":"https:\/\/www.aspadex.org\/gl\/","logo":{"@type":"ImageObject","inLanguage":"gl-ES","@id":"https:\/\/www.aspadex.org\/gl\/#\/schema\/logo\/image\/","url":"https:\/\/www.aspadex.org\/wp-content\/uploads\/2023\/04\/logotipo-aspadex-cuadrado-01-01.svg","contentUrl":"https:\/\/www.aspadex.org\/wp-content\/uploads\/2023\/04\/logotipo-aspadex-cuadrado-01-01.svg","width":247,"height":235,"caption":"ASPADEX"},"image":{"@id":"https:\/\/www.aspadex.org\/gl\/#\/schema\/logo\/image\/"}}]}},"jetpack_sharing_enabled":true,"_links":{"self":[{"href":"https:\/\/www.aspadex.org\/gl\/wp-json\/wp\/v2\/pages\/407174","targetHints":{"allow":["GET"]}}],"collection":[{"href":"https:\/\/www.aspadex.org\/gl\/wp-json\/wp\/v2\/pages"}],"about":[{"href":"https:\/\/www.aspadex.org\/gl\/wp-json\/wp\/v2\/types\/page"}],"author":[{"embeddable":true,"href":"https:\/\/www.aspadex.org\/gl\/wp-json\/wp\/v2\/users\/1"}],"replies":[{"embeddable":true,"href":"https:\/\/www.aspadex.org\/gl\/wp-json\/wp\/v2\/comments?post=407174"}],"version-history":[{"count":3,"href":"https:\/\/www.aspadex.org\/gl\/wp-json\/wp\/v2\/pages\/407174\/revisions"}],"predecessor-version":[{"id":407451,"href":"https:\/\/www.aspadex.org\/gl\/wp-json\/wp\/v2\/pages\/407174\/revisions\/407451"}],"wp:attachment":[{"href":"https:\/\/www.aspadex.org\/gl\/wp-json\/wp\/v2\/media?parent=407174"}],"curies":[{"name":"wp","href":"https:\/\/api.w.org\/{rel}","templated":true}]}}