{"id":407180,"date":"2023-04-26T10:30:52","date_gmt":"2023-04-26T08:30:52","guid":{"rendered":"https:\/\/www.aspadex.org\/atencion-integral\/"},"modified":"2025-05-08T09:33:38","modified_gmt":"2025-05-08T07:33:38","slug":"atencion-integral","status":"publish","type":"page","link":"https:\/\/www.aspadex.org\/gl\/atencion-integral\/","title":{"rendered":"Atenci\u00f3n integral"},"content":{"rendered":"<p>[et_pb_section fb_built=&#8221;1&#8243; _builder_version=&#8221;4.20.4&#8243; _module_preset=&#8221;default&#8221; background_image=&#8221;https:\/\/www.aspadex.org\/wp-content\/uploads\/2023\/04\/fondo-simbolos-01.png&#8221; background_size=&#8221;initial&#8221; background_repeat=&#8221;repeat&#8221; custom_margin=&#8221;0px||110px||false|false&#8221; custom_margin_tablet=&#8221;||70px||false|false&#8221; custom_margin_phone=&#8221;||60px||false|false&#8221; custom_margin_last_edited=&#8221;on|desktop&#8221; custom_padding=&#8221;0px||0px||false|false&#8221; global_module=&#8221;354&#8243; saved_tabs=&#8221;all&#8221; global_colors_info=&#8221;{}&#8221;][et_pb_row custom_padding_last_edited=&#8221;on|phone&#8221; _builder_version=&#8221;4.20.4&#8243; _module_preset=&#8221;default&#8221; custom_margin=&#8221;0px||0px||false|false&#8221; custom_padding=&#8221;5vw||5vw||true|false&#8221; custom_padding_tablet=&#8221;50px||50px||true|false&#8221; custom_padding_phone=&#8221;&#8221; global_colors_info=&#8221;{}&#8221;][et_pb_column type=&#8221;4_4&#8243; _builder_version=&#8221;4.20.4&#8243; _module_preset=&#8221;default&#8221; global_colors_info=&#8221;{}&#8221;][et_pb_post_title meta=&#8221;off&#8221; featured_image=&#8221;off&#8221; _builder_version=&#8221;4.20.4&#8243; _module_preset=&#8221;default&#8221; text_orientation=&#8221;center&#8221; custom_margin=&#8221;0px||1px||false|false&#8221; custom_padding=&#8221;0px||0px||false|false&#8221; global_colors_info=&#8221;{}&#8221;][\/et_pb_post_title][et_pb_text module_class=&#8221;migas&#8221; _builder_version=&#8221;4.20.4&#8243; _module_preset=&#8221;default&#8221; text_font=&#8221;|600|||||||&#8221; text_text_color=&#8221;#455A64&#8243; link_font=&#8221;|600||on|||||&#8221; link_text_color=&#8221;#455A64&#8243; link_font_size=&#8221;0.9rem&#8221; text_orientation=&#8221;center&#8221; custom_margin=&#8221;0px||0px||false|false&#8221; custom_padding=&#8221;0px||0px||false|false&#8221; global_colors_info=&#8221;{}&#8221;]<\/p>\n<span><span><a href=\"https:\/\/www.aspadex.org\/gl\/inicio\/\">Portada<\/a><\/span><\/span>\n<p>[\/et_pb_text][\/et_pb_column][\/et_pb_row][\/et_pb_section][et_pb_section fb_built=&#8221;1&#8243; _builder_version=&#8221;4.20.4&#8243; _module_preset=&#8221;default&#8221; custom_margin=&#8221;0px||110px||false|false&#8221; custom_margin_tablet=&#8221;||70px||false|false&#8221; custom_margin_phone=&#8221;||60px||false|false&#8221; custom_margin_last_edited=&#8221;on|desktop&#8221; custom_padding=&#8221;0px||0px||false|false&#8221; saved_tabs=&#8221;all&#8221; global_colors_info=&#8221;{}&#8221;][et_pb_row _builder_version=&#8221;4.20.4&#8243; _module_preset=&#8221;default&#8221; custom_margin=&#8221;0px||0px||false|false&#8221; custom_padding=&#8221;0px||0px||false|false&#8221; global_colors_info=&#8221;{}&#8221;][et_pb_column type=&#8221;4_4&#8243; _builder_version=&#8221;4.20.4&#8243; _module_preset=&#8221;default&#8221; global_colors_info=&#8221;{}&#8221;][et_pb_text module_class=&#8221;bloque-titulo&#8221; _builder_version=&#8221;4.20.4&#8243; _module_preset=&#8221;default&#8221; header_2_text_color=&#8221;#455A64&#8243; text_orientation=&#8221;center&#8221; custom_margin=&#8221;0px||20px||false|false&#8221; custom_padding=&#8221;0px||0px||false|false&#8221; global_colors_info=&#8221;{}&#8221;]<\/p>\n<h2><strong>Talleres <\/strong>ocupacionales<\/h2>\n<p>[\/et_pb_text][et_pb_text _builder_version=&#8221;4.20.4&#8243; _module_preset=&#8221;default&#8221; text_font=&#8221;|700|||||||&#8221; text_text_color=&#8221;#455A64&#8243; text_font_size=&#8221;1.2rem&#8221; text_orientation=&#8221;center&#8221; max_width=&#8221;980px&#8221; module_alignment=&#8221;center&#8221; custom_margin=&#8221;0px||15px||false|false&#8221; custom_padding=&#8221;0px||0px||false|false&#8221; global_colors_info=&#8221;{}&#8221;]<\/p>\n<p>El Centro de atenci\u00f3n diurna (Centro de D\u00eda y Ocupacional) cuenta con siete espacios f\u00edsicos dedicados a talleres en los que se elaboran productos para la venta en la tienda f\u00edsica y online.<\/p>\n<p>[\/et_pb_text][et_pb_text _builder_version=&#8221;4.20.4&#8243; _module_preset=&#8221;default&#8221; text_font_size=&#8221;1rem&#8221; text_orientation=&#8221;center&#8221; max_width=&#8221;980px&#8221; module_alignment=&#8221;center&#8221; global_colors_info=&#8221;{}&#8221;]<\/p>\n<p>Cuenta tambi\u00e9n con talleres orientados al sector servicios y que funcionan como talleres prelaborales, orientados a la formaci\u00f3n para el empleo. Se trabaja con m\u00faltiples materiales, empleando diversas t\u00e9cnicas y sobre todo potenciando la creatividad, importante como medio de expresi\u00f3n, de desempe\u00f1o de capacidades cognitivas y de motivaci\u00f3n. Se dota de funcionalidad a todo el trabajo realizado, diversific\u00e1ndolo para que se realicen tareas muy diversas.<\/p>\n<p>[\/et_pb_text][\/et_pb_column][\/et_pb_row][\/et_pb_section][et_pb_section fb_built=&#8221;1&#8243; admin_label=&#8221;encuadernaci\u00f3n&#8221; _builder_version=&#8221;4.20.4&#8243; _module_preset=&#8221;default&#8221; custom_margin=&#8221;0px||80px||false|false&#8221; custom_margin_tablet=&#8221;||70px||false|false&#8221; custom_margin_phone=&#8221;||60px||false|false&#8221; custom_margin_last_edited=&#8221;on|desktop&#8221; custom_padding=&#8221;0px||0px||false|false&#8221; saved_tabs=&#8221;all&#8221; global_colors_info=&#8221;{}&#8221;][et_pb_row column_structure=&#8221;1_2,1_2&#8243; make_equal=&#8221;on&#8221; _builder_version=&#8221;4.20.4&#8243; _module_preset=&#8221;default&#8221; max_width=&#8221;1280px&#8221; custom_margin=&#8221;0px||0px||false|false&#8221; custom_padding=&#8221;0px||0px||false|false&#8221; custom_css_main_element=&#8221;align-items:center;&#8221; global_colors_info=&#8221;{}&#8221;][et_pb_column type=&#8221;1_2&#8243; _builder_version=&#8221;4.20.4&#8243; _module_preset=&#8221;default&#8221; background_image=&#8221;https:\/\/www.aspadex.org\/wp-content\/uploads\/2023\/05\/fondo-circulos-aspadex.svg&#8221; background_size=&#8221;contain&#8221; custom_padding=&#8221;3vw|5vw|3vw|5vw|true|true&#8221; global_colors_info=&#8221;{}&#8221;][et_pb_image src=&#8221;https:\/\/www.aspadex.org\/wp-content\/uploads\/2023\/06\/taller-ocupacional-aspadex-12.jpg&#8221; alt=&#8221;TALLERES OCUPACIONALES&#8221; title_text=&#8221;TALLERES OCUPACIONALES&#8221; align=&#8221;center&#8221; _builder_version=&#8221;4.20.4&#8243; _module_preset=&#8221;default&#8221; max_width_tablet=&#8221;400px&#8221; max_width_phone=&#8221;400px&#8221; max_width_last_edited=&#8221;on|phone&#8221; hover_enabled=&#8221;0&#8243; border_radii=&#8221;on|100%|100%|100%|100%&#8221; global_colors_info=&#8221;{}&#8221; sticky_enabled=&#8221;0&#8243;][\/et_pb_image][\/et_pb_column][et_pb_column type=&#8221;1_2&#8243; _builder_version=&#8221;4.20.4&#8243; _module_preset=&#8221;default&#8221; global_colors_info=&#8221;{}&#8221;][et_pb_text _builder_version=&#8221;4.20.4&#8243; _module_preset=&#8221;default&#8221; text_orientation_tablet=&#8221;center&#8221; text_orientation_phone=&#8221;center&#8221; text_orientation_last_edited=&#8221;on|tablet&#8221; global_colors_info=&#8221;{}&#8221;]<\/p>\n<h3><strong>Encuadernaci\u00f3n<\/strong><\/h3>\n<p>En este taller ocupacional las personas usuarias elaboran mediante t\u00e9cnicas artesanales libretas con dise\u00f1os propios, \u00e1lbumes de fotos, libretas de Wiron, etc para la venta en nuestras tiendas. Tambi\u00e9n se encuadernan trabajos para diferentes ayuntamientos de la zona. Todos estos trabajos est\u00e1n cosidos a mano en r\u00fastico, y se personalizan con t\u00e9cnica de termo-impresi\u00f3n, empleando pel\u00edculas de diferentes colores en funci\u00f3n de lo que se requiera.<\/p>\n<p>[\/et_pb_text][\/et_pb_column][\/et_pb_row][\/et_pb_section][et_pb_section fb_built=&#8221;1&#8243; admin_label=&#8221;Cuero-bisuter\u00eda&#8221; _builder_version=&#8221;4.20.4&#8243; _module_preset=&#8221;default&#8221; custom_margin=&#8221;0px||80px||false|false&#8221; custom_margin_tablet=&#8221;||70px||false|false&#8221; custom_margin_phone=&#8221;||60px||false|false&#8221; custom_margin_last_edited=&#8221;on|desktop&#8221; custom_padding=&#8221;0px||0px||false|false&#8221; saved_tabs=&#8221;all&#8221; global_colors_info=&#8221;{}&#8221;][et_pb_row column_structure=&#8221;1_2,1_2&#8243; make_equal=&#8221;on&#8221; module_class=&#8221;reverse&#8221; _builder_version=&#8221;4.20.4&#8243; _module_preset=&#8221;default&#8221; max_width=&#8221;1280px&#8221; custom_margin=&#8221;0px||0px||false|false&#8221; custom_padding=&#8221;0px||0px||false|false&#8221; custom_css_main_element=&#8221;align-items:center;&#8221; global_colors_info=&#8221;{}&#8221;][et_pb_column type=&#8221;1_2&#8243; _builder_version=&#8221;4.20.4&#8243; _module_preset=&#8221;default&#8221; global_colors_info=&#8221;{}&#8221;][et_pb_text _builder_version=&#8221;4.20.4&#8243; _module_preset=&#8221;default&#8221; text_orientation_tablet=&#8221;center&#8221; text_orientation_phone=&#8221;center&#8221; text_orientation_last_edited=&#8221;on|tablet&#8221; global_colors_info=&#8221;{}&#8221;]<\/p>\n<h3><strong>Cuero-bisuter\u00eda<\/strong><\/h3>\n<p>Se elaboran pulseras, anillos, pendientes, colgantes y llaveros mediante el montaje de piezas de zamak con ba\u00f1o de plata, cristal y cer\u00e1mica engarzadas en cuero. Mediante el cosido artesanal del cuero se confeccionan bolsos, cinturones, bolsas de judas, carteras, monederos\u2026 para la tienda f\u00edsica, tienda online y diferentes stands distribuidos en la comarca.<\/p>\n<p>[\/et_pb_text][\/et_pb_column][et_pb_column type=&#8221;1_2&#8243; _builder_version=&#8221;4.20.4&#8243; _module_preset=&#8221;default&#8221; background_image=&#8221;https:\/\/www.aspadex.org\/wp-content\/uploads\/2023\/05\/fondo-circulos-aspadex.svg&#8221; background_size=&#8221;contain&#8221; custom_padding=&#8221;3vw|5vw|3vw|5vw|true|true&#8221; global_colors_info=&#8221;{}&#8221;][et_pb_image src=&#8221;https:\/\/www.aspadex.org\/wp-content\/uploads\/2023\/06\/taller-ocupacional-aspadex-11.jpg&#8221; alt=&#8221;TALLERES OCUPACIONALES&#8221; title_text=&#8221;TALLERES OCUPACIONALES&#8221; align=&#8221;center&#8221; _builder_version=&#8221;4.20.4&#8243; _module_preset=&#8221;default&#8221; max_width_tablet=&#8221;400px&#8221; max_width_phone=&#8221;400px&#8221; max_width_last_edited=&#8221;on|phone&#8221; hover_enabled=&#8221;0&#8243; border_radii=&#8221;on|100%|100%|100%|100%&#8221; global_colors_info=&#8221;{}&#8221; sticky_enabled=&#8221;0&#8243;][\/et_pb_image][\/et_pb_column][\/et_pb_row][\/et_pb_section][et_pb_section fb_built=&#8221;1&#8243; admin_label=&#8221;Enmarcaci\u00f3n&#8221; _builder_version=&#8221;4.20.4&#8243; _module_preset=&#8221;default&#8221; custom_margin=&#8221;0px||80px||false|false&#8221; custom_margin_tablet=&#8221;||70px||false|false&#8221; custom_margin_phone=&#8221;||60px||false|false&#8221; custom_margin_last_edited=&#8221;on|desktop&#8221; custom_padding=&#8221;0px||0px||false|false&#8221; saved_tabs=&#8221;all&#8221; global_colors_info=&#8221;{}&#8221;][et_pb_row column_structure=&#8221;1_2,1_2&#8243; make_equal=&#8221;on&#8221; _builder_version=&#8221;4.20.4&#8243; _module_preset=&#8221;default&#8221; max_width=&#8221;1280px&#8221; custom_margin=&#8221;0px||0px||false|false&#8221; custom_padding=&#8221;0px||0px||false|false&#8221; custom_css_main_element=&#8221;align-items:center;&#8221; global_colors_info=&#8221;{}&#8221;][et_pb_column type=&#8221;1_2&#8243; _builder_version=&#8221;4.20.4&#8243; _module_preset=&#8221;default&#8221; background_image=&#8221;https:\/\/www.aspadex.org\/wp-content\/uploads\/2023\/05\/fondo-circulos-aspadex.svg&#8221; background_size=&#8221;contain&#8221; custom_padding=&#8221;3vw|5vw|3vw|5vw|true|true&#8221; global_colors_info=&#8221;{}&#8221;][et_pb_image src=&#8221;https:\/\/www.aspadex.org\/wp-content\/uploads\/2023\/06\/taller-ocupacional-aspadex-10.jpg&#8221; alt=&#8221;TALLERES OCUPACIONALES&#8221; title_text=&#8221;TALLERES OCUPACIONALES&#8221; align=&#8221;center&#8221; _builder_version=&#8221;4.20.4&#8243; _module_preset=&#8221;default&#8221; max_width_tablet=&#8221;400px&#8221; max_width_phone=&#8221;400px&#8221; max_width_last_edited=&#8221;on|phone&#8221; hover_enabled=&#8221;0&#8243; border_radii=&#8221;on|100%|100%|100%|100%&#8221; global_colors_info=&#8221;{}&#8221; sticky_enabled=&#8221;0&#8243;][\/et_pb_image][\/et_pb_column][et_pb_column type=&#8221;1_2&#8243; _builder_version=&#8221;4.20.4&#8243; _module_preset=&#8221;default&#8221; global_colors_info=&#8221;{}&#8221;][et_pb_text _builder_version=&#8221;4.20.4&#8243; _module_preset=&#8221;default&#8221; text_orientation_tablet=&#8221;center&#8221; text_orientation_phone=&#8221;center&#8221; text_orientation_last_edited=&#8221;on|tablet&#8221; global_colors_info=&#8221;{}&#8221;]<\/p>\n<h3><strong>Enmarcaci\u00f3n<\/strong><\/h3>\n<p>Se montan cuadros con molduras para cubrir encargos de la tienda f\u00edsica, para l\u00e1minas, \u00f3les, fotograf\u00edas, etc. Como actividad puntual se elaboran puzles de distinta complejidad para lso usuarios de nuestros talleres y del SAT. Al ser espec\u00edficos y adaptados a la edad y necesidades de los usuarios, a trav\u00e9s de ellos se trabaja la percepci\u00f3n, memoria, atenci\u00f3n, psicomotricidad, lenguaje\u2026<\/p>\n<p>[\/et_pb_text][\/et_pb_column][\/et_pb_row][\/et_pb_section][et_pb_section fb_built=&#8221;1&#8243; admin_label=&#8221;Bolsas de papel&#8221; _builder_version=&#8221;4.20.4&#8243; _module_preset=&#8221;default&#8221; custom_margin=&#8221;0px||80px||false|false&#8221; custom_margin_tablet=&#8221;||70px||false|false&#8221; custom_margin_phone=&#8221;||60px||false|false&#8221; custom_margin_last_edited=&#8221;on|desktop&#8221; custom_padding=&#8221;0px||0px||false|false&#8221; saved_tabs=&#8221;all&#8221; global_colors_info=&#8221;{}&#8221;][et_pb_row column_structure=&#8221;1_2,1_2&#8243; make_equal=&#8221;on&#8221; module_class=&#8221;reverse&#8221; _builder_version=&#8221;4.20.4&#8243; _module_preset=&#8221;default&#8221; max_width=&#8221;1280px&#8221; custom_margin=&#8221;0px||0px||false|false&#8221; custom_padding=&#8221;0px||0px||false|false&#8221; custom_css_main_element=&#8221;align-items:center;&#8221; global_colors_info=&#8221;{}&#8221;][et_pb_column type=&#8221;1_2&#8243; _builder_version=&#8221;4.20.4&#8243; _module_preset=&#8221;default&#8221; global_colors_info=&#8221;{}&#8221;][et_pb_text _builder_version=&#8221;4.20.4&#8243; _module_preset=&#8221;default&#8221; text_orientation_tablet=&#8221;center&#8221; text_orientation_phone=&#8221;center&#8221; text_orientation_last_edited=&#8221;on|tablet&#8221; global_colors_info=&#8221;{}&#8221;]<\/p>\n<h3><strong>Bolsas de papel<\/strong><\/h3>\n<p>Confeccionamos bolsas de papel usando papel de peri\u00f3dico y otro tipo de materiales reciclados. Es un taller creativo. Dependiendo de la demanda, colaboran tambi\u00e9n personas de otros talleres ocupionales. El producto final tiene mucha aceptaci\u00f3n y se puede personalizar en funci\u00f3n de los gustos y necesidades de los clientes ( Deputaci\u00f3n da Coru\u00f1a, tienda Makanui de Zaragoza y diversos establecimientos de la zona.<\/p>\n<p>[\/et_pb_text][\/et_pb_column][et_pb_column type=&#8221;1_2&#8243; _builder_version=&#8221;4.20.4&#8243; _module_preset=&#8221;default&#8221; background_image=&#8221;https:\/\/www.aspadex.org\/wp-content\/uploads\/2023\/05\/fondo-circulos-aspadex.svg&#8221; background_size=&#8221;contain&#8221; custom_padding=&#8221;3vw|5vw|3vw|5vw|true|true&#8221; global_colors_info=&#8221;{}&#8221;][et_pb_image src=&#8221;https:\/\/www.aspadex.org\/wp-content\/uploads\/2023\/06\/taller-ocupacional-aspadex-08.jpg&#8221; alt=&#8221;TALLERES OCUPACIONALES&#8221; title_text=&#8221;TALLERES OCUPACIONALES&#8221; align=&#8221;center&#8221; _builder_version=&#8221;4.20.4&#8243; _module_preset=&#8221;default&#8221; max_width_tablet=&#8221;400px&#8221; max_width_phone=&#8221;400px&#8221; max_width_last_edited=&#8221;on|phone&#8221; hover_enabled=&#8221;0&#8243; border_radii=&#8221;on|100%|100%|100%|100%&#8221; global_colors_info=&#8221;{}&#8221; sticky_enabled=&#8221;0&#8243;][\/et_pb_image][\/et_pb_column][\/et_pb_row][\/et_pb_section][et_pb_section fb_built=&#8221;1&#8243; admin_label=&#8221;Lavander\u00eda&#8221; _builder_version=&#8221;4.20.4&#8243; _module_preset=&#8221;default&#8221; custom_margin=&#8221;0px||80px||false|false&#8221; custom_margin_tablet=&#8221;||70px||false|false&#8221; custom_margin_phone=&#8221;||60px||false|false&#8221; custom_margin_last_edited=&#8221;on|desktop&#8221; custom_padding=&#8221;0px||0px||false|false&#8221; saved_tabs=&#8221;all&#8221; global_colors_info=&#8221;{}&#8221;][et_pb_row column_structure=&#8221;1_2,1_2&#8243; make_equal=&#8221;on&#8221; _builder_version=&#8221;4.20.4&#8243; _module_preset=&#8221;default&#8221; max_width=&#8221;1280px&#8221; custom_margin=&#8221;0px||0px||false|false&#8221; custom_padding=&#8221;0px||0px||false|false&#8221; custom_css_main_element=&#8221;align-items:center;&#8221; global_colors_info=&#8221;{}&#8221;][et_pb_column type=&#8221;1_2&#8243; _builder_version=&#8221;4.20.4&#8243; _module_preset=&#8221;default&#8221; background_image=&#8221;https:\/\/www.aspadex.org\/wp-content\/uploads\/2023\/05\/fondo-circulos-aspadex.svg&#8221; background_size=&#8221;contain&#8221; custom_padding=&#8221;3vw|5vw|3vw|5vw|true|true&#8221; global_colors_info=&#8221;{}&#8221;][et_pb_image src=&#8221;https:\/\/www.aspadex.org\/wp-content\/uploads\/2023\/06\/taller-ocupacional-aspadex-09.jpg&#8221; alt=&#8221;TALLERES OCUPACIONALES&#8221; title_text=&#8221;TALLERES OCUPACIONALES&#8221; align=&#8221;center&#8221; _builder_version=&#8221;4.20.4&#8243; _module_preset=&#8221;default&#8221; max_width_tablet=&#8221;400px&#8221; max_width_phone=&#8221;400px&#8221; max_width_last_edited=&#8221;on|phone&#8221; hover_enabled=&#8221;0&#8243; border_radii=&#8221;on|100%|100%|100%|100%&#8221; global_colors_info=&#8221;{}&#8221; sticky_enabled=&#8221;0&#8243;][\/et_pb_image][\/et_pb_column][et_pb_column type=&#8221;1_2&#8243; _builder_version=&#8221;4.20.4&#8243; _module_preset=&#8221;default&#8221; global_colors_info=&#8221;{}&#8221;][et_pb_text _builder_version=&#8221;4.20.4&#8243; _module_preset=&#8221;default&#8221; text_orientation_tablet=&#8221;center&#8221; text_orientation_phone=&#8221;center&#8221; text_orientation_last_edited=&#8221;on|tablet&#8221; global_colors_info=&#8221;{}&#8221;]<\/p>\n<h3><strong>Lavander\u00eda<\/strong><\/h3>\n<p>Es un taller que se ocupa del servicio de lavanderia del Centro y de la Residencia. En el se trabajan y adquieren habilidades y destrezas propias de este servicio: lavado industrial, planchado, marcaje de prendas, doblado, clasificaci\u00f3n, uso de diferentes productos de lavado\u2026<\/p>\n<p>[\/et_pb_text][\/et_pb_column][\/et_pb_row][\/et_pb_section][et_pb_section fb_built=&#8221;1&#8243; admin_label=&#8221;Horticultura &#8221; _builder_version=&#8221;4.20.4&#8243; _module_preset=&#8221;default&#8221; custom_margin=&#8221;0px||80px||false|false&#8221; custom_margin_tablet=&#8221;||70px||false|false&#8221; custom_margin_phone=&#8221;||60px||false|false&#8221; custom_margin_last_edited=&#8221;on|desktop&#8221; custom_padding=&#8221;0px||0px||false|false&#8221; saved_tabs=&#8221;all&#8221; global_colors_info=&#8221;{}&#8221;][et_pb_row column_structure=&#8221;1_2,1_2&#8243; make_equal=&#8221;on&#8221; module_class=&#8221;reverse&#8221; _builder_version=&#8221;4.20.4&#8243; _module_preset=&#8221;default&#8221; max_width=&#8221;1280px&#8221; custom_margin=&#8221;0px||0px||false|false&#8221; custom_padding=&#8221;0px||0px||false|false&#8221; custom_css_main_element=&#8221;align-items:center;&#8221; global_colors_info=&#8221;{}&#8221;][et_pb_column type=&#8221;1_2&#8243; _builder_version=&#8221;4.20.4&#8243; _module_preset=&#8221;default&#8221; global_colors_info=&#8221;{}&#8221;][et_pb_text _builder_version=&#8221;4.20.4&#8243; _module_preset=&#8221;default&#8221; text_orientation_tablet=&#8221;center&#8221; text_orientation_phone=&#8221;center&#8221; text_orientation_last_edited=&#8221;on|tablet&#8221; global_colors_info=&#8221;{}&#8221;]<\/p>\n<h3><strong>Horticultura ecol\u00f3gica y jardiner\u00eda <\/strong><\/h3>\n<p> A trav\u00e9s de nuestros invernaderos y jardines, las personas que participan en este taller ocupacional, se forman en plantaci\u00f3n, cuidados agr\u00edcolas, as\u00ed como en el mantenimiento de nuestros jardines.<\/p>\n<p>[\/et_pb_text][\/et_pb_column][et_pb_column type=&#8221;1_2&#8243; _builder_version=&#8221;4.20.4&#8243; _module_preset=&#8221;default&#8221; background_image=&#8221;https:\/\/www.aspadex.org\/wp-content\/uploads\/2023\/05\/fondo-circulos-aspadex.svg&#8221; background_size=&#8221;contain&#8221; custom_padding=&#8221;3vw|5vw|3vw|5vw|true|true&#8221; global_colors_info=&#8221;{}&#8221;][et_pb_image src=&#8221;https:\/\/www.aspadex.org\/wp-content\/uploads\/2023\/06\/taller-ocupacional-aspadex-07.jpg&#8221; alt=&#8221;TALLERES OCUPACIONALES&#8221; title_text=&#8221;TALLERES OCUPACIONALES&#8221; align=&#8221;center&#8221; _builder_version=&#8221;4.20.4&#8243; _module_preset=&#8221;default&#8221; max_width_tablet=&#8221;400px&#8221; max_width_phone=&#8221;400px&#8221; max_width_last_edited=&#8221;on|phone&#8221; hover_enabled=&#8221;0&#8243; border_radii=&#8221;on|100%|100%|100%|100%&#8221; global_colors_info=&#8221;{}&#8221; sticky_enabled=&#8221;0&#8243;][\/et_pb_image][\/et_pb_column][\/et_pb_row][\/et_pb_section][et_pb_section fb_built=&#8221;1&#8243; admin_label=&#8221;Cocina &#8221; _builder_version=&#8221;4.20.4&#8243; _module_preset=&#8221;default&#8221; custom_margin=&#8221;0px||80px||false|false&#8221; custom_margin_tablet=&#8221;||70px||false|false&#8221; custom_margin_phone=&#8221;||60px||false|false&#8221; custom_margin_last_edited=&#8221;on|desktop&#8221; custom_padding=&#8221;0px||0px||false|false&#8221; saved_tabs=&#8221;all&#8221; global_colors_info=&#8221;{}&#8221;][et_pb_row column_structure=&#8221;1_2,1_2&#8243; make_equal=&#8221;on&#8221; _builder_version=&#8221;4.20.4&#8243; _module_preset=&#8221;default&#8221; max_width=&#8221;1280px&#8221; custom_margin=&#8221;0px||0px||false|false&#8221; custom_padding=&#8221;0px||0px||false|false&#8221; custom_css_main_element=&#8221;align-items:center;&#8221; global_colors_info=&#8221;{}&#8221;][et_pb_column type=&#8221;1_2&#8243; _builder_version=&#8221;4.20.4&#8243; _module_preset=&#8221;default&#8221; background_image=&#8221;https:\/\/www.aspadex.org\/wp-content\/uploads\/2023\/05\/fondo-circulos-aspadex.svg&#8221; background_size=&#8221;contain&#8221; custom_padding=&#8221;3vw|5vw|3vw|5vw|true|true&#8221; global_colors_info=&#8221;{}&#8221;][et_pb_image src=&#8221;https:\/\/www.aspadex.org\/wp-content\/uploads\/2023\/06\/taller-ocupacional-aspadex-06.jpg&#8221; alt=&#8221;TALLERES OCUPACIONALES&#8221; title_text=&#8221;TALLERES OCUPACIONALES&#8221; align=&#8221;center&#8221; _builder_version=&#8221;4.20.4&#8243; _module_preset=&#8221;default&#8221; max_width_tablet=&#8221;400px&#8221; max_width_phone=&#8221;400px&#8221; max_width_last_edited=&#8221;on|phone&#8221; hover_enabled=&#8221;0&#8243; border_radii=&#8221;on|100%|100%|100%|100%&#8221; global_colors_info=&#8221;{}&#8221; sticky_enabled=&#8221;0&#8243;][\/et_pb_image][\/et_pb_column][et_pb_column type=&#8221;1_2&#8243; _builder_version=&#8221;4.20.4&#8243; _module_preset=&#8221;default&#8221; global_colors_info=&#8221;{}&#8221;][et_pb_text _builder_version=&#8221;4.20.4&#8243; _module_preset=&#8221;default&#8221; text_orientation_tablet=&#8221;center&#8221; text_orientation_phone=&#8221;center&#8221; text_orientation_last_edited=&#8221;on|tablet&#8221; global_colors_info=&#8221;{}&#8221;]<\/p>\n<h3><strong>Cocina y apoyo en el comedor<\/strong><\/h3>\n<p>Se presta servicio al Centro de atenci\u00f3n diurna  y residencia, y en el se forman tambi\u00e9n nuestros usuarios en las tareas propias de un pinche de cocina, as\u00ed como de la atenci\u00f3n al comedor (limpieza, menaje, poner y servir mesas, etc<\/p>\n<p>[\/et_pb_text][\/et_pb_column][\/et_pb_row][\/et_pb_section][et_pb_section fb_built=&#8221;1&#8243; admin_label=&#8221;Mantenimiento &#8221; _builder_version=&#8221;4.20.4&#8243; _module_preset=&#8221;default&#8221; custom_margin=&#8221;0px||80px||false|false&#8221; custom_margin_tablet=&#8221;||70px||false|false&#8221; custom_margin_phone=&#8221;||60px||false|false&#8221; custom_margin_last_edited=&#8221;on|desktop&#8221; custom_padding=&#8221;0px||0px||false|false&#8221; saved_tabs=&#8221;all&#8221; global_colors_info=&#8221;{}&#8221;][et_pb_row column_structure=&#8221;1_2,1_2&#8243; make_equal=&#8221;on&#8221; module_class=&#8221;reverse&#8221; _builder_version=&#8221;4.20.4&#8243; _module_preset=&#8221;default&#8221; max_width=&#8221;1280px&#8221; custom_margin=&#8221;0px||0px||false|false&#8221; custom_padding=&#8221;0px||0px||false|false&#8221; custom_css_main_element=&#8221;align-items:center;&#8221; global_colors_info=&#8221;{}&#8221;][et_pb_column type=&#8221;1_2&#8243; _builder_version=&#8221;4.20.4&#8243; _module_preset=&#8221;default&#8221; global_colors_info=&#8221;{}&#8221;][et_pb_text _builder_version=&#8221;4.20.4&#8243; _module_preset=&#8221;default&#8221; text_orientation_tablet=&#8221;center&#8221; text_orientation_phone=&#8221;center&#8221; text_orientation_last_edited=&#8221;on|tablet&#8221; global_colors_info=&#8221;{}&#8221;]<\/p>\n<h3><strong>Mantenimiento de instalaciones<\/strong><\/h3>\n<p>A trav\u00e9s de este servicio se desempe\u00f1an tareas ocupacionales relativas a tareas simples de mantenimiento, pintado de infraestructuras, soluci\u00f3n de peque\u00f1as aver\u00edas, peque\u00f1os trabajos de bricolaje. Esta ocupaci\u00f3n cumple con el criterio de funcionalidad de los aprendizajes adem\u00e1s de ser una actividad variable, lo que resulta m\u00e1s motivador.<\/p>\n<p>[\/et_pb_text][\/et_pb_column][et_pb_column type=&#8221;1_2&#8243; _builder_version=&#8221;4.20.4&#8243; _module_preset=&#8221;default&#8221; background_image=&#8221;https:\/\/www.aspadex.org\/wp-content\/uploads\/2023\/05\/fondo-circulos-aspadex.svg&#8221; background_size=&#8221;contain&#8221; custom_padding=&#8221;3vw|5vw|3vw|5vw|true|true&#8221; global_colors_info=&#8221;{}&#8221;][et_pb_image src=&#8221;https:\/\/www.aspadex.org\/wp-content\/uploads\/2023\/06\/taller-ocupacional-aspadex-01.jpg&#8221; alt=&#8221;TALLERES OCUPACIONALES&#8221; title_text=&#8221;TALLERES OCUPACIONALES&#8221; align=&#8221;center&#8221; _builder_version=&#8221;4.20.4&#8243; _module_preset=&#8221;default&#8221; max_width_tablet=&#8221;400px&#8221; max_width_phone=&#8221;400px&#8221; max_width_last_edited=&#8221;on|phone&#8221; hover_enabled=&#8221;0&#8243; border_radii=&#8221;on|100%|100%|100%|100%&#8221; global_colors_info=&#8221;{}&#8221; sticky_enabled=&#8221;0&#8243;][\/et_pb_image][\/et_pb_column][\/et_pb_row][\/et_pb_section][et_pb_section fb_built=&#8221;1&#8243; admin_label=&#8221;Administraci\u00f3n&#8221; _builder_version=&#8221;4.20.4&#8243; _module_preset=&#8221;default&#8221; custom_margin=&#8221;0px||80px||false|false&#8221; custom_margin_tablet=&#8221;||70px||false|false&#8221; custom_margin_phone=&#8221;||60px||false|false&#8221; custom_margin_last_edited=&#8221;on|desktop&#8221; custom_padding=&#8221;0px||0px||false|false&#8221; saved_tabs=&#8221;all&#8221; global_colors_info=&#8221;{}&#8221;][et_pb_row column_structure=&#8221;1_2,1_2&#8243; make_equal=&#8221;on&#8221; _builder_version=&#8221;4.20.4&#8243; _module_preset=&#8221;default&#8221; max_width=&#8221;1280px&#8221; custom_margin=&#8221;0px||0px||false|false&#8221; custom_padding=&#8221;0px||0px||false|false&#8221; custom_css_main_element=&#8221;align-items:center;&#8221; global_colors_info=&#8221;{}&#8221;][et_pb_column type=&#8221;1_2&#8243; _builder_version=&#8221;4.20.4&#8243; _module_preset=&#8221;default&#8221; background_image=&#8221;https:\/\/www.aspadex.org\/wp-content\/uploads\/2023\/05\/fondo-circulos-aspadex.svg&#8221; background_size=&#8221;contain&#8221; custom_padding=&#8221;3vw|5vw|3vw|5vw|true|true&#8221; global_colors_info=&#8221;{}&#8221;][et_pb_image src=&#8221;https:\/\/www.aspadex.org\/wp-content\/uploads\/2023\/06\/taller-ocupacional-aspadex-05.jpg&#8221; alt=&#8221;TALLERES OCUPACIONALES&#8221; title_text=&#8221;TALLERES OCUPACIONALES&#8221; align=&#8221;center&#8221; _builder_version=&#8221;4.20.4&#8243; _module_preset=&#8221;default&#8221; max_width_tablet=&#8221;400px&#8221; max_width_phone=&#8221;400px&#8221; max_width_last_edited=&#8221;on|phone&#8221; hover_enabled=&#8221;0&#8243; border_radii=&#8221;on|100%|100%|100%|100%&#8221; global_colors_info=&#8221;{}&#8221; sticky_enabled=&#8221;0&#8243;][\/et_pb_image][\/et_pb_column][et_pb_column type=&#8221;1_2&#8243; _builder_version=&#8221;4.20.4&#8243; _module_preset=&#8221;default&#8221; global_colors_info=&#8221;{}&#8221;][et_pb_text _builder_version=&#8221;4.20.4&#8243; _module_preset=&#8221;default&#8221; text_orientation_tablet=&#8221;center&#8221; text_orientation_phone=&#8221;center&#8221; text_orientation_last_edited=&#8221;on|tablet&#8221; global_colors_info=&#8221;{}&#8221;]<\/p>\n<h3><strong>Administraci\u00f3n<\/strong><\/h3>\n<p>A trav\u00e9s de aprendizajes funcionales se forma a los usuarios en tareas propias de este servicio, atenci\u00f3n telef\u00f3nica, recepci\u00f3n de visitas\/clientes\/proveedores, uso de la fotocopiadora, contabilidad, almacenaje, etc<\/p>\n<p>[\/et_pb_text][\/et_pb_column][\/et_pb_row][\/et_pb_section][et_pb_section fb_built=&#8221;1&#8243; admin_label=&#8221;Limpieza &#8221; _builder_version=&#8221;4.20.4&#8243; _module_preset=&#8221;default&#8221; custom_margin=&#8221;0px||80px||false|false&#8221; custom_margin_tablet=&#8221;||70px||false|false&#8221; custom_margin_phone=&#8221;||60px||false|false&#8221; custom_margin_last_edited=&#8221;on|desktop&#8221; custom_padding=&#8221;0px||0px||false|false&#8221; saved_tabs=&#8221;all&#8221; global_colors_info=&#8221;{}&#8221;][et_pb_row column_structure=&#8221;1_2,1_2&#8243; make_equal=&#8221;on&#8221; module_class=&#8221;reverse&#8221; _builder_version=&#8221;4.20.4&#8243; _module_preset=&#8221;default&#8221; max_width=&#8221;1280px&#8221; custom_margin=&#8221;0px||0px||false|false&#8221; custom_padding=&#8221;0px||0px||false|false&#8221; custom_css_main_element=&#8221;align-items:center;&#8221; global_colors_info=&#8221;{}&#8221;][et_pb_column type=&#8221;1_2&#8243; _builder_version=&#8221;4.20.4&#8243; _module_preset=&#8221;default&#8221; global_colors_info=&#8221;{}&#8221;][et_pb_text _builder_version=&#8221;4.20.4&#8243; _module_preset=&#8221;default&#8221; text_orientation_tablet=&#8221;center&#8221; text_orientation_phone=&#8221;center&#8221; text_orientation_last_edited=&#8221;on|tablet&#8221; global_colors_info=&#8221;{}&#8221;]<\/p>\n<h3><strong>Limpieza de instalaciones<\/strong><\/h3>\n<p>Apoyo y aprendizaje de labores de limpieza general, uso de diferentes productos y manejo de diversos materiales. Desinfecci\u00f3n de ba\u00f1os, limpieza de zonas comunes, ventanas, patios\u2026<\/p>\n<p>[\/et_pb_text][\/et_pb_column][et_pb_column type=&#8221;1_2&#8243; _builder_version=&#8221;4.20.4&#8243; _module_preset=&#8221;default&#8221; background_image=&#8221;https:\/\/www.aspadex.org\/wp-content\/uploads\/2023\/05\/fondo-circulos-aspadex.svg&#8221; background_size=&#8221;contain&#8221; custom_padding=&#8221;3vw|5vw|3vw|5vw|true|true&#8221; global_colors_info=&#8221;{}&#8221;][et_pb_image src=&#8221;https:\/\/www.aspadex.org\/wp-content\/uploads\/2023\/06\/taller-ocupacional-aspadex-04.jpg&#8221; alt=&#8221;TALLERES OCUPACIONALES&#8221; title_text=&#8221;TALLERES OCUPACIONALES&#8221; align=&#8221;center&#8221; _builder_version=&#8221;4.20.4&#8243; _module_preset=&#8221;default&#8221; max_width_tablet=&#8221;400px&#8221; max_width_phone=&#8221;400px&#8221; max_width_last_edited=&#8221;on|phone&#8221; hover_enabled=&#8221;0&#8243; border_radii=&#8221;on|100%|100%|100%|100%&#8221; global_colors_info=&#8221;{}&#8221; sticky_enabled=&#8221;0&#8243;][\/et_pb_image][\/et_pb_column][\/et_pb_row][\/et_pb_section][et_pb_section fb_built=&#8221;1&#8243; admin_label=&#8221;Packaging&#8221; _builder_version=&#8221;4.20.4&#8243; _module_preset=&#8221;default&#8221; custom_margin=&#8221;0px||80px||false|false&#8221; custom_margin_tablet=&#8221;||70px||false|false&#8221; custom_margin_phone=&#8221;||60px||false|false&#8221; custom_margin_last_edited=&#8221;on|desktop&#8221; custom_padding=&#8221;0px||0px||false|false&#8221; saved_tabs=&#8221;all&#8221; global_colors_info=&#8221;{}&#8221;][et_pb_row column_structure=&#8221;1_2,1_2&#8243; make_equal=&#8221;on&#8221; _builder_version=&#8221;4.20.4&#8243; _module_preset=&#8221;default&#8221; max_width=&#8221;1280px&#8221; custom_margin=&#8221;0px||0px||false|false&#8221; custom_padding=&#8221;0px||0px||false|false&#8221; custom_css_main_element=&#8221;align-items:center;&#8221; global_colors_info=&#8221;{}&#8221;][et_pb_column type=&#8221;1_2&#8243; _builder_version=&#8221;4.20.4&#8243; _module_preset=&#8221;default&#8221; background_image=&#8221;https:\/\/www.aspadex.org\/wp-content\/uploads\/2023\/05\/fondo-circulos-aspadex.svg&#8221; background_size=&#8221;contain&#8221; custom_padding=&#8221;3vw|5vw|3vw|5vw|true|true&#8221; global_colors_info=&#8221;{}&#8221;][et_pb_image src=&#8221;https:\/\/www.aspadex.org\/wp-content\/uploads\/2023\/06\/taller-ocupacional-aspadex-03.jpg&#8221; alt=&#8221;TALLERES OCUPACIONALES&#8221; title_text=&#8221;TALLERES OCUPACIONALES&#8221; align=&#8221;center&#8221; _builder_version=&#8221;4.20.4&#8243; _module_preset=&#8221;default&#8221; max_width_tablet=&#8221;400px&#8221; max_width_phone=&#8221;400px&#8221; max_width_last_edited=&#8221;on|phone&#8221; hover_enabled=&#8221;0&#8243; border_radii=&#8221;on|100%|100%|100%|100%&#8221; global_colors_info=&#8221;{}&#8221; sticky_enabled=&#8221;0&#8243;][\/et_pb_image][\/et_pb_column][et_pb_column type=&#8221;1_2&#8243; _builder_version=&#8221;4.20.4&#8243; _module_preset=&#8221;default&#8221; global_colors_info=&#8221;{}&#8221;][et_pb_text _builder_version=&#8221;4.20.4&#8243; _module_preset=&#8221;default&#8221; text_orientation_tablet=&#8221;center&#8221; text_orientation_phone=&#8221;center&#8221; text_orientation_last_edited=&#8221;on|tablet&#8221; global_colors_info=&#8221;{}&#8221;]<\/p>\n<h3><strong>Taller de Packaging<\/strong><\/h3>\n<p>Actividad ocupacional en la que colaboran diversos talleres que se encargan de elaborar de manera artesanal y fomentando la creatividad, todo lo necesario para el embalaje de nuestros productos, cajitas para bisuter\u00eda de difetentes tama\u00f1os y dise\u00f1os, bolsas decorativas, ornamentos para empaquetaje, sobres\u2026un valor a\u00f1adido a nuestros productos.<\/p>\n<p>[\/et_pb_text][\/et_pb_column][\/et_pb_row][\/et_pb_section][et_pb_section fb_built=&#8221;1&#8243; admin_label=&#8221;ornamentaci\u00f3n&#8221; _builder_version=&#8221;4.20.4&#8243; _module_preset=&#8221;default&#8221; custom_margin=&#8221;0px||80px||false|false&#8221; custom_margin_tablet=&#8221;||70px||false|false&#8221; custom_margin_phone=&#8221;||60px||false|false&#8221; custom_margin_last_edited=&#8221;on|desktop&#8221; custom_padding=&#8221;0px||0px||false|false&#8221; saved_tabs=&#8221;all&#8221; global_colors_info=&#8221;{}&#8221;][et_pb_row column_structure=&#8221;1_2,1_2&#8243; make_equal=&#8221;on&#8221; module_class=&#8221;reverse&#8221; _builder_version=&#8221;4.20.4&#8243; _module_preset=&#8221;default&#8221; max_width=&#8221;1280px&#8221; custom_margin=&#8221;0px||0px||false|false&#8221; custom_padding=&#8221;0px||0px||false|false&#8221; custom_css_main_element=&#8221;align-items:center;&#8221; global_colors_info=&#8221;{}&#8221;][et_pb_column type=&#8221;1_2&#8243; _builder_version=&#8221;4.20.4&#8243; _module_preset=&#8221;default&#8221; global_colors_info=&#8221;{}&#8221;][et_pb_text _builder_version=&#8221;4.20.4&#8243; _module_preset=&#8221;default&#8221; text_orientation_tablet=&#8221;center&#8221; text_orientation_phone=&#8221;center&#8221; text_orientation_last_edited=&#8221;on|tablet&#8221; global_colors_info=&#8221;{}&#8221;]<\/p>\n<h3><strong>Taller de ornamentaci\u00f3n<\/strong><\/h3>\n<p>Tareas funcionales, estacionales y transversales, pues participan de esta actividad ocupacional varios talleres con la finalidad de elaborar elementos decorativos para nuestros diferentes centros y servicios: centro de atenci\u00f3n diurna, SAT, tienda, residencial.<\/p>\n<p>[\/et_pb_text][\/et_pb_column][et_pb_column type=&#8221;1_2&#8243; _builder_version=&#8221;4.20.4&#8243; _module_preset=&#8221;default&#8221; background_image=&#8221;https:\/\/www.aspadex.org\/wp-content\/uploads\/2023\/05\/fondo-circulos-aspadex.svg&#8221; background_size=&#8221;contain&#8221; custom_padding=&#8221;3vw|5vw|3vw|5vw|true|true&#8221; global_colors_info=&#8221;{}&#8221;][et_pb_image src=&#8221;https:\/\/www.aspadex.org\/wp-content\/uploads\/2023\/06\/taller-ocupacional-aspadex-02.jpg&#8221; alt=&#8221;TALLERES OCUPACIONALES&#8221; title_text=&#8221;TALLERES OCUPACIONALES&#8221; align=&#8221;center&#8221; _builder_version=&#8221;4.20.4&#8243; _module_preset=&#8221;default&#8221; max_width_tablet=&#8221;400px&#8221; max_width_phone=&#8221;400px&#8221; max_width_last_edited=&#8221;on|phone&#8221; hover_enabled=&#8221;0&#8243; border_radii=&#8221;on|100%|100%|100%|100%&#8221; global_colors_info=&#8221;{}&#8221; sticky_enabled=&#8221;0&#8243;][\/et_pb_image][\/et_pb_column][\/et_pb_row][\/et_pb_section]<\/p>\n","protected":false},"excerpt":{"rendered":"<p><span><span><a href=\"https:\/\/www.aspadex.org\/gl\/inicio\/\">Portada<\/a><\/span><\/span>Talleres ocupacionalesEl Centro de atenci\u00f3n diurna (Centro de D\u00eda y Ocupacional) cuenta con siete espacios f\u00edsicos dedicados a talleres en los que se elaboran productos para la venta en la tienda f\u00edsica y online.Cuenta tambi\u00e9n con talleres orientados al sector servicios y que funcionan como talleres prelaborales, orientados a la formaci\u00f3n para el empleo. Se [&hellip;]<\/p>\n","protected":false},"author":1,"featured_media":0,"parent":0,"menu_order":0,"comment_status":"closed","ping_status":"closed","template":"","meta":{"_et_pb_use_builder":"on","_et_pb_old_content":"","_et_gb_content_width":"","footnotes":""},"class_list":["post-407180","page","type-page","status-publish","hentry"],"yoast_head":"<!-- This site is optimized with the Yoast SEO plugin v20.5 - https:\/\/yoast.com\/wordpress\/plugins\/seo\/ -->\n<title>Atenci\u00f3n integral -ASPADEX<\/title>\n<meta name=\"description\" content=\"La familia es fundamental para la integraci\u00f3n de las personas con discapacidad, sin una integraci\u00f3n en el seno familiar no se podr\u00e1 llegar a la comunidad.\" \/>\n<meta name=\"robots\" content=\"index, follow, max-snippet:-1, max-image-preview:large, max-video-preview:-1\" \/>\n<link rel=\"canonical\" href=\"https:\/\/www.aspadex.org\/atencion-integral\/\" \/>\n<meta property=\"og:locale\" content=\"gl_ES\" \/>\n<meta property=\"og:type\" content=\"article\" \/>\n<meta property=\"og:title\" content=\"Atenci\u00f3n integral -ASPADEX\" \/>\n<meta property=\"og:description\" content=\"La familia es fundamental para la integraci\u00f3n de las personas con discapacidad, sin una integraci\u00f3n en el seno familiar no se podr\u00e1 llegar a la comunidad.\" \/>\n<meta property=\"og:url\" content=\"https:\/\/www.aspadex.org\/atencion-integral\/\" \/>\n<meta property=\"og:site_name\" content=\"ASPADEX\" \/>\n<meta property=\"article:modified_time\" content=\"2025-05-08T07:33:38+00:00\" \/>\n<meta name=\"twitter:card\" content=\"summary_large_image\" \/>\n<meta name=\"twitter:label1\" content=\"Tempo de lectura\" \/>\n\t<meta name=\"twitter:data1\" content=\"19 minutos\" \/>\n<script type=\"application\/ld+json\" class=\"yoast-schema-graph\">{\"@context\":\"https:\/\/schema.org\",\"@graph\":[{\"@type\":\"WebPage\",\"@id\":\"https:\/\/www.aspadex.org\/atencion-integral\/\",\"url\":\"https:\/\/www.aspadex.org\/atencion-integral\/\",\"name\":\"Atenci\u00f3n integral -ASPADEX\",\"isPartOf\":{\"@id\":\"https:\/\/www.aspadex.org\/gl\/#website\"},\"datePublished\":\"2023-04-26T08:30:52+00:00\",\"dateModified\":\"2025-05-08T07:33:38+00:00\",\"description\":\"La familia es fundamental para la integraci\u00f3n de las personas con discapacidad, sin una integraci\u00f3n en el seno familiar no se podr\u00e1 llegar a la comunidad.\",\"breadcrumb\":{\"@id\":\"https:\/\/www.aspadex.org\/atencion-integral\/#breadcrumb\"},\"inLanguage\":\"gl-ES\",\"potentialAction\":[{\"@type\":\"ReadAction\",\"target\":[\"https:\/\/www.aspadex.org\/atencion-integral\/\"]}]},{\"@type\":\"BreadcrumbList\",\"@id\":\"https:\/\/www.aspadex.org\/atencion-integral\/#breadcrumb\",\"itemListElement\":[{\"@type\":\"ListItem\",\"position\":1,\"name\":\"Portada\",\"item\":\"https:\/\/www.aspadex.org\/gl\/inicio\/\"},{\"@type\":\"ListItem\",\"position\":2,\"name\":\"Atenci\u00f3n integral\"}]},{\"@type\":\"WebSite\",\"@id\":\"https:\/\/www.aspadex.org\/gl\/#website\",\"url\":\"https:\/\/www.aspadex.org\/gl\/\",\"name\":\"ASPADEX\",\"description\":\"Asociaci\u00f3n de padres de personas con discapacidad intelectual\",\"publisher\":{\"@id\":\"https:\/\/www.aspadex.org\/gl\/#organization\"},\"potentialAction\":[{\"@type\":\"SearchAction\",\"target\":{\"@type\":\"EntryPoint\",\"urlTemplate\":\"https:\/\/www.aspadex.org\/gl\/?s={search_term_string}\"},\"query-input\":\"required name=search_term_string\"}],\"inLanguage\":\"gl-ES\"},{\"@type\":\"Organization\",\"@id\":\"https:\/\/www.aspadex.org\/gl\/#organization\",\"name\":\"ASPADEX\",\"alternateName\":\"Asociaci\u00f3n de padres de personas con discapacidad intelectual\",\"url\":\"https:\/\/www.aspadex.org\/gl\/\",\"logo\":{\"@type\":\"ImageObject\",\"inLanguage\":\"gl-ES\",\"@id\":\"https:\/\/www.aspadex.org\/gl\/#\/schema\/logo\/image\/\",\"url\":\"https:\/\/www.aspadex.org\/wp-content\/uploads\/2023\/04\/logotipo-aspadex-cuadrado-01-01.svg\",\"contentUrl\":\"https:\/\/www.aspadex.org\/wp-content\/uploads\/2023\/04\/logotipo-aspadex-cuadrado-01-01.svg\",\"width\":247,\"height\":235,\"caption\":\"ASPADEX\"},\"image\":{\"@id\":\"https:\/\/www.aspadex.org\/gl\/#\/schema\/logo\/image\/\"}}]}<\/script>\n<!-- \/ Yoast SEO plugin. -->","yoast_head_json":{"title":"Atenci\u00f3n integral -ASPADEX","description":"La familia es fundamental para la integraci\u00f3n de las personas con discapacidad, sin una integraci\u00f3n en el seno familiar no se podr\u00e1 llegar a la comunidad.","robots":{"index":"index","follow":"follow","max-snippet":"max-snippet:-1","max-image-preview":"max-image-preview:large","max-video-preview":"max-video-preview:-1"},"canonical":"https:\/\/www.aspadex.org\/atencion-integral\/","og_locale":"gl_ES","og_type":"article","og_title":"Atenci\u00f3n integral -ASPADEX","og_description":"La familia es fundamental para la integraci\u00f3n de las personas con discapacidad, sin una integraci\u00f3n en el seno familiar no se podr\u00e1 llegar a la comunidad.","og_url":"https:\/\/www.aspadex.org\/atencion-integral\/","og_site_name":"ASPADEX","article_modified_time":"2025-05-08T07:33:38+00:00","twitter_card":"summary_large_image","twitter_misc":{"Tempo de lectura":"19 minutos"},"schema":{"@context":"https:\/\/schema.org","@graph":[{"@type":"WebPage","@id":"https:\/\/www.aspadex.org\/atencion-integral\/","url":"https:\/\/www.aspadex.org\/atencion-integral\/","name":"Atenci\u00f3n integral -ASPADEX","isPartOf":{"@id":"https:\/\/www.aspadex.org\/gl\/#website"},"datePublished":"2023-04-26T08:30:52+00:00","dateModified":"2025-05-08T07:33:38+00:00","description":"La familia es fundamental para la integraci\u00f3n de las personas con discapacidad, sin una integraci\u00f3n en el seno familiar no se podr\u00e1 llegar a la comunidad.","breadcrumb":{"@id":"https:\/\/www.aspadex.org\/atencion-integral\/#breadcrumb"},"inLanguage":"gl-ES","potentialAction":[{"@type":"ReadAction","target":["https:\/\/www.aspadex.org\/atencion-integral\/"]}]},{"@type":"BreadcrumbList","@id":"https:\/\/www.aspadex.org\/atencion-integral\/#breadcrumb","itemListElement":[{"@type":"ListItem","position":1,"name":"Portada","item":"https:\/\/www.aspadex.org\/gl\/inicio\/"},{"@type":"ListItem","position":2,"name":"Atenci\u00f3n integral"}]},{"@type":"WebSite","@id":"https:\/\/www.aspadex.org\/gl\/#website","url":"https:\/\/www.aspadex.org\/gl\/","name":"ASPADEX","description":"Asociaci\u00f3n de padres de personas con discapacidad intelectual","publisher":{"@id":"https:\/\/www.aspadex.org\/gl\/#organization"},"potentialAction":[{"@type":"SearchAction","target":{"@type":"EntryPoint","urlTemplate":"https:\/\/www.aspadex.org\/gl\/?s={search_term_string}"},"query-input":"required name=search_term_string"}],"inLanguage":"gl-ES"},{"@type":"Organization","@id":"https:\/\/www.aspadex.org\/gl\/#organization","name":"ASPADEX","alternateName":"Asociaci\u00f3n de padres de personas con discapacidad intelectual","url":"https:\/\/www.aspadex.org\/gl\/","logo":{"@type":"ImageObject","inLanguage":"gl-ES","@id":"https:\/\/www.aspadex.org\/gl\/#\/schema\/logo\/image\/","url":"https:\/\/www.aspadex.org\/wp-content\/uploads\/2023\/04\/logotipo-aspadex-cuadrado-01-01.svg","contentUrl":"https:\/\/www.aspadex.org\/wp-content\/uploads\/2023\/04\/logotipo-aspadex-cuadrado-01-01.svg","width":247,"height":235,"caption":"ASPADEX"},"image":{"@id":"https:\/\/www.aspadex.org\/gl\/#\/schema\/logo\/image\/"}}]}},"jetpack_sharing_enabled":true,"_links":{"self":[{"href":"https:\/\/www.aspadex.org\/gl\/wp-json\/wp\/v2\/pages\/407180","targetHints":{"allow":["GET"]}}],"collection":[{"href":"https:\/\/www.aspadex.org\/gl\/wp-json\/wp\/v2\/pages"}],"about":[{"href":"https:\/\/www.aspadex.org\/gl\/wp-json\/wp\/v2\/types\/page"}],"author":[{"embeddable":true,"href":"https:\/\/www.aspadex.org\/gl\/wp-json\/wp\/v2\/users\/1"}],"replies":[{"embeddable":true,"href":"https:\/\/www.aspadex.org\/gl\/wp-json\/wp\/v2\/comments?post=407180"}],"version-history":[{"count":1,"href":"https:\/\/www.aspadex.org\/gl\/wp-json\/wp\/v2\/pages\/407180\/revisions"}],"predecessor-version":[{"id":407201,"href":"https:\/\/www.aspadex.org\/gl\/wp-json\/wp\/v2\/pages\/407180\/revisions\/407201"}],"wp:attachment":[{"href":"https:\/\/www.aspadex.org\/gl\/wp-json\/wp\/v2\/media?parent=407180"}],"curies":[{"name":"wp","href":"https:\/\/api.w.org\/{rel}","templated":true}]}}