{"id":407205,"date":"2023-04-26T10:29:27","date_gmt":"2023-04-26T08:29:27","guid":{"rendered":"https:\/\/www.aspadex.org\/sat-servicio-de-atencion-temprana\/"},"modified":"2025-05-08T09:33:54","modified_gmt":"2025-05-08T07:33:54","slug":"sat-servicio-de-atencion-temprana","status":"publish","type":"page","link":"https:\/\/www.aspadex.org\/gl\/sat-servicio-de-atencion-temprana\/","title":{"rendered":"SAT (Servicio de Atenci\u00f3n Temprana)"},"content":{"rendered":"<p>[et_pb_section fb_built=&#8221;1&#8243; _builder_version=&#8221;4.20.4&#8243; _module_preset=&#8221;default&#8221; background_image=&#8221;https:\/\/www.aspadex.org\/wp-content\/uploads\/2023\/04\/fondo-simbolos-01.png&#8221; background_size=&#8221;initial&#8221; background_repeat=&#8221;repeat&#8221; custom_margin=&#8221;0px||110px||false|false&#8221; custom_margin_tablet=&#8221;||70px||false|false&#8221; custom_margin_phone=&#8221;||60px||false|false&#8221; custom_margin_last_edited=&#8221;on|desktop&#8221; custom_padding=&#8221;0px||0px||false|false&#8221; global_module=&#8221;354&#8243; saved_tabs=&#8221;all&#8221; global_colors_info=&#8221;{}&#8221;][et_pb_row custom_padding_last_edited=&#8221;on|phone&#8221; _builder_version=&#8221;4.20.4&#8243; _module_preset=&#8221;default&#8221; custom_margin=&#8221;0px||0px||false|false&#8221; custom_padding=&#8221;5vw||5vw||true|false&#8221; custom_padding_tablet=&#8221;50px||50px||true|false&#8221; custom_padding_phone=&#8221;&#8221; global_colors_info=&#8221;{}&#8221;][et_pb_column type=&#8221;4_4&#8243; _builder_version=&#8221;4.20.4&#8243; _module_preset=&#8221;default&#8221; global_colors_info=&#8221;{}&#8221;][et_pb_post_title meta=&#8221;off&#8221; featured_image=&#8221;off&#8221; _builder_version=&#8221;4.20.4&#8243; _module_preset=&#8221;default&#8221; text_orientation=&#8221;center&#8221; custom_margin=&#8221;0px||1px||false|false&#8221; custom_padding=&#8221;0px||0px||false|false&#8221; global_colors_info=&#8221;{}&#8221;][\/et_pb_post_title][et_pb_text module_class=&#8221;migas&#8221; _builder_version=&#8221;4.20.4&#8243; _module_preset=&#8221;default&#8221; text_font=&#8221;|600|||||||&#8221; text_text_color=&#8221;#455A64&#8243; link_font=&#8221;|600||on|||||&#8221; link_text_color=&#8221;#455A64&#8243; link_font_size=&#8221;0.9rem&#8221; text_orientation=&#8221;center&#8221; custom_margin=&#8221;0px||0px||false|false&#8221; custom_padding=&#8221;0px||0px||false|false&#8221; global_colors_info=&#8221;{}&#8221;]<\/p>\n<span><span><a href=\"https:\/\/www.aspadex.org\/gl\/inicio\/\">Portada<\/a><\/span><\/span>\n<p>[\/et_pb_text][\/et_pb_column][\/et_pb_row][\/et_pb_section][et_pb_section fb_built=&#8221;1&#8243; _builder_version=&#8221;4.20.4&#8243; _module_preset=&#8221;default&#8221; custom_margin=&#8221;0px||110px||false|false&#8221; custom_margin_tablet=&#8221;||70px||false|false&#8221; custom_margin_phone=&#8221;||60px||false|false&#8221; custom_margin_last_edited=&#8221;on|desktop&#8221; custom_padding=&#8221;0px||0px||false|false&#8221; saved_tabs=&#8221;all&#8221; global_colors_info=&#8221;{}&#8221;][et_pb_row column_structure=&#8221;2_5,3_5&#8243; make_equal=&#8221;on&#8221; module_class=&#8221;reverse&#8221; _builder_version=&#8221;4.20.4&#8243; _module_preset=&#8221;default&#8221; max_width=&#8221;1280px&#8221; custom_css_main_element=&#8221;align-items:center;&#8221; global_colors_info=&#8221;{}&#8221;][et_pb_column type=&#8221;2_5&#8243; _builder_version=&#8221;4.20.4&#8243; _module_preset=&#8221;default&#8221; global_colors_info=&#8221;{}&#8221;][et_pb_image src=&#8221;https:\/\/www.aspadex.org\/wp-content\/uploads\/2023\/05\/mapa-aspadex.png&#8221; alt=&#8221;Discapacidad intelectual&#8221; title_text=&#8221;mapa-aspadex&#8221; _builder_version=&#8221;4.20.4&#8243; _module_preset=&#8221;default&#8221; global_colors_info=&#8221;{}&#8221;][\/et_pb_image][\/et_pb_column][et_pb_column type=&#8221;3_5&#8243; _builder_version=&#8221;4.20.4&#8243; _module_preset=&#8221;default&#8221; global_colors_info=&#8221;{}&#8221;][et_pb_text _builder_version=&#8221;4.20.4&#8243; _module_preset=&#8221;default&#8221; text_orientation_tablet=&#8221;center&#8221; text_orientation_phone=&#8221;center&#8221; text_orientation_last_edited=&#8221;on|tablet&#8221; global_colors_info=&#8221;{}&#8221;]<\/p>\n<p>Entendemos por atenci\u00f3n temprana un conjunto de intervenciones dirigidas a la poblaci\u00f3n infantil de 0 a 6 a\u00f1os, a su familia y a su entorno, que tiene por objetivo dar respuesta lo antes posible a las necesidades transitorias o permanentes que presentan los ni\u00f1os y ni\u00f1as con trastornos del desarrollo o en riesgo de padecerlos, para facilitar el desarrollo de su autonom\u00eda personal e inclusi\u00f3n social.<\/p>\n<p><strong>La agrupaci\u00f3n de ayuntamientos formada por Dumbr\u00eda,Camari\u00f1as, Carnota, Cee, Corcubi\u00f3n, Fisterra, Mazaricos, Muxia , Zas y Vimianzo cuenta con un SAT<\/strong> . Este servicio est\u00e1 financiado por la Xunta de Galicia (Conseller\u00eda de Pol\u00edtica Social,) y el Fondo Social Europeo. Aspadex es la entidad prestadora del servicio, elegida por licitaci\u00f3n.<\/p>\n<p>[\/et_pb_text][\/et_pb_column][\/et_pb_row][\/et_pb_section][et_pb_section fb_built=&#8221;1&#8243; _builder_version=&#8221;4.20.4&#8243; _module_preset=&#8221;default&#8221; background_image=&#8221;https:\/\/www.aspadex.org\/wp-content\/uploads\/2023\/04\/fondo-video-aspadex.png&#8221; custom_margin=&#8221;0px||110px||false|false&#8221; custom_margin_tablet=&#8221;||70px||false|false&#8221; custom_margin_phone=&#8221;||60px||false|false&#8221; custom_margin_last_edited=&#8221;on|desktop&#8221; custom_padding=&#8221;0px||0px||false|false&#8221; saved_tabs=&#8221;all&#8221; global_colors_info=&#8221;{}&#8221;][et_pb_row column_structure=&#8221;1_2,1_2&#8243; use_custom_gutter=&#8221;on&#8221; make_equal=&#8221;on&#8221; custom_padding_last_edited=&#8221;on|desktop&#8221; _builder_version=&#8221;4.20.4&#8243; _module_preset=&#8221;default&#8221; background_enable_color=&#8221;off&#8221; z_index=&#8221;1&#8243; max_width_tablet=&#8221;550px&#8221; max_width_phone=&#8221;550px&#8221; max_width_last_edited=&#8221;off|desktop&#8221; custom_padding_tablet=&#8221;40px|80px|40px|80px|true|true&#8221; custom_padding_phone=&#8221;|20px||20px|true|true&#8221; border_radii_tablet=&#8221;on|40px|40px|40px|40px&#8221; border_radii_phone=&#8221;on|40px|40px|40px|40px&#8221; border_radii_last_edited=&#8221;off|desktop&#8221; global_colors_info=&#8221;{}&#8221;][et_pb_column type=&#8221;1_2&#8243; _builder_version=&#8221;4.20.4&#8243; _module_preset=&#8221;default&#8221; global_colors_info=&#8221;{}&#8221;][et_pb_text _builder_version=&#8221;4.20.4&#8243; _module_preset=&#8221;default&#8221; text_font_size=&#8221;1.4rem&#8221; text_line_height=&#8221;1.55em&#8221; background_color=&#8221;#8CC066&#8243; text_orientation=&#8221;center&#8221; background_layout=&#8221;dark&#8221; custom_padding=&#8221;3vw|3vw|3vw|3vw|true|true&#8221; hover_enabled=&#8221;0&#8243; border_radii=&#8221;on|100px|100px|100px|100px&#8221; global_colors_info=&#8221;{}&#8221; module_class=&#8221;texto-verde&#8221; sticky_enabled=&#8221;0&#8243;]<\/p>\n<p><strong>SAT COSTA DA MORTE<\/strong> se localiza en dos ubicaciones, estrat\u00e9gicamente elegidas para acercar el servicio a una poblaci\u00f3n dispersa y geogr\u00e1ficamente amplia. Este es el motivo por el cual se sit\u00faan en Vimianzo y \u00c9zaro (Dumbr\u00eda).<\/p>\n<p>[\/et_pb_text][\/et_pb_column][et_pb_column type=&#8221;1_2&#8243; _builder_version=&#8221;4.20.4&#8243; _module_preset=&#8221;default&#8221; global_colors_info=&#8221;{}&#8221;][et_pb_video src=&#8221;https:\/\/www.youtube.com\/watch?v=KE7O-YiCc28&#8243; play_icon_color=&#8221;RGBA(255,255,255,0)&#8221; _builder_version=&#8221;4.20.4&#8243; _module_preset=&#8221;default&#8221; border_radii=&#8221;on|40px|40px|40px|40px&#8221; box_shadow_style=&#8221;preset1&#8243; box_shadow_color=&#8221;rgba(0,0,0,0.2)&#8221; global_colors_info=&#8221;{}&#8221;][\/et_pb_video][\/et_pb_column][\/et_pb_row][\/et_pb_section][et_pb_section fb_built=&#8221;1&#8243; _builder_version=&#8221;4.20.4&#8243; _module_preset=&#8221;default&#8221; custom_margin=&#8221;0px||110px||false|false&#8221; custom_margin_tablet=&#8221;||70px||false|false&#8221; custom_margin_phone=&#8221;||60px||false|false&#8221; custom_margin_last_edited=&#8221;on|desktop&#8221; custom_padding=&#8221;0px||0px||false|false&#8221; saved_tabs=&#8221;all&#8221; global_colors_info=&#8221;{}&#8221;][et_pb_row _builder_version=&#8221;4.20.4&#8243; _module_preset=&#8221;default&#8221; custom_margin=&#8221;0px||40px||false|false&#8221; custom_padding=&#8221;0px||0px||false|false&#8221; global_colors_info=&#8221;{}&#8221;][et_pb_column type=&#8221;4_4&#8243; _builder_version=&#8221;4.20.4&#8243; _module_preset=&#8221;default&#8221; global_colors_info=&#8221;{}&#8221;][et_pb_text module_class=&#8221;bloque-titulo&#8221; _builder_version=&#8221;4.20.4&#8243; _module_preset=&#8221;default&#8221; header_2_text_color=&#8221;#455A64&#8243; text_orientation=&#8221;center&#8221; custom_margin=&#8221;0px||20px||false|false&#8221; custom_padding=&#8221;0px||0px||false|false&#8221; global_colors_info=&#8221;{}&#8221;]<\/p>\n<h2>Equipo <strong>SAT<\/strong><\/h2>\n<p>[\/et_pb_text][\/et_pb_column][\/et_pb_row][et_pb_row column_structure=&#8221;1_2,1_2&#8243; _builder_version=&#8221;4.20.4&#8243; _module_preset=&#8221;default&#8221; max_width=&#8221;1280px&#8221; custom_margin=&#8221;0px||50px||false|false&#8221; custom_padding=&#8221;0px||0px||false|false&#8221; global_colors_info=&#8221;{}&#8221;][et_pb_column type=&#8221;1_2&#8243; _builder_version=&#8221;4.20.4&#8243; _module_preset=&#8221;default&#8221; global_colors_info=&#8221;{}&#8221;][et_pb_text _builder_version=&#8221;4.20.4&#8243; _module_preset=&#8221;default&#8221; global_colors_info=&#8221;{}&#8221;]<\/p>\n<p><strong>El SAT est\u00e1 formado por un equipo de cinco profesionales<\/strong>: dos logopedas, una psic\u00f3loga, una maestra de Educaci\u00f3n Infantil y una terapeuta ocupacional<\/p>\n<p>Este equipo trabaja de manera transdisciplinar y siempre con una visi\u00f3n global de las ni\u00f1as y ni\u00f1os, todo el equipo adquiere un conocimiento de otras disciplinas relacionadas y las incorpora a su pr\u00e1ctica, por lo que una profesional asume la responsabilidad de atenci\u00f3n al menor y el contacto directo con su familia.<\/p>\n<p>[\/et_pb_text][\/et_pb_column][et_pb_column type=&#8221;1_2&#8243; _builder_version=&#8221;4.20.4&#8243; _module_preset=&#8221;default&#8221; global_colors_info=&#8221;{}&#8221;][et_pb_text _builder_version=&#8221;4.20.4&#8243; _module_preset=&#8221;default&#8221; global_colors_info=&#8221;{}&#8221;]<\/p>\n<p>El modelo de intervenci\u00f3n que se utiliza en este servicio es siempre l\u00fadico, ya que el juego es la principal ocupaci\u00f3n de las ni\u00f1as y ni\u00f1os, formando as\u00ed parte de sus intereses y motivaciones. El juego los acerca al mundo potenciando su desarrollo f\u00edsico, cognitivo, social y emocional.<\/p>\n<p>Desde que este servicio est\u00e1 en marcha (2020) se atendieron a 170 ni\u00f1os y ni\u00f1as, y hubo 79 altas. La demanda de este servicio aumenta, en el 2022 fueron 115 casos los atendidos (42 altas).<\/p>\n<p>[\/et_pb_text][\/et_pb_column][\/et_pb_row][et_pb_row _builder_version=&#8221;4.20.4&#8243; _module_preset=&#8221;default&#8221; global_colors_info=&#8221;{}&#8221;][et_pb_column type=&#8221;4_4&#8243; _builder_version=&#8221;4.20.4&#8243; _module_preset=&#8221;default&#8221; global_colors_info=&#8221;{}&#8221;][et_pb_gallery gallery_ids=&#8221;388152,388150,388148,388146,388144,388142,388140,388138,388136,388134,388132,388130&#8243; posts_number=&#8221;12&#8243; show_title_and_caption=&#8221;off&#8221; show_pagination=&#8221;off&#8221; _builder_version=&#8221;4.20.4&#8243; _module_preset=&#8221;default&#8221; global_colors_info=&#8221;{}&#8221;][\/et_pb_gallery][\/et_pb_column][\/et_pb_row][\/et_pb_section]<\/p>\n","protected":false},"excerpt":{"rendered":"<p><span><span><a href=\"https:\/\/www.aspadex.org\/gl\/inicio\/\">Portada<\/a><\/span><\/span>Entendemos por atenci\u00f3n temprana un conjunto de intervenciones dirigidas a la poblaci\u00f3n infantil de 0 a 6 a\u00f1os, a su familia y a su entorno, que tiene por objetivo dar respuesta lo antes posible a las necesidades transitorias o permanentes que presentan los ni\u00f1os y ni\u00f1as con trastornos del desarrollo o en riesgo de padecerlos, [&hellip;]<\/p>\n","protected":false},"author":1,"featured_media":0,"parent":0,"menu_order":0,"comment_status":"closed","ping_status":"closed","template":"","meta":{"_et_pb_use_builder":"on","_et_pb_old_content":"","_et_gb_content_width":"","footnotes":""},"class_list":["post-407205","page","type-page","status-publish","hentry"],"yoast_head":"<!-- This site is optimized with the Yoast SEO plugin v20.5 - https:\/\/yoast.com\/wordpress\/plugins\/seo\/ -->\n<title>SAT (Servicio de Atenci\u00f3n Temprana) - ASPADEX<\/title>\n<meta name=\"description\" content=\"La agrupaci\u00f3n de ayuntamientos formada por Dumbr\u00eda,Camari\u00f1as, Carnota, Cee, Corcubi\u00f3n, Fisterra, Mazaricos, Muxia , Zas y Vimianzo cuenta con un SAT.\" \/>\n<meta name=\"robots\" content=\"index, follow, max-snippet:-1, max-image-preview:large, max-video-preview:-1\" \/>\n<link rel=\"canonical\" href=\"https:\/\/www.aspadex.org\/sat-servicio-de-atencion-temprana\/\" \/>\n<meta property=\"og:locale\" content=\"gl_ES\" \/>\n<meta property=\"og:type\" content=\"article\" \/>\n<meta property=\"og:title\" content=\"SAT (Servicio de Atenci\u00f3n Temprana) - ASPADEX\" \/>\n<meta property=\"og:description\" content=\"La agrupaci\u00f3n de ayuntamientos formada por Dumbr\u00eda,Camari\u00f1as, Carnota, Cee, Corcubi\u00f3n, Fisterra, Mazaricos, Muxia , Zas y Vimianzo cuenta con un SAT.\" \/>\n<meta property=\"og:url\" content=\"https:\/\/www.aspadex.org\/sat-servicio-de-atencion-temprana\/\" \/>\n<meta property=\"og:site_name\" content=\"ASPADEX\" \/>\n<meta property=\"article:modified_time\" content=\"2025-05-08T07:33:54+00:00\" \/>\n<meta name=\"twitter:card\" content=\"summary_large_image\" \/>\n<meta name=\"twitter:label1\" content=\"Tempo de lectura\" \/>\n\t<meta name=\"twitter:data1\" content=\"6 minutos\" \/>\n<script type=\"application\/ld+json\" class=\"yoast-schema-graph\">{\"@context\":\"https:\/\/schema.org\",\"@graph\":[{\"@type\":\"WebPage\",\"@id\":\"https:\/\/www.aspadex.org\/sat-servicio-de-atencion-temprana\/\",\"url\":\"https:\/\/www.aspadex.org\/sat-servicio-de-atencion-temprana\/\",\"name\":\"SAT (Servicio de Atenci\u00f3n Temprana) - ASPADEX\",\"isPartOf\":{\"@id\":\"https:\/\/www.aspadex.org\/gl\/#website\"},\"datePublished\":\"2023-04-26T08:29:27+00:00\",\"dateModified\":\"2025-05-08T07:33:54+00:00\",\"description\":\"La agrupaci\u00f3n de ayuntamientos formada por Dumbr\u00eda,Camari\u00f1as, Carnota, Cee, Corcubi\u00f3n, Fisterra, Mazaricos, Muxia , Zas y Vimianzo cuenta con un SAT.\",\"breadcrumb\":{\"@id\":\"https:\/\/www.aspadex.org\/sat-servicio-de-atencion-temprana\/#breadcrumb\"},\"inLanguage\":\"gl-ES\",\"potentialAction\":[{\"@type\":\"ReadAction\",\"target\":[\"https:\/\/www.aspadex.org\/sat-servicio-de-atencion-temprana\/\"]}]},{\"@type\":\"BreadcrumbList\",\"@id\":\"https:\/\/www.aspadex.org\/sat-servicio-de-atencion-temprana\/#breadcrumb\",\"itemListElement\":[{\"@type\":\"ListItem\",\"position\":1,\"name\":\"Portada\",\"item\":\"https:\/\/www.aspadex.org\/gl\/inicio\/\"},{\"@type\":\"ListItem\",\"position\":2,\"name\":\"SAT (Servicio de Atenci\u00f3n Temprana)\"}]},{\"@type\":\"WebSite\",\"@id\":\"https:\/\/www.aspadex.org\/gl\/#website\",\"url\":\"https:\/\/www.aspadex.org\/gl\/\",\"name\":\"ASPADEX\",\"description\":\"Asociaci\u00f3n de padres de personas con discapacidad intelectual\",\"publisher\":{\"@id\":\"https:\/\/www.aspadex.org\/gl\/#organization\"},\"potentialAction\":[{\"@type\":\"SearchAction\",\"target\":{\"@type\":\"EntryPoint\",\"urlTemplate\":\"https:\/\/www.aspadex.org\/gl\/?s={search_term_string}\"},\"query-input\":\"required name=search_term_string\"}],\"inLanguage\":\"gl-ES\"},{\"@type\":\"Organization\",\"@id\":\"https:\/\/www.aspadex.org\/gl\/#organization\",\"name\":\"ASPADEX\",\"alternateName\":\"Asociaci\u00f3n de padres de personas con discapacidad intelectual\",\"url\":\"https:\/\/www.aspadex.org\/gl\/\",\"logo\":{\"@type\":\"ImageObject\",\"inLanguage\":\"gl-ES\",\"@id\":\"https:\/\/www.aspadex.org\/gl\/#\/schema\/logo\/image\/\",\"url\":\"https:\/\/www.aspadex.org\/wp-content\/uploads\/2023\/04\/logotipo-aspadex-cuadrado-01-01.svg\",\"contentUrl\":\"https:\/\/www.aspadex.org\/wp-content\/uploads\/2023\/04\/logotipo-aspadex-cuadrado-01-01.svg\",\"width\":247,\"height\":235,\"caption\":\"ASPADEX\"},\"image\":{\"@id\":\"https:\/\/www.aspadex.org\/gl\/#\/schema\/logo\/image\/\"}}]}<\/script>\n<!-- \/ Yoast SEO plugin. -->","yoast_head_json":{"title":"SAT (Servicio de Atenci\u00f3n Temprana) - ASPADEX","description":"La agrupaci\u00f3n de ayuntamientos formada por Dumbr\u00eda,Camari\u00f1as, Carnota, Cee, Corcubi\u00f3n, Fisterra, Mazaricos, Muxia , Zas y Vimianzo cuenta con un SAT.","robots":{"index":"index","follow":"follow","max-snippet":"max-snippet:-1","max-image-preview":"max-image-preview:large","max-video-preview":"max-video-preview:-1"},"canonical":"https:\/\/www.aspadex.org\/sat-servicio-de-atencion-temprana\/","og_locale":"gl_ES","og_type":"article","og_title":"SAT (Servicio de Atenci\u00f3n Temprana) - ASPADEX","og_description":"La agrupaci\u00f3n de ayuntamientos formada por Dumbr\u00eda,Camari\u00f1as, Carnota, Cee, Corcubi\u00f3n, Fisterra, Mazaricos, Muxia , Zas y Vimianzo cuenta con un SAT.","og_url":"https:\/\/www.aspadex.org\/sat-servicio-de-atencion-temprana\/","og_site_name":"ASPADEX","article_modified_time":"2025-05-08T07:33:54+00:00","twitter_card":"summary_large_image","twitter_misc":{"Tempo de lectura":"6 minutos"},"schema":{"@context":"https:\/\/schema.org","@graph":[{"@type":"WebPage","@id":"https:\/\/www.aspadex.org\/sat-servicio-de-atencion-temprana\/","url":"https:\/\/www.aspadex.org\/sat-servicio-de-atencion-temprana\/","name":"SAT (Servicio de Atenci\u00f3n Temprana) - ASPADEX","isPartOf":{"@id":"https:\/\/www.aspadex.org\/gl\/#website"},"datePublished":"2023-04-26T08:29:27+00:00","dateModified":"2025-05-08T07:33:54+00:00","description":"La agrupaci\u00f3n de ayuntamientos formada por Dumbr\u00eda,Camari\u00f1as, Carnota, Cee, Corcubi\u00f3n, Fisterra, Mazaricos, Muxia , Zas y Vimianzo cuenta con un SAT.","breadcrumb":{"@id":"https:\/\/www.aspadex.org\/sat-servicio-de-atencion-temprana\/#breadcrumb"},"inLanguage":"gl-ES","potentialAction":[{"@type":"ReadAction","target":["https:\/\/www.aspadex.org\/sat-servicio-de-atencion-temprana\/"]}]},{"@type":"BreadcrumbList","@id":"https:\/\/www.aspadex.org\/sat-servicio-de-atencion-temprana\/#breadcrumb","itemListElement":[{"@type":"ListItem","position":1,"name":"Portada","item":"https:\/\/www.aspadex.org\/gl\/inicio\/"},{"@type":"ListItem","position":2,"name":"SAT (Servicio de Atenci\u00f3n Temprana)"}]},{"@type":"WebSite","@id":"https:\/\/www.aspadex.org\/gl\/#website","url":"https:\/\/www.aspadex.org\/gl\/","name":"ASPADEX","description":"Asociaci\u00f3n de padres de personas con discapacidad intelectual","publisher":{"@id":"https:\/\/www.aspadex.org\/gl\/#organization"},"potentialAction":[{"@type":"SearchAction","target":{"@type":"EntryPoint","urlTemplate":"https:\/\/www.aspadex.org\/gl\/?s={search_term_string}"},"query-input":"required name=search_term_string"}],"inLanguage":"gl-ES"},{"@type":"Organization","@id":"https:\/\/www.aspadex.org\/gl\/#organization","name":"ASPADEX","alternateName":"Asociaci\u00f3n de padres de personas con discapacidad intelectual","url":"https:\/\/www.aspadex.org\/gl\/","logo":{"@type":"ImageObject","inLanguage":"gl-ES","@id":"https:\/\/www.aspadex.org\/gl\/#\/schema\/logo\/image\/","url":"https:\/\/www.aspadex.org\/wp-content\/uploads\/2023\/04\/logotipo-aspadex-cuadrado-01-01.svg","contentUrl":"https:\/\/www.aspadex.org\/wp-content\/uploads\/2023\/04\/logotipo-aspadex-cuadrado-01-01.svg","width":247,"height":235,"caption":"ASPADEX"},"image":{"@id":"https:\/\/www.aspadex.org\/gl\/#\/schema\/logo\/image\/"}}]}},"jetpack_sharing_enabled":true,"_links":{"self":[{"href":"https:\/\/www.aspadex.org\/gl\/wp-json\/wp\/v2\/pages\/407205","targetHints":{"allow":["GET"]}}],"collection":[{"href":"https:\/\/www.aspadex.org\/gl\/wp-json\/wp\/v2\/pages"}],"about":[{"href":"https:\/\/www.aspadex.org\/gl\/wp-json\/wp\/v2\/types\/page"}],"author":[{"embeddable":true,"href":"https:\/\/www.aspadex.org\/gl\/wp-json\/wp\/v2\/users\/1"}],"replies":[{"embeddable":true,"href":"https:\/\/www.aspadex.org\/gl\/wp-json\/wp\/v2\/comments?post=407205"}],"version-history":[{"count":1,"href":"https:\/\/www.aspadex.org\/gl\/wp-json\/wp\/v2\/pages\/407205\/revisions"}],"predecessor-version":[{"id":407214,"href":"https:\/\/www.aspadex.org\/gl\/wp-json\/wp\/v2\/pages\/407205\/revisions\/407214"}],"wp:attachment":[{"href":"https:\/\/www.aspadex.org\/gl\/wp-json\/wp\/v2\/media?parent=407205"}],"curies":[{"name":"wp","href":"https:\/\/api.w.org\/{rel}","templated":true}]}}