{"id":407206,"date":"2023-04-26T10:28:12","date_gmt":"2023-04-26T08:28:12","guid":{"rendered":"https:\/\/www.aspadex.org\/codigo-etico\/"},"modified":"2025-05-08T11:54:34","modified_gmt":"2025-05-08T09:54:34","slug":"codigo-etico","status":"publish","type":"page","link":"https:\/\/www.aspadex.org\/gl\/codigo-etico\/","title":{"rendered":"C\u00f3digo \u00c9tico"},"content":{"rendered":"<p>[et_pb_section fb_built=&#8221;1&#8243; _builder_version=&#8221;4.20.4&#8243; _module_preset=&#8221;default&#8221; background_image=&#8221;https:\/\/www.aspadex.org\/wp-content\/uploads\/2023\/04\/fondo-simbolos-01.png&#8221; background_size=&#8221;initial&#8221; background_repeat=&#8221;repeat&#8221; custom_margin=&#8221;0px||110px||false|false&#8221; custom_margin_tablet=&#8221;||70px||false|false&#8221; custom_margin_phone=&#8221;||60px||false|false&#8221; custom_margin_last_edited=&#8221;on|desktop&#8221; custom_padding=&#8221;0px||0px||false|false&#8221; global_module=&#8221;354&#8243; saved_tabs=&#8221;all&#8221; global_colors_info=&#8221;{}&#8221;][et_pb_row custom_padding_last_edited=&#8221;on|phone&#8221; _builder_version=&#8221;4.20.4&#8243; _module_preset=&#8221;default&#8221; custom_margin=&#8221;0px||0px||false|false&#8221; custom_padding=&#8221;5vw||5vw||true|false&#8221; custom_padding_tablet=&#8221;50px||50px||true|false&#8221; custom_padding_phone=&#8221;&#8221; collapsed=&#8221;off&#8221; global_colors_info=&#8221;{}&#8221;][et_pb_column type=&#8221;4_4&#8243; _builder_version=&#8221;4.20.4&#8243; _module_preset=&#8221;default&#8221; global_colors_info=&#8221;{}&#8221;][et_pb_post_title meta=&#8221;off&#8221; featured_image=&#8221;off&#8221; admin_label=&#8221;T\u00edtulo de publicaci\u00f3n&#8221; _builder_version=&#8221;4.20.4&#8243; _module_preset=&#8221;default&#8221; text_orientation=&#8221;center&#8221; custom_margin=&#8221;0px||1px||false|false&#8221; custom_padding=&#8221;0px||0px||false|false&#8221; global_colors_info=&#8221;{}&#8221;][\/et_pb_post_title][et_pb_text admin_label=&#8221;Texto&#8221; module_class=&#8221;migas&#8221; _builder_version=&#8221;4.20.4&#8243; _module_preset=&#8221;default&#8221; text_font=&#8221;|600|||||||&#8221; text_text_color=&#8221;#455A64&#8243; link_font=&#8221;|600||on|||||&#8221; link_text_color=&#8221;#455A64&#8243; link_font_size=&#8221;0.9rem&#8221; text_orientation=&#8221;center&#8221; custom_margin=&#8221;0px||0px||false|false&#8221; custom_padding=&#8221;0px||0px||false|false&#8221; global_colors_info=&#8221;{}&#8221;]<\/p>\n<span><span><a href=\"https:\/\/www.aspadex.org\/gl\/inicio\/\">Portada<\/a><\/span><\/span>\n<p>[\/et_pb_text][\/et_pb_column][\/et_pb_row][\/et_pb_section][et_pb_section fb_built=&#8221;1&#8243; _builder_version=&#8221;4.20.4&#8243; _module_preset=&#8221;default&#8221; background_image=&#8221;https:\/\/www.aspadex.org\/wp-content\/uploads\/2023\/04\/fondo-video-aspadex.png&#8221; custom_margin=&#8221;0px||110px||false|false&#8221; custom_margin_tablet=&#8221;||70px||false|false&#8221; custom_margin_phone=&#8221;||60px||false|false&#8221; custom_margin_last_edited=&#8221;on|desktop&#8221; custom_padding=&#8221;0px||0px||false|false&#8221; saved_tabs=&#8221;all&#8221; global_colors_info=&#8221;{}&#8221;][et_pb_row _builder_version=&#8221;4.20.4&#8243; _module_preset=&#8221;default&#8221; custom_margin=&#8221;0px||40px||false|false&#8221; custom_padding=&#8221;0px||0px||false|false&#8221; global_colors_info=&#8221;{}&#8221;][et_pb_column type=&#8221;4_4&#8243; _builder_version=&#8221;4.20.4&#8243; _module_preset=&#8221;default&#8221; global_colors_info=&#8221;{}&#8221;][et_pb_text module_class=&#8221;bloque-titulo&#8221; _builder_version=&#8221;4.20.4&#8243; _module_preset=&#8221;default&#8221; header_2_text_color=&#8221;#455A64&#8243; text_orientation=&#8221;center&#8221; custom_margin=&#8221;0px||20px||false|false&#8221; custom_padding=&#8221;0px||0px||false|false&#8221; hover_enabled=&#8221;0&#8243; global_colors_info=&#8221;{}&#8221; sticky_enabled=&#8221;0&#8243;]<\/p>\n<h2>\u00c9tica <strong>e principios<\/strong><\/h2>\n<p>[\/et_pb_text][\/et_pb_column][\/et_pb_row][et_pb_row _builder_version=&#8221;4.20.4&#8243; _module_preset=&#8221;default&#8221; max_width=&#8221;780px&#8221; custom_margin=&#8221;0px||0px||false|false&#8221; custom_padding=&#8221;0px||0px||false|false&#8221; global_colors_info=&#8221;{}&#8221;][et_pb_column type=&#8221;4_4&#8243; _builder_version=&#8221;4.20.4&#8243; _module_preset=&#8221;default&#8221; global_colors_info=&#8221;{}&#8221;][et_pb_text _builder_version=&#8221;4.20.4&#8243; _module_preset=&#8221;default&#8221; text_font_size=&#8221;1.25rem&#8221; text_line_height=&#8221;1.6em&#8221; text_orientation=&#8221;center&#8221; max_width=&#8221;700px&#8221; module_alignment=&#8221;center&#8221; hover_enabled=&#8221;0&#8243; global_colors_info=&#8221;{}&#8221; sticky_enabled=&#8221;0&#8243;]<\/p>\n<p>ASPADEX cre na persoa en nas s\u00faas capacidades, na corresponsabilidade de t\u00f3dolos membros da organizaci\u00f3n, e na rentabilidade social como elemento xerador de riqueza que se reinvirte na propia entidade e na comunidade.<\/p>\n<p>[\/et_pb_text][et_pb_text _builder_version=&#8221;4.20.4&#8243; _module_preset=&#8221;default&#8221; text_orientation=&#8221;center&#8221; max_width=&#8221;700px&#8221; module_alignment=&#8221;center&#8221; hover_enabled=&#8221;0&#8243; global_colors_info=&#8221;{}&#8221; sticky_enabled=&#8221;0&#8243;]<\/p>\n<p>Os nosos principios, valores e normas son  acordes \u00f3 c\u00f3digo \u00e9tico de <a href=\"http:\/\/www.plenainclusion.org\/informate\/publicaciones\/codigo-etico-de-plena-inclusion\" target=\"_blank\" rel=\"noopener\">PLENA INCLUSI\u00d3N<\/a>, concretado nunha  serie de actuaci\u00f3ns pr\u00e1cticas que rixen o noso d\u00eda a d\u00eda.<\/p>\n<p>[\/et_pb_text][et_pb_toggle title=&#8221;C\u00f3digo \u00c9tico de Aspadex &#8221; open_toggle_text_color=&#8221;#8CC066&#8243; open_toggle_background_color=&#8221;rgba(232,242,224,0.19)&#8221; closed_toggle_text_color=&#8221;#455A64&#8243; closed_toggle_background_color=&#8221;#E8F2E0&#8243; icon_color=&#8221;#8CC066&#8243; toggle_icon=&#8221;&#x22;||divi||400&#8243; use_icon_font_size=&#8221;on&#8221; icon_font_size=&#8221;35px&#8221; open_icon_color=&#8221;#8CC066&#8243; open_toggle_icon=&#8221;&#x21;||divi||400&#8243; open_use_icon_font_size=&#8221;on&#8221; open_icon_font_size=&#8221;35px&#8221; _builder_version=&#8221;4.20.4&#8243; _module_preset=&#8221;default&#8221; title_text_color=&#8221;#455A64&#8243; title_level=&#8221;h3&#8243; title_font=&#8221;|700|||||||&#8221; title_font_size=&#8221;1.5rem&#8221; custom_margin=&#8221;0px||0px||false|false&#8221; custom_padding=&#8221;||||false|false&#8221; hover_enabled=&#8221;0&#8243; border_radii=&#8221;on|50px|50px|50px|50px&#8221; border_width_all=&#8221;0px&#8221; global_colors_info=&#8221;{}&#8221; sticky_enabled=&#8221;0&#8243;]<\/p>\n<ol>\n<li><strong>Falamos cun<\/strong> <strong>tono de voz axeitado<\/strong>, sen elevar a voz. Acheg\u00e1monos \u00e1s persoas para falar con elas ou para dar instruci\u00f3ns. Non damos berros dun lado a outro do obradoiro, ou da sala, ou polos corredores. Ademais, <strong>comprobamos que a persoa entendeu<\/strong> o que lle dixemos.<\/li>\n<li><strong>Chamamos \u00e1s persoas polo seu nome<\/strong>. Non est\u00e1n permitidos os alcumes ou as etiquetas que non sexan aceptadas pola persoa ou pola familia. Trataremos aos usuarios sempre dun xeito <strong>acorde \u00e1 s\u00faa idade real<\/strong>. Damos sempre <strong>mensaxes positivas e construtivas<\/strong>. Reforzamos actitudes de compa\u00f1eirismo, as\u00ed como as cousas ben feitas e ensinamos (non criticamos) a mellorar as demais. Evitamos facer comentarios negativos ou correcci\u00f3ns diante doutras persoas. Evitamos falar diante da persoa <strong>coma se non estivese presente<\/strong>. Evitamos <strong>falar de uns usuarios en presenza doutros<\/strong>. Respectamos o dereito \u00e1 confidencialidade dos datos e a lei de protecci\u00f3n de datos.<\/li>\n<\/ol>\n<p><l><strong>Respectamos o dereito \u00e1 intimidade<\/strong> e os <strong>bens dos usuarios<\/strong>. Por exemplo, as portas dos ba\u00f1os estar\u00e1n sempre pechadas cando se estean a usar; non entraremos en espazos privados sen chamar e avisar; informaremos \u00e1s persoas e pediremos a s\u00faa autorizaci\u00f3n para coller obxectos persoais, etc. Temos en conta e asesoramos nas <strong>necesidades afectivo-sexuais dos usuarios<\/strong>. As mostras afectivas entre usuarios dirixiranse a espazos e horarios f\u00f3ra de obradoiros e actividades; explicar\u00e9moslles que estamos buscando respectar a s\u00faa intimidade.<\/l><\/p>\n<ol>\n<li><strong>Teremos en conta a opini\u00f3n dos usuarios<\/strong> (dar a elixir antes que impo\u00f1er). Se \u00e9 necesario, reorganizaremos tarefas, horarios, etc., para respectar a opini\u00f3n dos usuarios. Buscaremos sistematicamente <strong>oportunidades<\/strong> ao longo do d\u00eda nas que poidan facer elecci\u00f3ns, <strong>tomar decisi\u00f3ns<\/strong>, as\u00ed como para fomentar distintos tipos de aprendizaxes.<\/li>\n<li><strong>Anticipamos a informaci\u00f3n<\/strong> sobre o que vai ocorrer: que se vai facer, con quen, onde, como, etc. D\u00e1moslles sempre unha informaci\u00f3n transparente, adaptada e veraz, sen influ\u00edr nas s\u00faas opini\u00f3ns e crenzas.<\/li>\n<li><strong>Supervisaremos<\/strong> especialmente a <strong>hixiene \u00edntima<\/strong> dos usuarios. Estableceremos frecuencias personalizadas de supervisi\u00f3n e cambio de cueiro, compresa, etc., evitando que permanezan sucios, tam\u00e9n procuraremos que os usuarios estean correctamente hidratados.<\/li>\n<li><strong>Respectamos os seus ritmos de aprendizaxe<\/strong> ou de realizaci\u00f3n de actividades; non temos pr\u00e9sa, deixamos facer antes de facer por eles.<\/li>\n<li><strong>Axudaremos no acceso ao transporte<\/strong> \u00e1s persoas con problemas de mobilidade; supervisaremos o <strong>lavado de dentes<\/strong>, e en xeral apoiaremos todas as <strong>actividades<\/strong> xerais nas que as persoas <strong>poidan necesitar apoios<\/strong>.<\/li>\n<li>Estableceremos <strong>apoios personalizados<\/strong> para cada usuario e encargaremonos de prestar e facer que se presten os apoios necesarios, fomentando aquelas actividades que favorezan a <strong>inclusi\u00f3n social<\/strong> optando pola oferta comunitaria e lugares habituais de lecer, sempre que as s\u00faas capacidades o permitan. <strong>Organizaremos de forma axeitada e funcional<\/strong> a nosa xornada de traballo para non interferir na atenci\u00f3n que est\u00e1n a dar outros profesionais.<\/li>\n<li>Somos un <strong>modelo para os usuarios<\/strong>, polo que debemos actuar en consecuencia, tendo en conta que aprenden observ\u00e1ndonos. Po\u00f1eremos en <strong>co\u00f1ecemento da direcci\u00f3n<\/strong> calquera <strong>incumprimento deste dec\u00e1logo<\/strong>, porque entendemos que <strong>traballamos por e para as persoas con discapacidade<\/strong> da organizaci\u00f3n, e temos que ter claro que te\u00f1en a mesma responsabilidade os que incumpren que os que ven que se incumpre e o permiten.<\/li>\n<\/ol>\n<p>[\/et_pb_toggle][\/et_pb_column][\/et_pb_row][\/et_pb_section][et_pb_section fb_built=&#8221;1&#8243; _builder_version=&#8221;4.20.4&#8243; _module_preset=&#8221;default&#8221; custom_margin=&#8221;0px||110px||false|false&#8221; custom_margin_tablet=&#8221;||70px||false|false&#8221; custom_margin_phone=&#8221;||60px||false|false&#8221; custom_margin_last_edited=&#8221;on|desktop&#8221; custom_padding=&#8221;0px||0px||false|false&#8221; global_colors_info=&#8221;{}&#8221;][et_pb_row _builder_version=&#8221;4.20.4&#8243; _module_preset=&#8221;default&#8221; width=&#8221;100%&#8221; max_width=&#8221;100%&#8221; custom_margin=&#8221;0px||0px||false|false&#8221; custom_padding=&#8221;0px||0px||false|false&#8221; global_colors_info=&#8221;{}&#8221;][et_pb_column type=&#8221;4_4&#8243; _builder_version=&#8221;4.20.4&#8243; _module_preset=&#8221;default&#8221; global_colors_info=&#8221;{}&#8221;][et_pb_image src=&#8221;https:\/\/www.aspadex.org\/wp-content\/uploads\/2023\/04\/asociacion-aspadex-scaled.jpg&#8221; alt=&#8221;C\u00f3digo \u00e9tico ASPADEX&#8221; title_text=&#8221;C\u00f3digo \u00e9tico ASPADEX&#8221; align=&#8221;center&#8221; _builder_version=&#8221;4.20.4&#8243; _module_preset=&#8221;default&#8221; global_colors_info=&#8221;{}&#8221;][\/et_pb_image][\/et_pb_column][\/et_pb_row][\/et_pb_section]<\/p>\n","protected":false},"excerpt":{"rendered":"<p><span><span><a href=\"https:\/\/www.aspadex.org\/gl\/inicio\/\">Portada<\/a><\/span><\/span>\u00c9tica e principiosASPADEX cre na persoa en nas s\u00faas capacidades, na corresponsabilidade de t\u00f3dolos membros da organizaci\u00f3n, e na rentabilidade social como elemento xerador de riqueza que se reinvirte na propia entidade e na comunidade.Os nosos principios, valores e normas son acordes \u00f3 c\u00f3digo \u00e9tico de PLENA INCLUSI\u00d3N, concretado nunha serie de actuaci\u00f3ns pr\u00e1cticas que [&hellip;]<\/p>\n","protected":false},"author":1,"featured_media":0,"parent":0,"menu_order":0,"comment_status":"closed","ping_status":"closed","template":"","meta":{"_et_pb_use_builder":"on","_et_pb_old_content":"","_et_gb_content_width":"","footnotes":""},"class_list":["post-407206","page","type-page","status-publish","hentry"],"yoast_head":"<!-- This site is optimized with the Yoast SEO plugin v20.5 - https:\/\/yoast.com\/wordpress\/plugins\/seo\/ -->\n<title>C\u00f3digo \u00c9tico &bull; ASPADEX<\/title>\n<meta name=\"description\" content=\"Nuestros principios, valores y normas est\u00e1n acordes al c\u00f3digo \u00e9tico de Plena Inclusi\u00f3n.\" \/>\n<meta name=\"robots\" content=\"index, follow, max-snippet:-1, max-image-preview:large, max-video-preview:-1\" \/>\n<link rel=\"canonical\" href=\"https:\/\/www.aspadex.org\/gl\/codigo-etico\/\" \/>\n<meta property=\"og:locale\" content=\"gl_ES\" \/>\n<meta property=\"og:type\" content=\"article\" \/>\n<meta property=\"og:title\" content=\"C\u00f3digo \u00c9tico &bull; ASPADEX\" \/>\n<meta property=\"og:description\" content=\"Nuestros principios, valores y normas est\u00e1n acordes al c\u00f3digo \u00e9tico de Plena Inclusi\u00f3n.\" \/>\n<meta property=\"og:url\" content=\"https:\/\/www.aspadex.org\/gl\/codigo-etico\/\" \/>\n<meta property=\"og:site_name\" content=\"ASPADEX\" \/>\n<meta property=\"article:modified_time\" content=\"2025-05-08T09:54:34+00:00\" \/>\n<meta name=\"twitter:card\" content=\"summary_large_image\" \/>\n<meta name=\"twitter:label1\" content=\"Tempo de lectura\" \/>\n\t<meta name=\"twitter:data1\" content=\"4 minutos\" \/>\n<script type=\"application\/ld+json\" class=\"yoast-schema-graph\">{\"@context\":\"https:\/\/schema.org\",\"@graph\":[{\"@type\":\"WebPage\",\"@id\":\"https:\/\/www.aspadex.org\/gl\/codigo-etico\/\",\"url\":\"https:\/\/www.aspadex.org\/gl\/codigo-etico\/\",\"name\":\"C\u00f3digo \u00c9tico &bull; ASPADEX\",\"isPartOf\":{\"@id\":\"https:\/\/www.aspadex.org\/gl\/#website\"},\"datePublished\":\"2023-04-26T08:28:12+00:00\",\"dateModified\":\"2025-05-08T09:54:34+00:00\",\"description\":\"Nuestros principios, valores y normas est\u00e1n acordes al c\u00f3digo \u00e9tico de Plena Inclusi\u00f3n.\",\"breadcrumb\":{\"@id\":\"https:\/\/www.aspadex.org\/gl\/codigo-etico\/#breadcrumb\"},\"inLanguage\":\"gl-ES\",\"potentialAction\":[{\"@type\":\"ReadAction\",\"target\":[\"https:\/\/www.aspadex.org\/gl\/codigo-etico\/\"]}]},{\"@type\":\"BreadcrumbList\",\"@id\":\"https:\/\/www.aspadex.org\/gl\/codigo-etico\/#breadcrumb\",\"itemListElement\":[{\"@type\":\"ListItem\",\"position\":1,\"name\":\"Portada\",\"item\":\"https:\/\/www.aspadex.org\/gl\/inicio\/\"},{\"@type\":\"ListItem\",\"position\":2,\"name\":\"C\u00f3digo \u00c9tico\"}]},{\"@type\":\"WebSite\",\"@id\":\"https:\/\/www.aspadex.org\/gl\/#website\",\"url\":\"https:\/\/www.aspadex.org\/gl\/\",\"name\":\"ASPADEX\",\"description\":\"Asociaci\u00f3n de padres de personas con discapacidad intelectual\",\"publisher\":{\"@id\":\"https:\/\/www.aspadex.org\/gl\/#organization\"},\"potentialAction\":[{\"@type\":\"SearchAction\",\"target\":{\"@type\":\"EntryPoint\",\"urlTemplate\":\"https:\/\/www.aspadex.org\/gl\/?s={search_term_string}\"},\"query-input\":\"required name=search_term_string\"}],\"inLanguage\":\"gl-ES\"},{\"@type\":\"Organization\",\"@id\":\"https:\/\/www.aspadex.org\/gl\/#organization\",\"name\":\"ASPADEX\",\"alternateName\":\"Asociaci\u00f3n de padres de personas con discapacidad intelectual\",\"url\":\"https:\/\/www.aspadex.org\/gl\/\",\"logo\":{\"@type\":\"ImageObject\",\"inLanguage\":\"gl-ES\",\"@id\":\"https:\/\/www.aspadex.org\/gl\/#\/schema\/logo\/image\/\",\"url\":\"https:\/\/www.aspadex.org\/wp-content\/uploads\/2023\/04\/logotipo-aspadex-cuadrado-01-01.svg\",\"contentUrl\":\"https:\/\/www.aspadex.org\/wp-content\/uploads\/2023\/04\/logotipo-aspadex-cuadrado-01-01.svg\",\"width\":247,\"height\":235,\"caption\":\"ASPADEX\"},\"image\":{\"@id\":\"https:\/\/www.aspadex.org\/gl\/#\/schema\/logo\/image\/\"}}]}<\/script>\n<!-- \/ Yoast SEO plugin. -->","yoast_head_json":{"title":"C\u00f3digo \u00c9tico &bull; ASPADEX","description":"Nuestros principios, valores y normas est\u00e1n acordes al c\u00f3digo \u00e9tico de Plena Inclusi\u00f3n.","robots":{"index":"index","follow":"follow","max-snippet":"max-snippet:-1","max-image-preview":"max-image-preview:large","max-video-preview":"max-video-preview:-1"},"canonical":"https:\/\/www.aspadex.org\/gl\/codigo-etico\/","og_locale":"gl_ES","og_type":"article","og_title":"C\u00f3digo \u00c9tico &bull; ASPADEX","og_description":"Nuestros principios, valores y normas est\u00e1n acordes al c\u00f3digo \u00e9tico de Plena Inclusi\u00f3n.","og_url":"https:\/\/www.aspadex.org\/gl\/codigo-etico\/","og_site_name":"ASPADEX","article_modified_time":"2025-05-08T09:54:34+00:00","twitter_card":"summary_large_image","twitter_misc":{"Tempo de lectura":"4 minutos"},"schema":{"@context":"https:\/\/schema.org","@graph":[{"@type":"WebPage","@id":"https:\/\/www.aspadex.org\/gl\/codigo-etico\/","url":"https:\/\/www.aspadex.org\/gl\/codigo-etico\/","name":"C\u00f3digo \u00c9tico &bull; ASPADEX","isPartOf":{"@id":"https:\/\/www.aspadex.org\/gl\/#website"},"datePublished":"2023-04-26T08:28:12+00:00","dateModified":"2025-05-08T09:54:34+00:00","description":"Nuestros principios, valores y normas est\u00e1n acordes al c\u00f3digo \u00e9tico de Plena Inclusi\u00f3n.","breadcrumb":{"@id":"https:\/\/www.aspadex.org\/gl\/codigo-etico\/#breadcrumb"},"inLanguage":"gl-ES","potentialAction":[{"@type":"ReadAction","target":["https:\/\/www.aspadex.org\/gl\/codigo-etico\/"]}]},{"@type":"BreadcrumbList","@id":"https:\/\/www.aspadex.org\/gl\/codigo-etico\/#breadcrumb","itemListElement":[{"@type":"ListItem","position":1,"name":"Portada","item":"https:\/\/www.aspadex.org\/gl\/inicio\/"},{"@type":"ListItem","position":2,"name":"C\u00f3digo \u00c9tico"}]},{"@type":"WebSite","@id":"https:\/\/www.aspadex.org\/gl\/#website","url":"https:\/\/www.aspadex.org\/gl\/","name":"ASPADEX","description":"Asociaci\u00f3n de padres de personas con discapacidad intelectual","publisher":{"@id":"https:\/\/www.aspadex.org\/gl\/#organization"},"potentialAction":[{"@type":"SearchAction","target":{"@type":"EntryPoint","urlTemplate":"https:\/\/www.aspadex.org\/gl\/?s={search_term_string}"},"query-input":"required name=search_term_string"}],"inLanguage":"gl-ES"},{"@type":"Organization","@id":"https:\/\/www.aspadex.org\/gl\/#organization","name":"ASPADEX","alternateName":"Asociaci\u00f3n de padres de personas con discapacidad intelectual","url":"https:\/\/www.aspadex.org\/gl\/","logo":{"@type":"ImageObject","inLanguage":"gl-ES","@id":"https:\/\/www.aspadex.org\/gl\/#\/schema\/logo\/image\/","url":"https:\/\/www.aspadex.org\/wp-content\/uploads\/2023\/04\/logotipo-aspadex-cuadrado-01-01.svg","contentUrl":"https:\/\/www.aspadex.org\/wp-content\/uploads\/2023\/04\/logotipo-aspadex-cuadrado-01-01.svg","width":247,"height":235,"caption":"ASPADEX"},"image":{"@id":"https:\/\/www.aspadex.org\/gl\/#\/schema\/logo\/image\/"}}]}},"jetpack_sharing_enabled":true,"_links":{"self":[{"href":"https:\/\/www.aspadex.org\/gl\/wp-json\/wp\/v2\/pages\/407206","targetHints":{"allow":["GET"]}}],"collection":[{"href":"https:\/\/www.aspadex.org\/gl\/wp-json\/wp\/v2\/pages"}],"about":[{"href":"https:\/\/www.aspadex.org\/gl\/wp-json\/wp\/v2\/types\/page"}],"author":[{"embeddable":true,"href":"https:\/\/www.aspadex.org\/gl\/wp-json\/wp\/v2\/users\/1"}],"replies":[{"embeddable":true,"href":"https:\/\/www.aspadex.org\/gl\/wp-json\/wp\/v2\/comments?post=407206"}],"version-history":[{"count":2,"href":"https:\/\/www.aspadex.org\/gl\/wp-json\/wp\/v2\/pages\/407206\/revisions"}],"predecessor-version":[{"id":407287,"href":"https:\/\/www.aspadex.org\/gl\/wp-json\/wp\/v2\/pages\/407206\/revisions\/407287"}],"wp:attachment":[{"href":"https:\/\/www.aspadex.org\/gl\/wp-json\/wp\/v2\/media?parent=407206"}],"curies":[{"name":"wp","href":"https:\/\/api.w.org\/{rel}","templated":true}]}}