{"id":407240,"date":"2023-04-26T10:27:44","date_gmt":"2023-04-26T08:27:44","guid":{"rendered":"https:\/\/www.aspadex.org\/discapacidad-intelectual\/"},"modified":"2025-05-08T12:06:14","modified_gmt":"2025-05-08T10:06:14","slug":"discapacidade-intelectual","status":"publish","type":"page","link":"https:\/\/www.aspadex.org\/gl\/discapacidade-intelectual\/","title":{"rendered":"Discapacidade intelectual"},"content":{"rendered":"<p>[et_pb_section fb_built=&#8221;1&#8243; _builder_version=&#8221;4.20.4&#8243; _module_preset=&#8221;default&#8221; background_image=&#8221;https:\/\/www.aspadex.org\/wp-content\/uploads\/2023\/04\/fondo-simbolos-01.png&#8221; background_size=&#8221;initial&#8221; background_repeat=&#8221;repeat&#8221; custom_margin=&#8221;0px||110px||false|false&#8221; custom_margin_tablet=&#8221;||70px||false|false&#8221; custom_margin_phone=&#8221;||60px||false|false&#8221; custom_margin_last_edited=&#8221;on|desktop&#8221; custom_padding=&#8221;0px||0px||false|false&#8221; global_module=&#8221;354&#8243; saved_tabs=&#8221;all&#8221; global_colors_info=&#8221;{}&#8221;][et_pb_row custom_padding_last_edited=&#8221;on|phone&#8221; _builder_version=&#8221;4.20.4&#8243; _module_preset=&#8221;default&#8221; custom_margin=&#8221;0px||0px||false|false&#8221; custom_padding=&#8221;5vw||5vw||true|false&#8221; custom_padding_tablet=&#8221;50px||50px||true|false&#8221; custom_padding_phone=&#8221;&#8221; collapsed=&#8221;off&#8221; global_colors_info=&#8221;{}&#8221;][et_pb_column type=&#8221;4_4&#8243; _builder_version=&#8221;4.20.4&#8243; _module_preset=&#8221;default&#8221; global_colors_info=&#8221;{}&#8221;][et_pb_post_title meta=&#8221;off&#8221; featured_image=&#8221;off&#8221; admin_label=&#8221;T\u00edtulo de publicaci\u00f3n&#8221; _builder_version=&#8221;4.20.4&#8243; _module_preset=&#8221;default&#8221; text_orientation=&#8221;center&#8221; custom_margin=&#8221;0px||1px||false|false&#8221; custom_padding=&#8221;0px||0px||false|false&#8221; global_colors_info=&#8221;{}&#8221;][\/et_pb_post_title][et_pb_text admin_label=&#8221;Texto&#8221; module_class=&#8221;migas&#8221; _builder_version=&#8221;4.20.4&#8243; _module_preset=&#8221;default&#8221; text_font=&#8221;|600|||||||&#8221; text_text_color=&#8221;#455A64&#8243; link_font=&#8221;|600||on|||||&#8221; link_text_color=&#8221;#455A64&#8243; link_font_size=&#8221;0.9rem&#8221; text_orientation=&#8221;center&#8221; custom_margin=&#8221;0px||0px||false|false&#8221; custom_padding=&#8221;0px||0px||false|false&#8221; global_colors_info=&#8221;{}&#8221;]<\/p>\n<span><span><a href=\"https:\/\/www.aspadex.org\/gl\/inicio\/\">Portada<\/a><\/span><\/span>\n<p>[\/et_pb_text][\/et_pb_column][\/et_pb_row][\/et_pb_section][et_pb_section fb_built=&#8221;1&#8243; _builder_version=&#8221;4.20.4&#8243; _module_preset=&#8221;default&#8221; custom_margin=&#8221;0px||110px||false|false&#8221; custom_margin_tablet=&#8221;||70px||false|false&#8221; custom_margin_phone=&#8221;||60px||false|false&#8221; custom_margin_last_edited=&#8221;on|desktop&#8221; custom_padding=&#8221;0px||0px||false|false&#8221; saved_tabs=&#8221;all&#8221; global_colors_info=&#8221;{}&#8221;][et_pb_row _builder_version=&#8221;4.20.4&#8243; _module_preset=&#8221;default&#8221; max_width=&#8221;1240px&#8221; custom_margin=&#8221;0px||20px||false|false&#8221; custom_padding=&#8221;0px||0px||false|false&#8221; global_colors_info=&#8221;{}&#8221;][et_pb_column type=&#8221;4_4&#8243; _builder_version=&#8221;4.20.4&#8243; _module_preset=&#8221;default&#8221; global_colors_info=&#8221;{}&#8221;][et_pb_text _builder_version=&#8221;4.20.4&#8243; _module_preset=&#8221;default&#8221; global_colors_info=&#8221;{}&#8221;]<\/p>\n<h2>Clasificaci\u00f3n<\/h2>\n<p>[\/et_pb_text][\/et_pb_column][\/et_pb_row][et_pb_row column_structure=&#8221;1_2,1_2&#8243; _builder_version=&#8221;4.20.4&#8243; _module_preset=&#8221;default&#8221; max_width=&#8221;1240px&#8221; custom_margin=&#8221;0px||40px||false|false&#8221; custom_padding=&#8221;0px||0px||false|false&#8221; global_colors_info=&#8221;{}&#8221;][et_pb_column type=&#8221;1_2&#8243; _builder_version=&#8221;4.20.4&#8243; _module_preset=&#8221;default&#8221; global_colors_info=&#8221;{}&#8221;][et_pb_text _builder_version=&#8221;4.20.4&#8243; _module_preset=&#8221;default&#8221; global_colors_info=&#8221;{}&#8221;]<\/p>\n<p>Segundo Miguel \u00c1ngel Verdugo Alonso, a nova revisi\u00f3n de definici\u00f3n da discapacidade caracter\u00edzase por:<\/p>\n<p>[\/et_pb_text][et_pb_blurb use_icon=&#8221;on&#8221; font_icon=&#8221;&#x3d;||divi||400&#8243; icon_color=&#8221;#D1E6C2&#8243; icon_placement=&#8221;left&#8221; image_icon_width=&#8221;30px&#8221; content_max_width=&#8221;100%&#8221; _builder_version=&#8221;4.20.4&#8243; _module_preset=&#8221;default&#8221; custom_margin=&#8221;0px||20px|3vw|false|false&#8221; custom_padding=&#8221;0px||0px||false|false&#8221; global_colors_info=&#8221;{}&#8221;]<\/p>\n<p>Limitaci\u00f3ns significativas no funcionamento intelectual<\/p>\n<p>[\/et_pb_blurb][et_pb_blurb use_icon=&#8221;on&#8221; font_icon=&#8221;&#x3d;||divi||400&#8243; icon_color=&#8221;#D1E6C2&#8243; icon_placement=&#8221;left&#8221; image_icon_width=&#8221;30px&#8221; content_max_width=&#8221;100%&#8221; _builder_version=&#8221;4.20.4&#8243; _module_preset=&#8221;default&#8221; custom_margin=&#8221;0px||20px|3vw|false|false&#8221; custom_padding=&#8221;0px||0px||false|false&#8221; global_colors_info=&#8221;{}&#8221;]<\/p>\n<p>E na conducta adaptativa, tal e como se manifesta nas habilidades conceptuais, sociais e pr\u00e1cticas.<\/p>\n<p>[\/et_pb_blurb][et_pb_blurb use_icon=&#8221;on&#8221; font_icon=&#8221;&#x3d;||divi||400&#8243; icon_color=&#8221;#D1E6C2&#8243; icon_placement=&#8221;left&#8221; image_icon_width=&#8221;30px&#8221; content_max_width=&#8221;100%&#8221; _builder_version=&#8221;4.20.4&#8243; _module_preset=&#8221;default&#8221; custom_margin=&#8221;0px||20px|3vw|false|false&#8221; custom_padding=&#8221;0px||0px||false|false&#8221; global_colors_info=&#8221;{}&#8221;]<\/p>\n<p>Esta discapacide orix\u00ednase durante o periodo de desenvolvemento, definido operativamente antes de que a persoa cumpra 22 anos.<\/p>\n<p>[\/et_pb_blurb][\/et_pb_column][et_pb_column type=&#8221;1_2&#8243; _builder_version=&#8221;4.20.4&#8243; _module_preset=&#8221;default&#8221; global_colors_info=&#8221;{}&#8221;][et_pb_text _builder_version=&#8221;4.20.4&#8243; _module_preset=&#8221;default&#8221; hover_enabled=&#8221;0&#8243; global_colors_info=&#8221;{}&#8221; sticky_enabled=&#8221;0&#8243;]<\/p>\n<p>Pode basearse na intensidade das necesidades de apoio, as limitaci\u00f3ns na conducta adaptativa ou o funcionamento intelectual. Depende da finalidade para clasificar a s\u00faa relevancia.<\/p>\n<p><strong>O mellor e o m\u00e1is eficaz para clasificala \u00e9 en base \u00f3 patr\u00f3n e intensidade das necesidades de apoio da persoa, xa que reflicte as posibilidades de progreso e \u00e9 un marco para a implementaci\u00f3n de sistemas e apoios con efecto positivo no funcionamento e benestar persoal.<\/strong><\/p>\n<p>[\/et_pb_text][\/et_pb_column][\/et_pb_row][\/et_pb_section][et_pb_section fb_built=&#8221;1&#8243; _builder_version=&#8221;4.20.4&#8243; _module_preset=&#8221;default&#8221; custom_margin=&#8221;0px||110px||false|false&#8221; custom_margin_tablet=&#8221;||70px||false|false&#8221; custom_margin_phone=&#8221;||60px||false|false&#8221; custom_margin_last_edited=&#8221;on|desktop&#8221; custom_padding=&#8221;0px||0px||false|false&#8221; saved_tabs=&#8221;all&#8221; global_colors_info=&#8221;{}&#8221;][et_pb_row _builder_version=&#8221;4.20.4&#8243; _module_preset=&#8221;default&#8221; custom_margin=&#8221;0px||40px||false|false&#8221; custom_padding=&#8221;0px||0px||false|false&#8221; global_colors_info=&#8221;{}&#8221;][et_pb_column type=&#8221;4_4&#8243; _builder_version=&#8221;4.20.4&#8243; _module_preset=&#8221;default&#8221; global_colors_info=&#8221;{}&#8221;][et_pb_text module_class=&#8221;bloque-titulo&#8221; _builder_version=&#8221;4.20.4&#8243; _module_preset=&#8221;default&#8221; header_2_text_color=&#8221;#455A64&#8243; header_3_text_color=&#8221;#455A64&#8243; text_orientation=&#8221;center&#8221; custom_margin=&#8221;0px||20px||false|false&#8221; custom_padding=&#8221;0px||0px||false|false&#8221; hover_enabled=&#8221;0&#8243; global_colors_info=&#8221;{}&#8221; sticky_enabled=&#8221;0&#8243;]<\/p>\n<h3>Discapacidade do <strong>desenvolvemento<\/strong><\/h3>\n<p>[\/et_pb_text][et_pb_text _builder_version=&#8221;4.20.4&#8243; _module_preset=&#8221;default&#8221; text_orientation=&#8221;center&#8221; hover_enabled=&#8221;0&#8243; global_colors_info=&#8221;{}&#8221; sticky_enabled=&#8221;0&#8243;]<\/p>\n<p>Unha discapacidade cr\u00f3nica severa que:<\/p>\n<p>[\/et_pb_text][\/et_pb_column][\/et_pb_row][et_pb_row column_structure=&#8221;1_2,1_2&#8243; use_custom_gutter=&#8221;on&#8221; gutter_width=&#8221;1&#8243; make_equal=&#8221;on&#8221; _builder_version=&#8221;4.20.4&#8243; _module_preset=&#8221;default&#8221; background_color=&#8221;#E8F2E0&#8243; max_width=&#8221;1240px&#8221; custom_margin=&#8221;0px||0px||false|false&#8221; custom_padding=&#8221;0px||0px||false|false&#8221; border_radii=&#8221;off|40px|40px||&#8221; global_colors_info=&#8221;{}&#8221;][et_pb_column type=&#8221;1_2&#8243; _builder_version=&#8221;4.20.4&#8243; _module_preset=&#8221;default&#8221; custom_padding=&#8221;5vw|5vw|5vw|5vw|true|true&#8221; global_colors_info=&#8221;{}&#8221;][et_pb_text _builder_version=&#8221;4.20.4&#8243; _module_preset=&#8221;default&#8221; text_font_size=&#8221;1.2rem&#8221; hover_enabled=&#8221;0&#8243; global_colors_info=&#8221;{}&#8221; sticky_enabled=&#8221;0&#8243;]<\/p>\n<ul>\n<li>\u00c9 atribu\u00edble a un impedimento mental ou f\u00edsico, ou a unha combinaci\u00f3n de impedimentos mentais e f\u00edsicos.<\/li>\n<li>Manif\u00e9stase antes de que a persoa cumpra 22 anos.<\/li>\n<li>\u00c9 probable que contin\u00fae indefinidamente.<\/li>\n<\/ul>\n<p>[\/et_pb_text][\/et_pb_column][et_pb_column type=&#8221;1_2&#8243; _builder_version=&#8221;4.20.4&#8243; _module_preset=&#8221;default&#8221; background_image=&#8221;https:\/\/www.aspadex.org\/wp-content\/uploads\/2023\/04\/aspadex-discapacidad-intelectual-01.jpg&#8221; background_last_edited=&#8221;on|tablet&#8221; background_enable_image_tablet=&#8221;off&#8221; global_colors_info=&#8221;{}&#8221;][et_pb_image src=&#8221;https:\/\/www.aspadex.org\/wp-content\/uploads\/2023\/04\/aspadex-discapacidad-intelectual-01.jpg&#8221; alt=&#8221;Discapacidad intelectual&#8221; title_text=&#8221;Discapacidad intelectual&#8221; disabled_on=&#8221;off|off|on&#8221; _builder_version=&#8221;4.20.4&#8243; _module_preset=&#8221;default&#8221; global_colors_info=&#8221;{}&#8221;][\/et_pb_image][\/et_pb_column][\/et_pb_row][et_pb_row column_structure=&#8221;1_2,1_2&#8243; use_custom_gutter=&#8221;on&#8221; gutter_width=&#8221;1&#8243; make_equal=&#8221;on&#8221; _builder_version=&#8221;4.20.4&#8243; _module_preset=&#8221;default&#8221; background_color=&#8221;#E8F2E0&#8243; max_width=&#8221;1240px&#8221; custom_margin=&#8221;0px||50px||false|false&#8221; custom_padding=&#8221;0px||0px||false|false&#8221; border_radii=&#8221;off|||40px|40px&#8221; global_colors_info=&#8221;{}&#8221;][et_pb_column type=&#8221;1_2&#8243; _builder_version=&#8221;4.20.4&#8243; _module_preset=&#8221;default&#8221; background_image=&#8221;https:\/\/www.aspadex.org\/wp-content\/uploads\/2023\/04\/aspadex-discapacidad-intelectual-02.jpg&#8221; background_last_edited=&#8221;on|tablet&#8221; background_enable_image_tablet=&#8221;off&#8221; global_colors_info=&#8221;{}&#8221;][et_pb_image src=&#8221;https:\/\/www.aspadex.org\/wp-content\/uploads\/2023\/04\/aspadex-discapacidad-intelectual-02.jpg&#8221; alt=&#8221;Discapacidad intelectual&#8221; title_text=&#8221;Discapacidad intelectual&#8221; disabled_on=&#8221;off|off|on&#8221; _builder_version=&#8221;4.20.4&#8243; _module_preset=&#8221;default&#8221; global_colors_info=&#8221;{}&#8221;][\/et_pb_image][\/et_pb_column][et_pb_column type=&#8221;1_2&#8243; _builder_version=&#8221;4.20.4&#8243; _module_preset=&#8221;default&#8221; custom_padding=&#8221;5vw|5vw|5vw|5vw|true|true&#8221; global_colors_info=&#8221;{}&#8221;][et_pb_text _builder_version=&#8221;4.20.4&#8243; _module_preset=&#8221;default&#8221; text_font_size=&#8221;1.2rem&#8221; global_colors_info=&#8221;{}&#8221;]<\/p>\n<ul>\n<li>D\u00e1 lugar a limitaci\u00f3ns funcion\u00e1is sustanciais en tres ou m\u00e1is \u00e1reas importantes da actividade da vida<\/li>\n<li>Reflexa a necesidde da persoa dunha combinaci\u00f3n e sucesi\u00f3n de servizos especiais, interdisciplinares ou xen\u00e9ricos, apoios individualizados e outras formas de asistencia que son de por vida ou de duraci\u00f3n extendida e que se planifican e coordinan individualmente\n<\/li>\n<\/ul>\n<p>[\/et_pb_text][\/et_pb_column][\/et_pb_row][et_pb_row _builder_version=&#8221;4.20.4&#8243; _module_preset=&#8221;default&#8221; global_colors_info=&#8221;{}&#8221;][et_pb_column type=&#8221;4_4&#8243; _builder_version=&#8221;4.20.4&#8243; _module_preset=&#8221;default&#8221; global_colors_info=&#8221;{}&#8221;][et_pb_button button_url=&#8221;https:\/\/www.plenainclusion.org\/noticias\/la-discapacidad-intelectual-tiene-una-nueva-definicion-y-la-explicamos\/&#8221; url_new_window=&#8221;on&#8221; button_text=&#8221;M\u00e1is info en Plena Inclusi\u00f3n&#8221; button_alignment=&#8221;center&#8221; _builder_version=&#8221;4.20.4&#8243; _module_preset=&#8221;default&#8221; global_colors_info=&#8221;{}&#8221;][\/et_pb_button][\/et_pb_column][\/et_pb_row][\/et_pb_section]<\/p>\n","protected":false},"excerpt":{"rendered":"<p><span><span><a href=\"https:\/\/www.aspadex.org\/gl\/inicio\/\">Portada<\/a><\/span><\/span>Clasificaci\u00f3nSegundo Miguel \u00c1ngel Verdugo Alonso, a nova revisi\u00f3n de definici\u00f3n da discapacidade caracter\u00edzase por:Limitaci\u00f3ns significativas no funcionamento intelectualE na conducta adaptativa, tal e como se manifesta nas habilidades conceptuais, sociais e pr\u00e1cticas.Esta discapacide orix\u00ednase durante o periodo de desenvolvemento, definido operativamente antes de que a persoa cumpra 22 anos.Pode basearse na intensidade das necesidades de [&hellip;]<\/p>\n","protected":false},"author":1,"featured_media":0,"parent":0,"menu_order":0,"comment_status":"closed","ping_status":"closed","template":"","meta":{"_et_pb_use_builder":"on","_et_pb_old_content":"","_et_gb_content_width":"","footnotes":""},"class_list":["post-407240","page","type-page","status-publish","hentry"],"yoast_head":"<!-- This site is optimized with the Yoast SEO plugin v20.5 - https:\/\/yoast.com\/wordpress\/plugins\/seo\/ -->\n<title>Discapacidade intelectual &bull; ASPADEX<\/title>\n<meta name=\"description\" content=\"El mejor modo y el m\u00e1s eficaz de clasificar la discapacidad intelectual es en base al patr\u00f3n de intensidad de las necesidades de apoyo de la persona.\" \/>\n<meta name=\"robots\" content=\"index, follow, max-snippet:-1, max-image-preview:large, max-video-preview:-1\" \/>\n<link rel=\"canonical\" href=\"https:\/\/www.aspadex.org\/gl\/discapacidade-intelectual\/\" \/>\n<meta property=\"og:locale\" content=\"gl_ES\" \/>\n<meta property=\"og:type\" content=\"article\" \/>\n<meta property=\"og:title\" content=\"Discapacidade intelectual &bull; ASPADEX\" \/>\n<meta property=\"og:description\" content=\"El mejor modo y el m\u00e1s eficaz de clasificar la discapacidad intelectual es en base al patr\u00f3n de intensidad de las necesidades de apoyo de la persona.\" \/>\n<meta property=\"og:url\" content=\"https:\/\/www.aspadex.org\/gl\/discapacidade-intelectual\/\" \/>\n<meta property=\"og:site_name\" content=\"ASPADEX\" \/>\n<meta property=\"article:modified_time\" content=\"2025-05-08T10:06:14+00:00\" \/>\n<meta name=\"twitter:card\" content=\"summary_large_image\" \/>\n<meta name=\"twitter:label1\" content=\"Tempo de lectura\" \/>\n\t<meta name=\"twitter:data1\" content=\"3 minutos\" \/>\n<script type=\"application\/ld+json\" class=\"yoast-schema-graph\">{\"@context\":\"https:\/\/schema.org\",\"@graph\":[{\"@type\":\"WebPage\",\"@id\":\"https:\/\/www.aspadex.org\/gl\/discapacidade-intelectual\/\",\"url\":\"https:\/\/www.aspadex.org\/gl\/discapacidade-intelectual\/\",\"name\":\"Discapacidade intelectual &bull; ASPADEX\",\"isPartOf\":{\"@id\":\"https:\/\/www.aspadex.org\/gl\/#website\"},\"datePublished\":\"2023-04-26T08:27:44+00:00\",\"dateModified\":\"2025-05-08T10:06:14+00:00\",\"description\":\"El mejor modo y el m\u00e1s eficaz de clasificar la discapacidad intelectual es en base al patr\u00f3n de intensidad de las necesidades de apoyo de la persona.\",\"breadcrumb\":{\"@id\":\"https:\/\/www.aspadex.org\/gl\/discapacidade-intelectual\/#breadcrumb\"},\"inLanguage\":\"gl-ES\",\"potentialAction\":[{\"@type\":\"ReadAction\",\"target\":[\"https:\/\/www.aspadex.org\/gl\/discapacidade-intelectual\/\"]}]},{\"@type\":\"BreadcrumbList\",\"@id\":\"https:\/\/www.aspadex.org\/gl\/discapacidade-intelectual\/#breadcrumb\",\"itemListElement\":[{\"@type\":\"ListItem\",\"position\":1,\"name\":\"Portada\",\"item\":\"https:\/\/www.aspadex.org\/gl\/inicio\/\"},{\"@type\":\"ListItem\",\"position\":2,\"name\":\"Discapacidade intelectual\"}]},{\"@type\":\"WebSite\",\"@id\":\"https:\/\/www.aspadex.org\/gl\/#website\",\"url\":\"https:\/\/www.aspadex.org\/gl\/\",\"name\":\"ASPADEX\",\"description\":\"Asociaci\u00f3n de padres de personas con discapacidad intelectual\",\"publisher\":{\"@id\":\"https:\/\/www.aspadex.org\/gl\/#organization\"},\"potentialAction\":[{\"@type\":\"SearchAction\",\"target\":{\"@type\":\"EntryPoint\",\"urlTemplate\":\"https:\/\/www.aspadex.org\/gl\/?s={search_term_string}\"},\"query-input\":\"required name=search_term_string\"}],\"inLanguage\":\"gl-ES\"},{\"@type\":\"Organization\",\"@id\":\"https:\/\/www.aspadex.org\/gl\/#organization\",\"name\":\"ASPADEX\",\"alternateName\":\"Asociaci\u00f3n de padres de personas con discapacidad intelectual\",\"url\":\"https:\/\/www.aspadex.org\/gl\/\",\"logo\":{\"@type\":\"ImageObject\",\"inLanguage\":\"gl-ES\",\"@id\":\"https:\/\/www.aspadex.org\/gl\/#\/schema\/logo\/image\/\",\"url\":\"https:\/\/www.aspadex.org\/wp-content\/uploads\/2023\/04\/logotipo-aspadex-cuadrado-01-01.svg\",\"contentUrl\":\"https:\/\/www.aspadex.org\/wp-content\/uploads\/2023\/04\/logotipo-aspadex-cuadrado-01-01.svg\",\"width\":247,\"height\":235,\"caption\":\"ASPADEX\"},\"image\":{\"@id\":\"https:\/\/www.aspadex.org\/gl\/#\/schema\/logo\/image\/\"}}]}<\/script>\n<!-- \/ Yoast SEO plugin. -->","yoast_head_json":{"title":"Discapacidade intelectual &bull; ASPADEX","description":"El mejor modo y el m\u00e1s eficaz de clasificar la discapacidad intelectual es en base al patr\u00f3n de intensidad de las necesidades de apoyo de la persona.","robots":{"index":"index","follow":"follow","max-snippet":"max-snippet:-1","max-image-preview":"max-image-preview:large","max-video-preview":"max-video-preview:-1"},"canonical":"https:\/\/www.aspadex.org\/gl\/discapacidade-intelectual\/","og_locale":"gl_ES","og_type":"article","og_title":"Discapacidade intelectual &bull; ASPADEX","og_description":"El mejor modo y el m\u00e1s eficaz de clasificar la discapacidad intelectual es en base al patr\u00f3n de intensidad de las necesidades de apoyo de la persona.","og_url":"https:\/\/www.aspadex.org\/gl\/discapacidade-intelectual\/","og_site_name":"ASPADEX","article_modified_time":"2025-05-08T10:06:14+00:00","twitter_card":"summary_large_image","twitter_misc":{"Tempo de lectura":"3 minutos"},"schema":{"@context":"https:\/\/schema.org","@graph":[{"@type":"WebPage","@id":"https:\/\/www.aspadex.org\/gl\/discapacidade-intelectual\/","url":"https:\/\/www.aspadex.org\/gl\/discapacidade-intelectual\/","name":"Discapacidade intelectual &bull; ASPADEX","isPartOf":{"@id":"https:\/\/www.aspadex.org\/gl\/#website"},"datePublished":"2023-04-26T08:27:44+00:00","dateModified":"2025-05-08T10:06:14+00:00","description":"El mejor modo y el m\u00e1s eficaz de clasificar la discapacidad intelectual es en base al patr\u00f3n de intensidad de las necesidades de apoyo de la persona.","breadcrumb":{"@id":"https:\/\/www.aspadex.org\/gl\/discapacidade-intelectual\/#breadcrumb"},"inLanguage":"gl-ES","potentialAction":[{"@type":"ReadAction","target":["https:\/\/www.aspadex.org\/gl\/discapacidade-intelectual\/"]}]},{"@type":"BreadcrumbList","@id":"https:\/\/www.aspadex.org\/gl\/discapacidade-intelectual\/#breadcrumb","itemListElement":[{"@type":"ListItem","position":1,"name":"Portada","item":"https:\/\/www.aspadex.org\/gl\/inicio\/"},{"@type":"ListItem","position":2,"name":"Discapacidade intelectual"}]},{"@type":"WebSite","@id":"https:\/\/www.aspadex.org\/gl\/#website","url":"https:\/\/www.aspadex.org\/gl\/","name":"ASPADEX","description":"Asociaci\u00f3n de padres de personas con discapacidad intelectual","publisher":{"@id":"https:\/\/www.aspadex.org\/gl\/#organization"},"potentialAction":[{"@type":"SearchAction","target":{"@type":"EntryPoint","urlTemplate":"https:\/\/www.aspadex.org\/gl\/?s={search_term_string}"},"query-input":"required name=search_term_string"}],"inLanguage":"gl-ES"},{"@type":"Organization","@id":"https:\/\/www.aspadex.org\/gl\/#organization","name":"ASPADEX","alternateName":"Asociaci\u00f3n de padres de personas con discapacidad intelectual","url":"https:\/\/www.aspadex.org\/gl\/","logo":{"@type":"ImageObject","inLanguage":"gl-ES","@id":"https:\/\/www.aspadex.org\/gl\/#\/schema\/logo\/image\/","url":"https:\/\/www.aspadex.org\/wp-content\/uploads\/2023\/04\/logotipo-aspadex-cuadrado-01-01.svg","contentUrl":"https:\/\/www.aspadex.org\/wp-content\/uploads\/2023\/04\/logotipo-aspadex-cuadrado-01-01.svg","width":247,"height":235,"caption":"ASPADEX"},"image":{"@id":"https:\/\/www.aspadex.org\/gl\/#\/schema\/logo\/image\/"}}]}},"jetpack_sharing_enabled":true,"_links":{"self":[{"href":"https:\/\/www.aspadex.org\/gl\/wp-json\/wp\/v2\/pages\/407240","targetHints":{"allow":["GET"]}}],"collection":[{"href":"https:\/\/www.aspadex.org\/gl\/wp-json\/wp\/v2\/pages"}],"about":[{"href":"https:\/\/www.aspadex.org\/gl\/wp-json\/wp\/v2\/types\/page"}],"author":[{"embeddable":true,"href":"https:\/\/www.aspadex.org\/gl\/wp-json\/wp\/v2\/users\/1"}],"replies":[{"embeddable":true,"href":"https:\/\/www.aspadex.org\/gl\/wp-json\/wp\/v2\/comments?post=407240"}],"version-history":[{"count":4,"href":"https:\/\/www.aspadex.org\/gl\/wp-json\/wp\/v2\/pages\/407240\/revisions"}],"predecessor-version":[{"id":407293,"href":"https:\/\/www.aspadex.org\/gl\/wp-json\/wp\/v2\/pages\/407240\/revisions\/407293"}],"wp:attachment":[{"href":"https:\/\/www.aspadex.org\/gl\/wp-json\/wp\/v2\/media?parent=407240"}],"curies":[{"name":"wp","href":"https:\/\/api.w.org\/{rel}","templated":true}]}}