{"id":407242,"date":"2023-04-26T10:27:30","date_gmt":"2023-04-26T08:27:30","guid":{"rendered":"https:\/\/www.aspadex.org\/trayectoria\/"},"modified":"2025-05-08T09:47:10","modified_gmt":"2025-05-08T07:47:10","slug":"trayectoria","status":"publish","type":"page","link":"https:\/\/www.aspadex.org\/gl\/trayectoria\/","title":{"rendered":"Trayectoria"},"content":{"rendered":"<p>[et_pb_section fb_built=&#8221;1&#8243; _builder_version=&#8221;4.20.4&#8243; _module_preset=&#8221;default&#8221; background_image=&#8221;https:\/\/www.aspadex.org\/wp-content\/uploads\/2023\/04\/fondo-simbolos-01.png&#8221; background_size=&#8221;initial&#8221; background_repeat=&#8221;repeat&#8221; custom_margin=&#8221;0px||110px||false|false&#8221; custom_margin_tablet=&#8221;||70px||false|false&#8221; custom_margin_phone=&#8221;||60px||false|false&#8221; custom_margin_last_edited=&#8221;on|desktop&#8221; custom_padding=&#8221;0px||0px||false|false&#8221; global_module=&#8221;354&#8243; saved_tabs=&#8221;all&#8221; global_colors_info=&#8221;{}&#8221;][et_pb_row custom_padding_last_edited=&#8221;on|phone&#8221; _builder_version=&#8221;4.20.4&#8243; _module_preset=&#8221;default&#8221; custom_margin=&#8221;0px||0px||false|false&#8221; custom_padding=&#8221;5vw||5vw||true|false&#8221; custom_padding_tablet=&#8221;50px||50px||true|false&#8221; custom_padding_phone=&#8221;&#8221; global_colors_info=&#8221;{}&#8221;][et_pb_column type=&#8221;4_4&#8243; _builder_version=&#8221;4.20.4&#8243; _module_preset=&#8221;default&#8221; global_colors_info=&#8221;{}&#8221;][et_pb_post_title meta=&#8221;off&#8221; featured_image=&#8221;off&#8221; _builder_version=&#8221;4.20.4&#8243; _module_preset=&#8221;default&#8221; text_orientation=&#8221;center&#8221; custom_margin=&#8221;0px||1px||false|false&#8221; custom_padding=&#8221;0px||0px||false|false&#8221; global_colors_info=&#8221;{}&#8221;][\/et_pb_post_title][et_pb_text module_class=&#8221;migas&#8221; _builder_version=&#8221;4.20.4&#8243; _module_preset=&#8221;default&#8221; text_font=&#8221;|600|||||||&#8221; text_text_color=&#8221;#455A64&#8243; link_font=&#8221;|600||on|||||&#8221; link_text_color=&#8221;#455A64&#8243; link_font_size=&#8221;0.9rem&#8221; text_orientation=&#8221;center&#8221; custom_margin=&#8221;0px||0px||false|false&#8221; custom_padding=&#8221;0px||0px||false|false&#8221; global_colors_info=&#8221;{}&#8221;]<\/p>\n<span><span><a href=\"https:\/\/www.aspadex.org\/gl\/inicio\/\">Portada<\/a><\/span><\/span>\n<p>[\/et_pb_text][\/et_pb_column][\/et_pb_row][\/et_pb_section][et_pb_section fb_built=&#8221;1&#8243; _builder_version=&#8221;4.20.4&#8243; _module_preset=&#8221;default&#8221; custom_margin=&#8221;0px||110px||false|false&#8221; custom_margin_tablet=&#8221;||70px||false|false&#8221; custom_margin_phone=&#8221;||60px||false|false&#8221; custom_margin_last_edited=&#8221;on|desktop&#8221; custom_padding=&#8221;0px||0px||false|false&#8221; global_colors_info=&#8221;{}&#8221;][et_pb_row column_structure=&#8221;1_2,1_2&#8243; _builder_version=&#8221;4.20.4&#8243; _module_preset=&#8221;default&#8221; max_width=&#8221;1240px&#8221; custom_margin=&#8221;0px||40px||false|false&#8221; custom_padding=&#8221;0px||||false|false&#8221; global_colors_info=&#8221;{}&#8221;][et_pb_column type=&#8221;1_2&#8243; _builder_version=&#8221;4.20.4&#8243; _module_preset=&#8221;default&#8221; global_colors_info=&#8221;{}&#8221;][et_pb_text _builder_version=&#8221;4.20.4&#8243; _module_preset=&#8221;default&#8221; global_colors_info=&#8221;{}&#8221;]<\/p>\n<p>En diciembre del 1983, un grupo de padres ante la falta de atenci\u00f3n en esta comarca a las personas con discapacidad intelectual y a sus familias, constituyen la Asociaci\u00f3n.<br \/>Su preocupaci\u00f3n era dar respuesta y atenci\u00f3n a ese colectivo de personas que no dispon\u00edan de estos servicios. La \u00fanica opci\u00f3n que ten\u00edan era el internamiento de sus hijos en los centros m\u00e1s pr\u00f3ximos que estaban en La Coru\u00f1a y\/o Santiago, lo que supon\u00eda el separase de ellos.<\/p>\n<p>Se empieza prestando atenci\u00f3n en una escuela unitaria cedida por el concello de Cee atendiendo a 7 personas con discapacidad de los concellos de Cee, Corcubi\u00f3n, Dumbr\u00eda y Fisterra.<\/p>\n<p>[\/et_pb_text][\/et_pb_column][et_pb_column type=&#8221;1_2&#8243; _builder_version=&#8221;4.20.4&#8243; _module_preset=&#8221;default&#8221; global_colors_info=&#8221;{}&#8221;][et_pb_text _builder_version=&#8221;4.20.4&#8243; _module_preset=&#8221;default&#8221; global_colors_info=&#8221;{}&#8221;]<\/p>\n<p>En un corto espacio de tiempo la demanda de atenci\u00f3n a las personas con discapacidad intelectual sin escolarizar de otros concellos aument\u00f3, al igual que la de las personas integradas en centros ordinarios para combinar con una atenci\u00f3n especializada. De este modo, Aspadex ampli\u00f3 a 2 aulas unitarias en el concello de Cee.<\/p>\n<p>Fue en el a\u00f1o 1991 cuando el ayuntamiento de Cee cede un terreno a la asociaci\u00f3n y se construye el edificio destinado a crear servicios (centro de d\u00eda y ocupacional).<\/p>\n<p>[\/et_pb_text][\/et_pb_column][\/et_pb_row][et_pb_row column_structure=&#8221;1_2,1_2&#8243; make_equal=&#8221;on&#8221; _builder_version=&#8221;4.20.4&#8243; _module_preset=&#8221;default&#8221; max_width=&#8221;1240px&#8221; custom_margin=&#8221;0px||40px||false|false&#8221; custom_padding=&#8221;0px||||false|false&#8221; custom_css_main_element=&#8221;align-items:center;&#8221; global_colors_info=&#8221;{}&#8221;][et_pb_column type=&#8221;1_2&#8243; _builder_version=&#8221;4.20.4&#8243; _module_preset=&#8221;default&#8221; global_colors_info=&#8221;{}&#8221;][et_pb_image src=&#8221;https:\/\/www.aspadex.org\/wp-content\/uploads\/2023\/04\/fondo-circulos.svg&#8221; title_text=&#8221;fondo-circulos&#8221; _builder_version=&#8221;4.20.4&#8243; _module_preset=&#8221;default&#8221; global_colors_info=&#8221;{}&#8221;][\/et_pb_image][\/et_pb_column][et_pb_column type=&#8221;1_2&#8243; _builder_version=&#8221;4.20.4&#8243; _module_preset=&#8221;default&#8221; global_colors_info=&#8221;{}&#8221;][et_pb_text _builder_version=&#8221;4.20.4&#8243; _module_preset=&#8221;default&#8221; global_colors_info=&#8221;{}&#8221;]<\/p>\n<h2 class=\"subtitle-h6\"><strong>Con el paso del tiempo la asociaci\u00f3n va evolucionando y se construye la residencia, la tienda y la vivienda tutelada<\/strong><\/h2>\n<p>Se inician servicios como el de respiro familiar, el centro especial de empleo, atenci\u00f3n a familias, ocio y transporte adaptado, siguiendo trabajando para poner en marcha nuevos proyectos como el Servicio de Atenci\u00f3n Temprana\u2026 Actualmente atendemos a 160 pesonas con necesidades de apoyo.[\/et_pb_text][\/et_pb_column][\/et_pb_row][\/et_pb_section][et_pb_section fb_built=&#8221;1&#8243; admin_label=&#8221;Andromeda Timeline &#8211; Grace &#8211; The vertical line is in Advanced &#8211; Custom CSS here&#8221; module_id=&#8221;andromeda&#8221; module_class=&#8221;grace_timeline_andromeda&#8221; _builder_version=&#8221;4.20.4&#8243; _module_preset=&#8221;default&#8221; background_color=&#8221;#FFFFFF&#8221; custom_margin=&#8221;0px||110px||false|false&#8221; custom_margin_tablet=&#8221;||70px||false|false&#8221; custom_margin_phone=&#8221;||60px||false|false&#8221; custom_margin_last_edited=&#8221;on|desktop&#8221; custom_padding=&#8221;0px||0px||false|false&#8221; collapsed=&#8221;on&#8221; global_colors_info=&#8221;{}&#8221; custom_css_before_last_edited=&#8221;off|desktop&#8221; custom_css_before_phone=&#8221;display: none;&#8221;][et_pb_row column_structure=&#8221;1_2,1_2&#8243; use_custom_gutter=&#8221;on&#8221; gutter_width=&#8221;1&#8243; custom_padding_last_edited=&#8221;on|desktop&#8221; admin_label=&#8221;Andromeda Timeline &#8211; Grace &#8211; Row &#8211; Image Left&#8221; module_class=&#8221;andromeda-timeline-row andromeda-timeline-row-right-align&#8221; _builder_version=&#8221;4.20.4&#8243; _module_preset=&#8221;default&#8221; width=&#8221;90%&#8221; max_width=&#8221;1170px&#8221; custom_padding=&#8221;0px||70px||false|false&#8221; custom_padding_tablet=&#8221;||20px||false|false&#8221; custom_padding_phone=&#8221;||||false|false&#8221; custom_css_before=&#8221;    content: %22%22;||    height: 100%;||    width: 2px;||    background: #D1E6C2;||    position: absolute;||    left: 50%;||    top: 0;||    transform: translateX(-50%);&#8221; global_colors_info=&#8221;{}&#8221;][et_pb_column type=&#8221;1_2&#8243; _builder_version=&#8221;4.20.4&#8243; _module_preset=&#8221;default&#8221; custom_padding_phone=&#8221;|0px|||false|false&#8221; custom_padding_last_edited=&#8221;off|desktop&#8221; custom_css_before=&#8221;content: %22%22;||width: 20px; ||height: 20px; ||border: 4px solid #D1E6C2;||background: #fff;||border-radius: 50%;||position: absolute;||right: -13px;||top: 0;||z-index: 15;&#8221; global_colors_info=&#8221;{}&#8221;][et_pb_blurb title=&#8221;1983&#8243; icon_placement=&#8221;left&#8221; icon_placement_tablet=&#8221;&#8221; icon_placement_phone=&#8221;top&#8221; icon_placement_last_edited=&#8221;on|phone&#8221; admin_label=&#8221;Andromeda Timeline &#8211; Grace &#8211; 1991 &#8211; Image size:140x140px&#8221; module_class=&#8221;grace_timelines_andromeda&#8221; _builder_version=&#8221;4.20.4&#8243; _module_preset=&#8221;default&#8221; header_level=&#8221;h2&#8243; header_font=&#8221;|700|||||||&#8221; header_text_align=&#8221;right&#8221; header_text_color=&#8221;#8CC066&#8243; header_font_size=&#8221;32px&#8221; body_text_align=&#8221;right&#8221; body_text_color=&#8221;#455A64&#8243; body_font_size=&#8221;1.1rem&#8221; image_icon_custom_padding_tablet=&#8221;&#8221; image_icon_custom_padding_phone=&#8221;&#8221; image_icon_custom_padding_last_edited=&#8221;on|phone&#8221; custom_margin=&#8221;|65px|||false|false&#8221; custom_padding=&#8221;||||false|false&#8221; animation=&#8221;off&#8221; hover_transition_duration=&#8221;2000ms&#8221; scroll_scaling_enable=&#8221;on&#8221; scroll_scaling=&#8221;5|20|20|40|80%|90%|100&#8243; header_text_align_tablet=&#8221;&#8221; header_text_align_phone=&#8221;center&#8221; header_text_align_last_edited=&#8221;on|desktop&#8221; body_text_align_tablet=&#8221;right&#8221; body_text_align_phone=&#8221;center&#8221; body_text_align_last_edited=&#8221;on|phone&#8221; custom_css_main_element=&#8221;    transform-origin: right top;&#8221; custom_css_blurb_title=&#8221;    padding-bottom: 14px;&#8221; custom_css_blurb_content=&#8221;font-weight:400;&#8221; border_width_all_image_tablet=&#8221;&#8221; border_width_all_image_phone=&#8221;&#8221; border_width_all_image_last_edited=&#8221;on|phone&#8221; global_colors_info=&#8221;{}&#8221; custom_css_after_last_edited=&#8221;off|desktop&#8221; custom_css_after_phone=&#8221;display: table;||transform: translateX(-50%);||margin-top: 40px;||left: 50%;||top: 0;||position: relative;&#8221; custom_css_before_last_edited=&#8221;on|desktop&#8221; custom_css_before_phone=&#8221;content: %22%22;||display: table;||transform: translateX(-50%);||margin-top: 40px;||left: 50%;||bottom: -30px;||position: absolute;||height: 100px;||width: 1px;||background: #464a53;&#8221;]<\/p>\n<p>Se constituye la Asociaci\u00f3n de Padres con Discapacidad Intelectual, elabor\u00e1ndose y aprob\u00e1ndose los estatutos.<\/p>\n<p>[\/et_pb_blurb][\/et_pb_column][et_pb_column type=&#8221;1_2&#8243; _builder_version=&#8221;4.20.4&#8243; _module_preset=&#8221;default&#8221; custom_padding=&#8221;||||false|false&#8221; custom_padding_phone=&#8221;||||false|false&#8221; custom_padding_last_edited=&#8221;off|desktop&#8221; global_colors_info=&#8221;{}&#8221;][\/et_pb_column][\/et_pb_row][et_pb_row column_structure=&#8221;1_2,1_2&#8243; use_custom_gutter=&#8221;on&#8221; gutter_width=&#8221;1&#8243; custom_padding_last_edited=&#8221;on|desktop&#8221; admin_label=&#8221;Andromeda Timeline &#8211; Grace &#8211; Row &#8211; Image Right&#8221; module_class=&#8221;andromeda-timeline-row&#8221; _builder_version=&#8221;4.20.4&#8243; _module_preset=&#8221;default&#8221; width=&#8221;90%&#8221; max_width=&#8221;1170px&#8221; custom_padding=&#8221;0px||70px||false|false&#8221; custom_padding_tablet=&#8221;||20px||false|false&#8221; custom_padding_phone=&#8221;||||false|false&#8221; custom_css_before=&#8221;    content: %22%22;||    height: 100%;||    width: 2px;||    background: #D1E6C2;||position: absolute;||    left: 50%;||    top: 0;||    transform: translateX(-50%);&#8221; global_colors_info=&#8221;{}&#8221;][et_pb_column type=&#8221;1_2&#8243; _builder_version=&#8221;4.16&#8243; _module_preset=&#8221;default&#8221; custom_padding=&#8221;||||false|false&#8221; custom_padding_phone=&#8221;||||false|false&#8221; custom_padding_last_edited=&#8221;off|phone&#8221; global_colors_info=&#8221;{}&#8221;][\/et_pb_column][et_pb_column type=&#8221;1_2&#8243; _builder_version=&#8221;4.20.4&#8243; _module_preset=&#8221;default&#8221; custom_padding_phone=&#8221;|||0px|false|false&#8221; custom_padding_last_edited=&#8221;off|desktop&#8221; custom_css_before=&#8221;content: %22%22;||width: 20px; ||height: 20px; ||border: 4px solid #D1E6C2;||background: #fff;||border-radius: 50%;||position: absolute;||left: -13px;||top: 0;||z-index: 15;&#8221; global_colors_info=&#8221;{}&#8221;][et_pb_blurb title=&#8221;1985&#8243; icon_placement=&#8221;left&#8221; icon_placement_tablet=&#8221;&#8221; icon_placement_phone=&#8221;top&#8221; icon_placement_last_edited=&#8221;on|tablet&#8221; admin_label=&#8221;Andromeda Timeline &#8211; Grace &#8211; 1998 &#8211; Image size:140x140px&#8221; module_class=&#8221;grace_timelines_andromeda invert&#8221; _builder_version=&#8221;4.20.4&#8243; _module_preset=&#8221;default&#8221; header_level=&#8221;h2&#8243; header_font=&#8221;|700|||||||&#8221; header_text_color=&#8221;#8CC066&#8243; header_font_size=&#8221;32px&#8221; body_text_color=&#8221;#455A64&#8243; body_font_size=&#8221;1.1rem&#8221; image_icon_custom_padding_tablet=&#8221;&#8221; image_icon_custom_padding_phone=&#8221;&#8221; image_icon_custom_padding_last_edited=&#8221;on|tablet&#8221; custom_margin=&#8221;|||65px|false|false&#8221; custom_padding=&#8221;||||false|false&#8221; animation=&#8221;off&#8221; scroll_scaling_enable=&#8221;on&#8221; scroll_scaling=&#8221;5|20|20|40|80%|100|100&#8243; header_text_align_phone=&#8221;center&#8221; header_text_align_last_edited=&#8221;off|desktop&#8221; body_text_align_tablet=&#8221;right&#8221; body_text_align_phone=&#8221;center&#8221; body_text_align_last_edited=&#8221;off|desktop&#8221; custom_css_main_element=&#8221;    transform-origin: left top;&#8221; custom_css_blurb_title=&#8221;    padding-bottom: 14px;&#8221; custom_css_blurb_content=&#8221;font-weight:400;&#8221; border_width_all_image_tablet=&#8221;&#8221; border_width_all_image_phone=&#8221;&#8221; border_width_all_image_last_edited=&#8221;on|tablet&#8221; global_colors_info=&#8221;{}&#8221; custom_css_before_last_edited=&#8221;off|desktop&#8221; custom_css_after_last_edited=&#8221;on|phone&#8221; custom_css_after_phone=&#8221;content: %22%22;||display: table;||transform: translateX(-50%);||margin-top: 40px;||left: 50%;||bottom: -30px;||position: absolute;||height: 100px;||width: 1px;||background: #464a53;&#8221; custom_css_before_phone=&#8221;display: table;||transform: translateX(-50%);||margin-top: 40px;||left: 50%;||top: 0;||position: relative;&#8221;]<\/p>\n<p>El ayuntamiento de Cee, cede un aula unitaria. Se comienza a prestar atenci\u00f3n a 7 usuarios con discapacidad intelectual de los concellos de C\u00e9e, Corcubi\u00f3n, Dumbr\u00eda y Finisterre.<\/p>\n<p>El 16 de octubre del mismo a\u00f1o el ayuntamiento de C\u00e9e cede la 2\u00ba aula unitaria.<\/p>\n<p>[\/et_pb_blurb][\/et_pb_column][\/et_pb_row][et_pb_row column_structure=&#8221;1_2,1_2&#8243; use_custom_gutter=&#8221;on&#8221; gutter_width=&#8221;1&#8243; custom_padding_last_edited=&#8221;on|desktop&#8221; admin_label=&#8221;Andromeda Timeline &#8211; Grace &#8211; Row &#8211; Image Left&#8221; module_class=&#8221;andromeda-timeline-row andromeda-timeline-row-right-align&#8221; _builder_version=&#8221;4.20.4&#8243; _module_preset=&#8221;default&#8221; width=&#8221;90%&#8221; max_width=&#8221;1170px&#8221; custom_padding=&#8221;0px||70px||false|false&#8221; custom_padding_tablet=&#8221;||20px||false|false&#8221; custom_padding_phone=&#8221;||||false|false&#8221; custom_css_before=&#8221;    content: %22%22;||    height: 100%;||    width: 2px;||    background: #D1E6C2;||    position: absolute;||    left: 50%;||    top: 0;||    transform: translateX(-50%);&#8221; global_colors_info=&#8221;{}&#8221;][et_pb_column type=&#8221;1_2&#8243; _builder_version=&#8221;4.20.4&#8243; _module_preset=&#8221;default&#8221; custom_padding=&#8221;||||false|false&#8221; custom_css_before=&#8221;content: %22%22;||width: 20px; ||height: 20px; ||border: 4px solid #D1E6C2;||background: #fff;||border-radius: 50%;||position: absolute;||right: -13px;||top: 0;||z-index: 15;&#8221; global_colors_info=&#8221;{}&#8221;][et_pb_blurb title=&#8221;1987&#8243; icon_placement=&#8221;left&#8221; icon_placement_tablet=&#8221;&#8221; icon_placement_phone=&#8221;top&#8221; icon_placement_last_edited=&#8221;on|phone&#8221; admin_label=&#8221;Andromeda Timeline &#8211; Grace &#8211; 1991 &#8211; Image size:140x140px&#8221; module_class=&#8221;grace_timelines_andromeda&#8221; _builder_version=&#8221;4.20.4&#8243; _module_preset=&#8221;default&#8221; header_level=&#8221;h2&#8243; header_font=&#8221;|700|||||||&#8221; header_text_align=&#8221;right&#8221; header_text_color=&#8221;#8CC066&#8243; header_font_size=&#8221;32px&#8221; body_text_align=&#8221;right&#8221; body_text_color=&#8221;#455A64&#8243; body_font_size=&#8221;1.1rem&#8221; image_icon_custom_padding_tablet=&#8221;&#8221; image_icon_custom_padding_phone=&#8221;&#8221; image_icon_custom_padding_last_edited=&#8221;on|phone&#8221; custom_margin=&#8221;|65px|||false|false&#8221; custom_padding=&#8221;||||false|false&#8221; animation=&#8221;off&#8221; hover_transition_duration=&#8221;2000ms&#8221; scroll_scaling_enable=&#8221;on&#8221; scroll_scaling=&#8221;5|20|20|40|80%|90%|100&#8243; header_text_align_tablet=&#8221;&#8221; header_text_align_phone=&#8221;center&#8221; header_text_align_last_edited=&#8221;on|desktop&#8221; body_text_align_tablet=&#8221;right&#8221; body_text_align_phone=&#8221;center&#8221; body_text_align_last_edited=&#8221;on|phone&#8221; custom_css_main_element=&#8221;    transform-origin: right top;&#8221; custom_css_blurb_title=&#8221;    padding-bottom: 14px;&#8221; custom_css_blurb_content=&#8221;font-weight:400;&#8221; border_width_all_image_tablet=&#8221;&#8221; border_width_all_image_phone=&#8221;&#8221; border_width_all_image_last_edited=&#8221;on|phone&#8221; global_colors_info=&#8221;{}&#8221; custom_css_after_last_edited=&#8221;off|desktop&#8221; custom_css_after_phone=&#8221;display: table;||transform: translateX(-50%);||margin-top: 40px;||left: 50%;||top: 0;||position: relative;&#8221; custom_css_before_last_edited=&#8221;on|desktop&#8221; custom_css_before_phone=&#8221;content: %22%22;||display: table;||transform: translateX(-50%);||margin-top: 40px;||left: 50%;||bottom: -30px;||position: absolute;||height: 100px;||width: 1px;||background: #464a53;&#8221;]<\/p>\n<p>Reconocimiento de condici\u00f3n de car\u00e1cter social .<\/p>\n<p>[\/et_pb_blurb][\/et_pb_column][et_pb_column type=&#8221;1_2&#8243; _builder_version=&#8221;4.16&#8243; _module_preset=&#8221;default&#8221; custom_padding=&#8221;||||false|false&#8221; custom_padding_phone=&#8221;||||false|false&#8221; custom_padding_last_edited=&#8221;off|desktop&#8221; global_colors_info=&#8221;{}&#8221;][\/et_pb_column][\/et_pb_row][et_pb_row column_structure=&#8221;1_2,1_2&#8243; use_custom_gutter=&#8221;on&#8221; gutter_width=&#8221;1&#8243; custom_padding_last_edited=&#8221;on|desktop&#8221; admin_label=&#8221;Andromeda Timeline &#8211; Grace &#8211; Row &#8211; Image Right&#8221; module_class=&#8221;andromeda-timeline-row&#8221; _builder_version=&#8221;4.20.4&#8243; _module_preset=&#8221;default&#8221; width=&#8221;90%&#8221; max_width=&#8221;1170px&#8221; custom_padding=&#8221;0px||70px||false|false&#8221; custom_padding_tablet=&#8221;||20px||false|false&#8221; custom_padding_phone=&#8221;||||false|false&#8221; custom_css_before=&#8221;    content: %22%22;||    height: 100%;||    width: 2px;||    background: #D1E6C2;||position: absolute;||    left: 50%;||    top: 0;||    transform: translateX(-50%);&#8221; global_colors_info=&#8221;{}&#8221;][et_pb_column type=&#8221;1_2&#8243; _builder_version=&#8221;4.16&#8243; _module_preset=&#8221;default&#8221; custom_padding=&#8221;||||false|false&#8221; custom_padding_phone=&#8221;||||false|false&#8221; custom_padding_last_edited=&#8221;off|phone&#8221; global_colors_info=&#8221;{}&#8221;][\/et_pb_column][et_pb_column type=&#8221;1_2&#8243; _builder_version=&#8221;4.20.4&#8243; _module_preset=&#8221;default&#8221; custom_padding_phone=&#8221;|||0px|false|false&#8221; custom_padding_last_edited=&#8221;off|desktop&#8221; custom_css_before=&#8221;content: %22%22;||width: 20px; ||height: 20px; ||border: 4px solid #D1E6C2;||background: #fff;||border-radius: 50%;||position: absolute;||left: -13px;||top: 0;||z-index: 15;&#8221; global_colors_info=&#8221;{}&#8221;][et_pb_blurb title=&#8221;1988&#8243; icon_placement=&#8221;left&#8221; icon_placement_tablet=&#8221;&#8221; icon_placement_phone=&#8221;top&#8221; icon_placement_last_edited=&#8221;on|tablet&#8221; admin_label=&#8221;Andromeda Timeline &#8211; Grace &#8211; 1998 &#8211; Image size:140x140px&#8221; module_class=&#8221;grace_timelines_andromeda invert&#8221; _builder_version=&#8221;4.20.4&#8243; _module_preset=&#8221;default&#8221; header_level=&#8221;h2&#8243; header_font=&#8221;|700|||||||&#8221; header_text_color=&#8221;#8CC066&#8243; header_font_size=&#8221;32px&#8221; body_text_color=&#8221;#455A64&#8243; body_font_size=&#8221;1.1rem&#8221; image_icon_custom_padding_tablet=&#8221;&#8221; image_icon_custom_padding_phone=&#8221;&#8221; image_icon_custom_padding_last_edited=&#8221;on|tablet&#8221; custom_margin=&#8221;|||65px|false|false&#8221; custom_padding=&#8221;||||false|false&#8221; animation=&#8221;off&#8221; scroll_scaling_enable=&#8221;on&#8221; scroll_scaling=&#8221;5|20|20|40|80%|100|100&#8243; header_text_align_phone=&#8221;center&#8221; header_text_align_last_edited=&#8221;off|desktop&#8221; body_text_align_tablet=&#8221;right&#8221; body_text_align_phone=&#8221;center&#8221; body_text_align_last_edited=&#8221;off|desktop&#8221; custom_css_main_element=&#8221;    transform-origin: left top;&#8221; custom_css_blurb_title=&#8221;    padding-bottom: 14px;&#8221; custom_css_blurb_content=&#8221;font-weight:400;&#8221; border_width_all_image_tablet=&#8221;&#8221; border_width_all_image_phone=&#8221;&#8221; border_width_all_image_last_edited=&#8221;on|tablet&#8221; global_colors_info=&#8221;{}&#8221; custom_css_before_last_edited=&#8221;off|desktop&#8221; custom_css_after_last_edited=&#8221;on|phone&#8221; custom_css_after_phone=&#8221;content: %22%22;||display: table;||transform: translateX(-50%);||margin-top: 40px;||left: 50%;||bottom: -30px;||position: absolute;||height: 100px;||width: 1px;||background: #464a53;&#8221; custom_css_before_phone=&#8221;display: table;||transform: translateX(-50%);||margin-top: 40px;||left: 50%;||top: 0;||position: relative;&#8221;]<\/p>\n<p>El servicio se ampl\u00eda a las personas con discapacidad de Mux\u00eda y Carnota<\/p>\n<p>[\/et_pb_blurb][\/et_pb_column][\/et_pb_row][et_pb_row column_structure=&#8221;1_2,1_2&#8243; use_custom_gutter=&#8221;on&#8221; gutter_width=&#8221;1&#8243; custom_padding_last_edited=&#8221;on|desktop&#8221; admin_label=&#8221;Andromeda Timeline &#8211; Grace &#8211; Row &#8211; Image Left&#8221; module_class=&#8221;andromeda-timeline-row andromeda-timeline-row-right-align&#8221; _builder_version=&#8221;4.20.4&#8243; _module_preset=&#8221;default&#8221; width=&#8221;90%&#8221; max_width=&#8221;1170px&#8221; custom_padding=&#8221;0px||70px||false|false&#8221; custom_padding_tablet=&#8221;||20px||false|false&#8221; custom_padding_phone=&#8221;||||false|false&#8221; custom_css_before=&#8221;    content: %22%22;||    height: 100%;||    width: 2px;||    background: #D1E6C2;||    position: absolute;||    left: 50%;||    top: 0;||    transform: translateX(-50%);&#8221; global_colors_info=&#8221;{}&#8221;][et_pb_column type=&#8221;1_2&#8243; _builder_version=&#8221;4.20.4&#8243; _module_preset=&#8221;default&#8221; custom_padding=&#8221;||||false|false&#8221; custom_css_before=&#8221;content: %22%22;||width: 20px; ||height: 20px; ||border: 4px solid #D1E6C2;||background: #fff;||border-radius: 50%;||position: absolute;||right: -13px;||top: 0;||z-index: 15;&#8221; global_colors_info=&#8221;{}&#8221;][et_pb_blurb title=&#8221;1989&#8243; icon_placement=&#8221;left&#8221; icon_placement_tablet=&#8221;&#8221; icon_placement_phone=&#8221;top&#8221; icon_placement_last_edited=&#8221;on|phone&#8221; admin_label=&#8221;Andromeda Timeline &#8211; Grace &#8211; 1991 &#8211; Image size:140x140px&#8221; module_class=&#8221;grace_timelines_andromeda&#8221; _builder_version=&#8221;4.20.4&#8243; _module_preset=&#8221;default&#8221; header_level=&#8221;h2&#8243; header_font=&#8221;|700|||||||&#8221; header_text_align=&#8221;right&#8221; header_text_color=&#8221;#8CC066&#8243; header_font_size=&#8221;32px&#8221; body_text_align=&#8221;right&#8221; body_text_color=&#8221;#455A64&#8243; body_font_size=&#8221;1.1rem&#8221; image_icon_custom_padding_tablet=&#8221;&#8221; image_icon_custom_padding_phone=&#8221;&#8221; image_icon_custom_padding_last_edited=&#8221;on|phone&#8221; custom_margin=&#8221;|65px|||false|false&#8221; custom_padding=&#8221;||||false|false&#8221; animation=&#8221;off&#8221; hover_transition_duration=&#8221;2000ms&#8221; scroll_scaling_enable=&#8221;on&#8221; scroll_scaling=&#8221;5|20|20|40|80%|90%|100&#8243; header_text_align_tablet=&#8221;&#8221; header_text_align_phone=&#8221;center&#8221; header_text_align_last_edited=&#8221;on|desktop&#8221; body_text_align_tablet=&#8221;right&#8221; body_text_align_phone=&#8221;center&#8221; body_text_align_last_edited=&#8221;on|phone&#8221; custom_css_main_element=&#8221;    transform-origin: right top;&#8221; custom_css_blurb_title=&#8221;    padding-bottom: 14px;&#8221; custom_css_blurb_content=&#8221;font-weight:400;&#8221; border_width_all_image_tablet=&#8221;&#8221; border_width_all_image_phone=&#8221;&#8221; border_width_all_image_last_edited=&#8221;on|phone&#8221; global_colors_info=&#8221;{}&#8221; custom_css_after_last_edited=&#8221;off|desktop&#8221; custom_css_after_phone=&#8221;display: table;||transform: translateX(-50%);||margin-top: 40px;||left: 50%;||top: 0;||position: relative;&#8221; custom_css_before_last_edited=&#8221;on|desktop&#8221; custom_css_before_phone=&#8221;content: %22%22;||display: table;||transform: translateX(-50%);||margin-top: 40px;||left: 50%;||bottom: -30px;||position: absolute;||height: 100px;||width: 1px;||background: #464a53;&#8221;]<\/p>\n<p>Inscripci\u00f3n en el registro de entidades de iniciativa social con el n\u00ba -042-CO-027_F-01<\/p>\n<p>[\/et_pb_blurb][\/et_pb_column][et_pb_column type=&#8221;1_2&#8243; _builder_version=&#8221;4.16&#8243; _module_preset=&#8221;default&#8221; custom_padding=&#8221;||||false|false&#8221; custom_padding_phone=&#8221;||||false|false&#8221; custom_padding_last_edited=&#8221;off|desktop&#8221; global_colors_info=&#8221;{}&#8221;][\/et_pb_column][\/et_pb_row][et_pb_row column_structure=&#8221;1_2,1_2&#8243; use_custom_gutter=&#8221;on&#8221; gutter_width=&#8221;1&#8243; custom_padding_last_edited=&#8221;on|desktop&#8221; admin_label=&#8221;Andromeda Timeline &#8211; Grace &#8211; Row &#8211; Image Right&#8221; module_class=&#8221;andromeda-timeline-row&#8221; _builder_version=&#8221;4.20.4&#8243; _module_preset=&#8221;default&#8221; width=&#8221;90%&#8221; max_width=&#8221;1170px&#8221; custom_padding=&#8221;0px||70px||false|false&#8221; custom_padding_tablet=&#8221;||20px||false|false&#8221; custom_padding_phone=&#8221;||||false|false&#8221; custom_css_before=&#8221;    content: %22%22;||    height: 100%;||    width: 2px;||    background: #D1E6C2;||position: absolute;||    left: 50%;||    top: 0;||    transform: translateX(-50%);&#8221; global_colors_info=&#8221;{}&#8221;][et_pb_column type=&#8221;1_2&#8243; _builder_version=&#8221;4.16&#8243; _module_preset=&#8221;default&#8221; custom_padding=&#8221;||||false|false&#8221; custom_padding_phone=&#8221;||||false|false&#8221; custom_padding_last_edited=&#8221;off|phone&#8221; global_colors_info=&#8221;{}&#8221;][\/et_pb_column][et_pb_column type=&#8221;1_2&#8243; _builder_version=&#8221;4.20.4&#8243; _module_preset=&#8221;default&#8221; custom_padding_phone=&#8221;|||0px|false|false&#8221; custom_padding_last_edited=&#8221;off|desktop&#8221; custom_css_before=&#8221;content: %22%22;||width: 20px; ||height: 20px; ||border: 4px solid #D1E6C2;||background: #fff;||border-radius: 50%;||position: absolute;||left: -13px;||top: 0;||z-index: 15;&#8221; global_colors_info=&#8221;{}&#8221;][et_pb_blurb title=&#8221;1991&#8243; icon_placement=&#8221;left&#8221; icon_placement_tablet=&#8221;&#8221; icon_placement_phone=&#8221;top&#8221; icon_placement_last_edited=&#8221;on|tablet&#8221; admin_label=&#8221;Andromeda Timeline &#8211; Grace &#8211; 1998 &#8211; Image size:140x140px&#8221; module_class=&#8221;grace_timelines_andromeda invert&#8221; _builder_version=&#8221;4.20.4&#8243; _module_preset=&#8221;default&#8221; header_level=&#8221;h2&#8243; header_font=&#8221;|700|||||||&#8221; header_text_color=&#8221;#8CC066&#8243; header_font_size=&#8221;32px&#8221; body_text_color=&#8221;#455A64&#8243; body_font_size=&#8221;1.1rem&#8221; image_icon_custom_padding_tablet=&#8221;&#8221; image_icon_custom_padding_phone=&#8221;&#8221; image_icon_custom_padding_last_edited=&#8221;on|tablet&#8221; custom_margin=&#8221;|||65px|false|false&#8221; custom_padding=&#8221;||||false|false&#8221; animation=&#8221;off&#8221; scroll_scaling_enable=&#8221;on&#8221; scroll_scaling=&#8221;5|20|20|40|80%|100|100&#8243; header_text_align_phone=&#8221;center&#8221; header_text_align_last_edited=&#8221;off|desktop&#8221; body_text_align_tablet=&#8221;right&#8221; body_text_align_phone=&#8221;center&#8221; body_text_align_last_edited=&#8221;off|desktop&#8221; custom_css_main_element=&#8221;    transform-origin: left top;&#8221; custom_css_blurb_title=&#8221;    padding-bottom: 14px;&#8221; custom_css_blurb_content=&#8221;font-weight:400;&#8221; border_width_all_image_tablet=&#8221;&#8221; border_width_all_image_phone=&#8221;&#8221; border_width_all_image_last_edited=&#8221;on|tablet&#8221; global_colors_info=&#8221;{}&#8221; custom_css_before_last_edited=&#8221;off|desktop&#8221; custom_css_after_last_edited=&#8221;on|phone&#8221; custom_css_after_phone=&#8221;content: %22%22;||display: table;||transform: translateX(-50%);||margin-top: 40px;||left: 50%;||bottom: -30px;||position: absolute;||height: 100px;||width: 1px;||background: #464a53;&#8221; custom_css_before_phone=&#8221;display: table;||transform: translateX(-50%);||margin-top: 40px;||left: 50%;||top: 0;||position: relative;&#8221;]<\/p>\n<p>El 26 de septiembre del 1991, el Concello de C\u00e9e cede un terreno en el Lugar de Vilar de Toba, para la construcci\u00f3n de un edificio destinado a \u201c aula taller \u201c . La finca tiene una superficie de 4.032 m2<\/p>\n<p>[\/et_pb_blurb][\/et_pb_column][\/et_pb_row][et_pb_row column_structure=&#8221;1_2,1_2&#8243; use_custom_gutter=&#8221;on&#8221; gutter_width=&#8221;1&#8243; custom_padding_last_edited=&#8221;on|desktop&#8221; admin_label=&#8221;Andromeda Timeline &#8211; Grace &#8211; Row &#8211; Image Left&#8221; module_class=&#8221;andromeda-timeline-row andromeda-timeline-row-right-align&#8221; _builder_version=&#8221;4.20.4&#8243; _module_preset=&#8221;default&#8221; width=&#8221;90%&#8221; max_width=&#8221;1170px&#8221; custom_padding=&#8221;0px||70px||false|false&#8221; custom_padding_tablet=&#8221;||20px||false|false&#8221; custom_padding_phone=&#8221;||||false|false&#8221; custom_css_before=&#8221;    content: %22%22;||    height: 100%;||    width: 2px;||    background: #D1E6C2;||    position: absolute;||    left: 50%;||    top: 0;||    transform: translateX(-50%);&#8221; global_colors_info=&#8221;{}&#8221;][et_pb_column type=&#8221;1_2&#8243; _builder_version=&#8221;4.20.4&#8243; _module_preset=&#8221;default&#8221; custom_padding=&#8221;||||false|false&#8221; custom_css_before=&#8221;content: %22%22;||width: 20px; ||height: 20px; ||border: 4px solid #D1E6C2;||background: #fff;||border-radius: 50%;||position: absolute;||right: -13px;||top: 0;||z-index: 15;&#8221; global_colors_info=&#8221;{}&#8221;][et_pb_blurb title=&#8221;1992&#8243; icon_placement=&#8221;left&#8221; icon_placement_tablet=&#8221;&#8221; icon_placement_phone=&#8221;top&#8221; icon_placement_last_edited=&#8221;on|phone&#8221; admin_label=&#8221;Andromeda Timeline &#8211; Grace &#8211; 1991 &#8211; Image size:140x140px&#8221; module_class=&#8221;grace_timelines_andromeda&#8221; _builder_version=&#8221;4.20.4&#8243; _module_preset=&#8221;default&#8221; header_level=&#8221;h2&#8243; header_font=&#8221;|700|||||||&#8221; header_text_align=&#8221;right&#8221; header_text_color=&#8221;#8CC066&#8243; header_font_size=&#8221;32px&#8221; body_text_align=&#8221;right&#8221; body_text_color=&#8221;#455A64&#8243; body_font_size=&#8221;1.1rem&#8221; image_icon_custom_padding_tablet=&#8221;&#8221; image_icon_custom_padding_phone=&#8221;&#8221; image_icon_custom_padding_last_edited=&#8221;on|phone&#8221; custom_margin=&#8221;|65px|||false|false&#8221; custom_padding=&#8221;||||false|false&#8221; animation=&#8221;off&#8221; hover_transition_duration=&#8221;2000ms&#8221; scroll_scaling_enable=&#8221;on&#8221; scroll_scaling=&#8221;5|20|20|40|80%|90%|100&#8243; header_text_align_tablet=&#8221;&#8221; header_text_align_phone=&#8221;center&#8221; header_text_align_last_edited=&#8221;on|desktop&#8221; body_text_align_tablet=&#8221;right&#8221; body_text_align_phone=&#8221;center&#8221; body_text_align_last_edited=&#8221;on|phone&#8221; custom_css_main_element=&#8221;    transform-origin: right top;&#8221; custom_css_blurb_title=&#8221;    padding-bottom: 14px;&#8221; custom_css_blurb_content=&#8221;font-weight:400;&#8221; border_width_all_image_tablet=&#8221;&#8221; border_width_all_image_phone=&#8221;&#8221; border_width_all_image_last_edited=&#8221;on|phone&#8221; global_colors_info=&#8221;{}&#8221; custom_css_after_last_edited=&#8221;off|desktop&#8221; custom_css_after_phone=&#8221;display: table;||transform: translateX(-50%);||margin-top: 40px;||left: 50%;||top: 0;||position: relative;&#8221; custom_css_before_last_edited=&#8221;on|desktop&#8221; custom_css_before_phone=&#8221;content: %22%22;||display: table;||transform: translateX(-50%);||margin-top: 40px;||left: 50%;||bottom: -30px;||position: absolute;||height: 100px;||width: 1px;||background: #464a53;&#8221;]<\/p>\n<p>En febrero dan comienzo las obras de la construcci\u00f3n del edificio destinado a Aula taller con financiaci\u00f3n de La Conselleria de Trabajo y Servicios Sociales, Diputaci\u00f3n Provincial y ayuda de Concellos.<\/p>\n<p>En junio nos integramos en FADEMGA ( Federaci\u00f3n de Asociaciones de Padres de Personas con Discapacidad Intelectual) y al mismo tiempo en la Confederaci\u00f3n PLENA INCLUSI\u00d3N <\/p>\n<p>[\/et_pb_blurb][\/et_pb_column][et_pb_column type=&#8221;1_2&#8243; _builder_version=&#8221;4.16&#8243; _module_preset=&#8221;default&#8221; custom_padding=&#8221;||||false|false&#8221; custom_padding_phone=&#8221;||||false|false&#8221; custom_padding_last_edited=&#8221;off|desktop&#8221; global_colors_info=&#8221;{}&#8221;][\/et_pb_column][\/et_pb_row][et_pb_row column_structure=&#8221;1_2,1_2&#8243; use_custom_gutter=&#8221;on&#8221; gutter_width=&#8221;1&#8243; custom_padding_last_edited=&#8221;on|desktop&#8221; admin_label=&#8221;Andromeda Timeline &#8211; Grace &#8211; Row &#8211; Image Right&#8221; module_class=&#8221;andromeda-timeline-row&#8221; _builder_version=&#8221;4.20.4&#8243; _module_preset=&#8221;default&#8221; width=&#8221;90%&#8221; max_width=&#8221;1170px&#8221; custom_padding=&#8221;0px||70px||false|false&#8221; custom_padding_tablet=&#8221;||20px||false|false&#8221; custom_padding_phone=&#8221;||||false|false&#8221; custom_css_before=&#8221;    content: %22%22;||    height: 100%;||    width: 2px;||    background: #D1E6C2;||position: absolute;||    left: 50%;||    top: 0;||    transform: translateX(-50%);&#8221; global_colors_info=&#8221;{}&#8221;][et_pb_column type=&#8221;1_2&#8243; _builder_version=&#8221;4.16&#8243; _module_preset=&#8221;default&#8221; custom_padding=&#8221;||||false|false&#8221; custom_padding_phone=&#8221;||||false|false&#8221; custom_padding_last_edited=&#8221;off|phone&#8221; global_colors_info=&#8221;{}&#8221;][\/et_pb_column][et_pb_column type=&#8221;1_2&#8243; _builder_version=&#8221;4.20.4&#8243; _module_preset=&#8221;default&#8221; custom_padding_phone=&#8221;|||0px|false|false&#8221; custom_padding_last_edited=&#8221;off|desktop&#8221; custom_css_before=&#8221;content: %22%22;||width: 20px; ||height: 20px; ||border: 4px solid #D1E6C2;||background: #fff;||border-radius: 50%;||position: absolute;||left: -13px;||top: 0;||z-index: 15;&#8221; global_colors_info=&#8221;{}&#8221;][et_pb_blurb title=&#8221;1993&#8243; icon_placement=&#8221;left&#8221; icon_placement_tablet=&#8221;&#8221; icon_placement_phone=&#8221;top&#8221; icon_placement_last_edited=&#8221;on|tablet&#8221; admin_label=&#8221;Andromeda Timeline &#8211; Grace &#8211; 1998 &#8211; Image size:140x140px&#8221; module_class=&#8221;grace_timelines_andromeda invert&#8221; _builder_version=&#8221;4.20.4&#8243; _module_preset=&#8221;default&#8221; header_level=&#8221;h2&#8243; header_font=&#8221;|700|||||||&#8221; header_text_color=&#8221;#8CC066&#8243; header_font_size=&#8221;32px&#8221; body_text_color=&#8221;#455A64&#8243; body_font_size=&#8221;1.1rem&#8221; image_icon_custom_padding_tablet=&#8221;&#8221; image_icon_custom_padding_phone=&#8221;&#8221; image_icon_custom_padding_last_edited=&#8221;on|tablet&#8221; custom_margin=&#8221;|||65px|false|false&#8221; custom_padding=&#8221;||||false|false&#8221; animation=&#8221;off&#8221; scroll_scaling_enable=&#8221;on&#8221; scroll_scaling=&#8221;5|20|20|40|80%|100|100&#8243; header_text_align_phone=&#8221;center&#8221; header_text_align_last_edited=&#8221;off|desktop&#8221; body_text_align_tablet=&#8221;right&#8221; body_text_align_phone=&#8221;center&#8221; body_text_align_last_edited=&#8221;off|desktop&#8221; custom_css_main_element=&#8221;    transform-origin: left top;&#8221; custom_css_blurb_title=&#8221;    padding-bottom: 14px;&#8221; custom_css_blurb_content=&#8221;font-weight:400;&#8221; border_width_all_image_tablet=&#8221;&#8221; border_width_all_image_phone=&#8221;&#8221; border_width_all_image_last_edited=&#8221;on|tablet&#8221; global_colors_info=&#8221;{}&#8221; custom_css_before_last_edited=&#8221;off|desktop&#8221; custom_css_after_last_edited=&#8221;on|phone&#8221; custom_css_after_phone=&#8221;content: %22%22;||display: table;||transform: translateX(-50%);||margin-top: 40px;||left: 50%;||bottom: -30px;||position: absolute;||height: 100px;||width: 1px;||background: #464a53;&#8221; custom_css_before_phone=&#8221;display: table;||transform: translateX(-50%);||margin-top: 40px;||left: 50%;||top: 0;||position: relative;&#8221;]<\/p>\n<p>Se lleva a cabo la primera iniciativa Europea para formaci\u00f3n de personas adultas con discapacidad: iniciativa europea Horiz\u00f3n I<\/p>\n<p>El 12 de julio se firma un convenio con la Conselleria de Sanidad y servicios sociales para el mantenimiento del Centro Ocupacional <\/p>\n<p>[\/et_pb_blurb][\/et_pb_column][\/et_pb_row][et_pb_row column_structure=&#8221;1_2,1_2&#8243; use_custom_gutter=&#8221;on&#8221; gutter_width=&#8221;1&#8243; custom_padding_last_edited=&#8221;on|desktop&#8221; admin_label=&#8221;Andromeda Timeline &#8211; Grace &#8211; Row &#8211; Image Left&#8221; module_class=&#8221;andromeda-timeline-row andromeda-timeline-row-right-align&#8221; _builder_version=&#8221;4.20.4&#8243; _module_preset=&#8221;default&#8221; width=&#8221;90%&#8221; max_width=&#8221;1170px&#8221; custom_padding=&#8221;0px||70px||false|false&#8221; custom_padding_tablet=&#8221;||20px||false|false&#8221; custom_padding_phone=&#8221;||||false|false&#8221; custom_css_before=&#8221;    content: %22%22;||    height: 100%;||    width: 2px;||    background: #D1E6C2;||    position: absolute;||    left: 50%;||    top: 0;||    transform: translateX(-50%);&#8221; global_colors_info=&#8221;{}&#8221;][et_pb_column type=&#8221;1_2&#8243; _builder_version=&#8221;4.20.4&#8243; _module_preset=&#8221;default&#8221; custom_padding=&#8221;||||false|false&#8221; custom_css_before=&#8221;content: %22%22;||width: 20px; ||height: 20px; ||border: 4px solid #D1E6C2;||background: #fff;||border-radius: 50%;||position: absolute;||right: -13px;||top: 0;||z-index: 15;&#8221; global_colors_info=&#8221;{}&#8221;][et_pb_blurb title=&#8221;1995&#8243; icon_placement=&#8221;left&#8221; icon_placement_tablet=&#8221;&#8221; icon_placement_phone=&#8221;top&#8221; icon_placement_last_edited=&#8221;on|phone&#8221; admin_label=&#8221;Andromeda Timeline &#8211; Grace &#8211; 1991 &#8211; Image size:140x140px&#8221; module_class=&#8221;grace_timelines_andromeda&#8221; _builder_version=&#8221;4.20.4&#8243; _module_preset=&#8221;default&#8221; header_level=&#8221;h2&#8243; header_font=&#8221;|700|||||||&#8221; header_text_align=&#8221;right&#8221; header_text_color=&#8221;#8CC066&#8243; header_font_size=&#8221;32px&#8221; body_text_align=&#8221;right&#8221; body_text_color=&#8221;#455A64&#8243; body_font_size=&#8221;1.1rem&#8221; image_icon_custom_padding_tablet=&#8221;&#8221; image_icon_custom_padding_phone=&#8221;&#8221; image_icon_custom_padding_last_edited=&#8221;on|phone&#8221; custom_margin=&#8221;|65px|||false|false&#8221; custom_padding=&#8221;||||false|false&#8221; animation=&#8221;off&#8221; hover_transition_duration=&#8221;2000ms&#8221; scroll_scaling_enable=&#8221;on&#8221; scroll_scaling=&#8221;5|20|20|40|80%|90%|100&#8243; header_text_align_tablet=&#8221;&#8221; header_text_align_phone=&#8221;center&#8221; header_text_align_last_edited=&#8221;on|desktop&#8221; body_text_align_tablet=&#8221;right&#8221; body_text_align_phone=&#8221;center&#8221; body_text_align_last_edited=&#8221;on|phone&#8221; custom_css_main_element=&#8221;    transform-origin: right top;&#8221; custom_css_blurb_title=&#8221;    padding-bottom: 14px;&#8221; custom_css_blurb_content=&#8221;font-weight:400;&#8221; border_width_all_image_tablet=&#8221;&#8221; border_width_all_image_phone=&#8221;&#8221; border_width_all_image_last_edited=&#8221;on|phone&#8221; global_colors_info=&#8221;{}&#8221; custom_css_after_last_edited=&#8221;off|desktop&#8221; custom_css_after_phone=&#8221;display: table;||transform: translateX(-50%);||margin-top: 40px;||left: 50%;||top: 0;||position: relative;&#8221; custom_css_before_last_edited=&#8221;on|desktop&#8221; custom_css_before_phone=&#8221;content: %22%22;||display: table;||transform: translateX(-50%);||margin-top: 40px;||left: 50%;||bottom: -30px;||position: absolute;||height: 100px;||width: 1px;||background: #464a53;&#8221;]<\/p>\n<p>Se firma convenio con todos los Ayuntamientos donde presta servicio ASPADEX para la financiaci\u00f3n del transporte: C\u00e9e, Corcubi\u00f3n, Mazaricos, Mux\u00eda, Dumbr\u00eda, Carnota y Fisterra.<\/p>\n<p>[\/et_pb_blurb][\/et_pb_column][et_pb_column type=&#8221;1_2&#8243; _builder_version=&#8221;4.16&#8243; _module_preset=&#8221;default&#8221; custom_padding=&#8221;||||false|false&#8221; custom_padding_phone=&#8221;||||false|false&#8221; custom_padding_last_edited=&#8221;off|desktop&#8221; global_colors_info=&#8221;{}&#8221;][\/et_pb_column][\/et_pb_row][et_pb_row column_structure=&#8221;1_2,1_2&#8243; use_custom_gutter=&#8221;on&#8221; gutter_width=&#8221;1&#8243; custom_padding_last_edited=&#8221;on|desktop&#8221; admin_label=&#8221;Andromeda Timeline &#8211; Grace &#8211; Row &#8211; Image Right&#8221; module_class=&#8221;andromeda-timeline-row&#8221; _builder_version=&#8221;4.20.4&#8243; _module_preset=&#8221;default&#8221; width=&#8221;90%&#8221; max_width=&#8221;1170px&#8221; custom_padding=&#8221;0px||70px||false|false&#8221; custom_padding_tablet=&#8221;||20px||false|false&#8221; custom_padding_phone=&#8221;||||false|false&#8221; custom_css_before=&#8221;    content: %22%22;||    height: 100%;||    width: 2px;||    background: #D1E6C2;||position: absolute;||    left: 50%;||    top: 0;||    transform: translateX(-50%);&#8221; global_colors_info=&#8221;{}&#8221;][et_pb_column type=&#8221;1_2&#8243; _builder_version=&#8221;4.16&#8243; _module_preset=&#8221;default&#8221; custom_padding=&#8221;||||false|false&#8221; custom_padding_phone=&#8221;||||false|false&#8221; custom_padding_last_edited=&#8221;off|phone&#8221; global_colors_info=&#8221;{}&#8221;][\/et_pb_column][et_pb_column type=&#8221;1_2&#8243; _builder_version=&#8221;4.20.4&#8243; _module_preset=&#8221;default&#8221; custom_padding_phone=&#8221;|||0px|false|false&#8221; custom_padding_last_edited=&#8221;off|desktop&#8221; custom_css_before=&#8221;content: %22%22;||width: 20px; ||height: 20px; ||border: 4px solid #D1E6C2;||background: #fff;||border-radius: 50%;||position: absolute;||left: -13px;||top: 0;||z-index: 15;&#8221; global_colors_info=&#8221;{}&#8221;][et_pb_blurb title=&#8221;1996&#8243; icon_placement=&#8221;left&#8221; icon_placement_tablet=&#8221;&#8221; icon_placement_phone=&#8221;top&#8221; icon_placement_last_edited=&#8221;on|tablet&#8221; admin_label=&#8221;Andromeda Timeline &#8211; Grace &#8211; 1998 &#8211; Image size:140x140px&#8221; module_class=&#8221;grace_timelines_andromeda invert&#8221; _builder_version=&#8221;4.20.4&#8243; _module_preset=&#8221;default&#8221; header_level=&#8221;h2&#8243; header_font=&#8221;|700|||||||&#8221; header_text_color=&#8221;#8CC066&#8243; header_font_size=&#8221;32px&#8221; body_text_color=&#8221;#455A64&#8243; body_font_size=&#8221;1.1rem&#8221; image_icon_custom_padding_tablet=&#8221;&#8221; image_icon_custom_padding_phone=&#8221;&#8221; image_icon_custom_padding_last_edited=&#8221;on|tablet&#8221; custom_margin=&#8221;|||65px|false|false&#8221; custom_padding=&#8221;||||false|false&#8221; animation=&#8221;off&#8221; scroll_scaling_enable=&#8221;on&#8221; scroll_scaling=&#8221;5|20|20|40|80%|100|100&#8243; header_text_align_phone=&#8221;center&#8221; header_text_align_last_edited=&#8221;off|desktop&#8221; body_text_align_tablet=&#8221;right&#8221; body_text_align_phone=&#8221;center&#8221; body_text_align_last_edited=&#8221;off|desktop&#8221; custom_css_main_element=&#8221;    transform-origin: left top;&#8221; custom_css_blurb_title=&#8221;    padding-bottom: 14px;&#8221; custom_css_blurb_content=&#8221;font-weight:400;&#8221; border_width_all_image_tablet=&#8221;&#8221; border_width_all_image_phone=&#8221;&#8221; border_width_all_image_last_edited=&#8221;on|tablet&#8221; global_colors_info=&#8221;{}&#8221; custom_css_before_last_edited=&#8221;off|desktop&#8221; custom_css_after_last_edited=&#8221;on|phone&#8221; custom_css_after_phone=&#8221;content: %22%22;||display: table;||transform: translateX(-50%);||margin-top: 40px;||left: 50%;||bottom: -30px;||position: absolute;||height: 100px;||width: 1px;||background: #464a53;&#8221; custom_css_before_phone=&#8221;display: table;||transform: translateX(-50%);||margin-top: 40px;||left: 50%;||top: 0;||position: relative;&#8221;]<\/p>\n<p>Se lleva a cabo la iniciativa Europea de formaci\u00f3n laboral de personas con discapacidad Horizon II Dom\u00e9nico<\/p>\n<p>Ampliaci\u00f3n del edificio existente y creaci\u00f3n del Centro de Dia para gravemente afectados con subvenciones de la ONCE, Fundaci\u00f3n la Caixa, Conselleria de servicios sociais.<\/p>\n<p>[\/et_pb_blurb][\/et_pb_column][\/et_pb_row][et_pb_row column_structure=&#8221;1_2,1_2&#8243; use_custom_gutter=&#8221;on&#8221; gutter_width=&#8221;1&#8243; custom_padding_last_edited=&#8221;on|desktop&#8221; admin_label=&#8221;Andromeda Timeline &#8211; Grace &#8211; Row &#8211; Image Left&#8221; module_class=&#8221;andromeda-timeline-row andromeda-timeline-row-right-align&#8221; _builder_version=&#8221;4.20.4&#8243; _module_preset=&#8221;default&#8221; width=&#8221;90%&#8221; max_width=&#8221;1170px&#8221; custom_padding=&#8221;0px||70px||false|false&#8221; custom_padding_tablet=&#8221;||20px||false|false&#8221; custom_padding_phone=&#8221;||||false|false&#8221; custom_css_before=&#8221;    content: %22%22;||    height: 100%;||    width: 2px;||    background: #D1E6C2;||    position: absolute;||    left: 50%;||    top: 0;||    transform: translateX(-50%);&#8221; global_colors_info=&#8221;{}&#8221;][et_pb_column type=&#8221;1_2&#8243; _builder_version=&#8221;4.20.4&#8243; _module_preset=&#8221;default&#8221; custom_padding=&#8221;||||false|false&#8221; custom_css_before=&#8221;content: %22%22;||width: 20px; ||height: 20px; ||border: 4px solid #D1E6C2;||background: #fff;||border-radius: 50%;||position: absolute;||right: -13px;||top: 0;||z-index: 15;&#8221; global_colors_info=&#8221;{}&#8221;][et_pb_blurb title=&#8221;1997&#8243; icon_placement=&#8221;left&#8221; icon_placement_tablet=&#8221;&#8221; icon_placement_phone=&#8221;top&#8221; icon_placement_last_edited=&#8221;on|phone&#8221; admin_label=&#8221;Andromeda Timeline &#8211; Grace &#8211; 1991 &#8211; Image size:140x140px&#8221; module_class=&#8221;grace_timelines_andromeda&#8221; _builder_version=&#8221;4.20.4&#8243; _module_preset=&#8221;default&#8221; header_level=&#8221;h2&#8243; header_font=&#8221;|700|||||||&#8221; header_text_align=&#8221;right&#8221; header_text_color=&#8221;#8CC066&#8243; header_font_size=&#8221;32px&#8221; body_text_align=&#8221;right&#8221; body_text_color=&#8221;#455A64&#8243; body_font_size=&#8221;1.1rem&#8221; image_icon_custom_padding_tablet=&#8221;&#8221; image_icon_custom_padding_phone=&#8221;&#8221; image_icon_custom_padding_last_edited=&#8221;on|phone&#8221; custom_margin=&#8221;|65px|||false|false&#8221; custom_padding=&#8221;||||false|false&#8221; animation=&#8221;off&#8221; hover_transition_duration=&#8221;2000ms&#8221; scroll_scaling_enable=&#8221;on&#8221; scroll_scaling=&#8221;5|20|20|40|80%|90%|100&#8243; header_text_align_tablet=&#8221;&#8221; header_text_align_phone=&#8221;center&#8221; header_text_align_last_edited=&#8221;on|desktop&#8221; body_text_align_tablet=&#8221;right&#8221; body_text_align_phone=&#8221;center&#8221; body_text_align_last_edited=&#8221;on|phone&#8221; custom_css_main_element=&#8221;    transform-origin: right top;&#8221; custom_css_blurb_title=&#8221;    padding-bottom: 14px;&#8221; custom_css_blurb_content=&#8221;font-weight:400;&#8221; border_width_all_image_tablet=&#8221;&#8221; border_width_all_image_phone=&#8221;&#8221; border_width_all_image_last_edited=&#8221;on|phone&#8221; global_colors_info=&#8221;{}&#8221; custom_css_after_last_edited=&#8221;off|desktop&#8221; custom_css_after_phone=&#8221;display: table;||transform: translateX(-50%);||margin-top: 40px;||left: 50%;||top: 0;||position: relative;&#8221; custom_css_before_last_edited=&#8221;on|desktop&#8221; custom_css_before_phone=&#8221;content: %22%22;||display: table;||transform: translateX(-50%);||margin-top: 40px;||left: 50%;||bottom: -30px;||position: absolute;||height: 100px;||width: 1px;||background: #464a53;&#8221;]<\/p>\n<p>Se firma convenio con la Conselleria de Sanidad y Servicios sociales para el mantenimiento del Centro de D\u00eda de gravemente Afectados.<\/p>\n<p>Declaraci\u00f3n de Utilidad p\u00fablica \u2013 n\u00ba 53.014 de la secci\u00f3n 1.\u00aa<\/p>\n<p>el 19 de abril, el Concello de C\u00e9e cede terrenos para la construcci\u00f3n de un edificio de Viviendas tuteladas y tienda para venta de productos artesanales elaborados en el Centro Ocupacional. Se lleva a cabo dicha construcci\u00f3n y equipamiento con financiaci\u00f3n de la Conselleria de Sanidad Servicios Sociales, IRPF 0,5 ministerio de Asuntos Sociales, Plan Leader ( proyecto europeo 1 )<\/p>\n<p>Se pone en funcionamiento el Kiosco del hospital Virxen da Xunqueira d\u00e1ndo trabajo a personas con discapacidad.<\/p>\n<p>[\/et_pb_blurb][\/et_pb_column][et_pb_column type=&#8221;1_2&#8243; _builder_version=&#8221;4.16&#8243; _module_preset=&#8221;default&#8221; custom_padding=&#8221;||||false|false&#8221; custom_padding_phone=&#8221;||||false|false&#8221; custom_padding_last_edited=&#8221;off|desktop&#8221; global_colors_info=&#8221;{}&#8221;][\/et_pb_column][\/et_pb_row][et_pb_row column_structure=&#8221;1_2,1_2&#8243; use_custom_gutter=&#8221;on&#8221; gutter_width=&#8221;1&#8243; custom_padding_last_edited=&#8221;on|desktop&#8221; admin_label=&#8221;Andromeda Timeline &#8211; Grace &#8211; Row &#8211; Image Right&#8221; module_class=&#8221;andromeda-timeline-row&#8221; _builder_version=&#8221;4.20.4&#8243; _module_preset=&#8221;default&#8221; width=&#8221;90%&#8221; max_width=&#8221;1170px&#8221; custom_padding=&#8221;0px||70px||false|false&#8221; custom_padding_tablet=&#8221;||20px||false|false&#8221; custom_padding_phone=&#8221;||||false|false&#8221; custom_css_before=&#8221;    content: %22%22;||    height: 100%;||    width: 2px;||    background: #D1E6C2;||position: absolute;||    left: 50%;||    top: 0;||    transform: translateX(-50%);&#8221; global_colors_info=&#8221;{}&#8221;][et_pb_column type=&#8221;1_2&#8243; _builder_version=&#8221;4.16&#8243; _module_preset=&#8221;default&#8221; custom_padding=&#8221;||||false|false&#8221; custom_padding_phone=&#8221;||||false|false&#8221; custom_padding_last_edited=&#8221;off|phone&#8221; global_colors_info=&#8221;{}&#8221;][\/et_pb_column][et_pb_column type=&#8221;1_2&#8243; _builder_version=&#8221;4.20.4&#8243; _module_preset=&#8221;default&#8221; custom_padding_phone=&#8221;|||0px|false|false&#8221; custom_padding_last_edited=&#8221;off|desktop&#8221; custom_css_before=&#8221;content: %22%22;||width: 20px; ||height: 20px; ||border: 4px solid #D1E6C2;||background: #fff;||border-radius: 50%;||position: absolute;||left: -13px;||top: 0;||z-index: 15;&#8221; global_colors_info=&#8221;{}&#8221;][et_pb_blurb title=&#8221;1999&#8243; icon_placement=&#8221;left&#8221; icon_placement_tablet=&#8221;&#8221; icon_placement_phone=&#8221;top&#8221; icon_placement_last_edited=&#8221;on|tablet&#8221; admin_label=&#8221;Andromeda Timeline &#8211; Grace &#8211; 1998 &#8211; Image size:140x140px&#8221; module_class=&#8221;grace_timelines_andromeda invert&#8221; _builder_version=&#8221;4.20.4&#8243; _module_preset=&#8221;default&#8221; header_level=&#8221;h2&#8243; header_font=&#8221;|700|||||||&#8221; header_text_color=&#8221;#8CC066&#8243; header_font_size=&#8221;32px&#8221; body_text_color=&#8221;#455A64&#8243; body_font_size=&#8221;1.1rem&#8221; image_icon_custom_padding_tablet=&#8221;&#8221; image_icon_custom_padding_phone=&#8221;&#8221; image_icon_custom_padding_last_edited=&#8221;on|tablet&#8221; custom_margin=&#8221;|||65px|false|false&#8221; custom_padding=&#8221;||||false|false&#8221; animation=&#8221;off&#8221; scroll_scaling_enable=&#8221;on&#8221; scroll_scaling=&#8221;5|20|20|40|80%|100|100&#8243; header_text_align_phone=&#8221;center&#8221; header_text_align_last_edited=&#8221;off|desktop&#8221; body_text_align_tablet=&#8221;right&#8221; body_text_align_phone=&#8221;center&#8221; body_text_align_last_edited=&#8221;off|desktop&#8221; custom_css_main_element=&#8221;    transform-origin: left top;&#8221; custom_css_blurb_title=&#8221;    padding-bottom: 14px;&#8221; custom_css_blurb_content=&#8221;font-weight:400;&#8221; border_width_all_image_tablet=&#8221;&#8221; border_width_all_image_phone=&#8221;&#8221; border_width_all_image_last_edited=&#8221;on|tablet&#8221; global_colors_info=&#8221;{}&#8221; custom_css_before_last_edited=&#8221;off|desktop&#8221; custom_css_after_last_edited=&#8221;on|phone&#8221; custom_css_after_phone=&#8221;content: %22%22;||display: table;||transform: translateX(-50%);||margin-top: 40px;||left: 50%;||bottom: -30px;||position: absolute;||height: 100px;||width: 1px;||background: #464a53;&#8221; custom_css_before_phone=&#8221;display: table;||transform: translateX(-50%);||margin-top: 40px;||left: 50%;||top: 0;||position: relative;&#8221;]<\/p>\n<p>Diciembre, se pone en funcionamiento la tienda de venta de productos elaborados con personas con Discapacidad.<\/p>\n<p>[\/et_pb_blurb][\/et_pb_column][\/et_pb_row][et_pb_row column_structure=&#8221;1_2,1_2&#8243; use_custom_gutter=&#8221;on&#8221; gutter_width=&#8221;1&#8243; custom_padding_last_edited=&#8221;on|desktop&#8221; admin_label=&#8221;Andromeda Timeline &#8211; Grace &#8211; Row &#8211; Image Left&#8221; module_class=&#8221;andromeda-timeline-row andromeda-timeline-row-right-align&#8221; _builder_version=&#8221;4.20.4&#8243; _module_preset=&#8221;default&#8221; width=&#8221;90%&#8221; max_width=&#8221;1170px&#8221; custom_padding=&#8221;0px||70px||false|false&#8221; custom_padding_tablet=&#8221;||20px||false|false&#8221; custom_padding_phone=&#8221;||||false|false&#8221; custom_css_before=&#8221;    content: %22%22;||    height: 100%;||    width: 2px;||    background: #D1E6C2;||    position: absolute;||    left: 50%;||    top: 0;||    transform: translateX(-50%);&#8221; global_colors_info=&#8221;{}&#8221;][et_pb_column type=&#8221;1_2&#8243; _builder_version=&#8221;4.20.4&#8243; _module_preset=&#8221;default&#8221; custom_padding=&#8221;||||false|false&#8221; custom_css_before=&#8221;content: %22%22;||width: 20px; ||height: 20px; ||border: 4px solid #D1E6C2;||background: #fff;||border-radius: 50%;||position: absolute;||right: -13px;||top: 0;||z-index: 15;&#8221; global_colors_info=&#8221;{}&#8221;][et_pb_blurb title=&#8221;2000&#8243; icon_placement=&#8221;left&#8221; icon_placement_tablet=&#8221;&#8221; icon_placement_phone=&#8221;top&#8221; icon_placement_last_edited=&#8221;on|phone&#8221; admin_label=&#8221;Andromeda Timeline &#8211; Grace &#8211; 1991 &#8211; Image size:140x140px&#8221; module_class=&#8221;grace_timelines_andromeda&#8221; _builder_version=&#8221;4.20.4&#8243; _module_preset=&#8221;default&#8221; header_level=&#8221;h2&#8243; header_font=&#8221;|700|||||||&#8221; header_text_align=&#8221;right&#8221; header_text_color=&#8221;#8CC066&#8243; header_font_size=&#8221;32px&#8221; body_text_align=&#8221;right&#8221; body_text_color=&#8221;#455A64&#8243; body_font_size=&#8221;1.1rem&#8221; image_icon_custom_padding_tablet=&#8221;&#8221; image_icon_custom_padding_phone=&#8221;&#8221; image_icon_custom_padding_last_edited=&#8221;on|phone&#8221; custom_margin=&#8221;|65px|||false|false&#8221; custom_padding=&#8221;||||false|false&#8221; animation=&#8221;off&#8221; hover_transition_duration=&#8221;2000ms&#8221; scroll_scaling_enable=&#8221;on&#8221; scroll_scaling=&#8221;5|20|20|40|80%|90%|100&#8243; header_text_align_tablet=&#8221;&#8221; header_text_align_phone=&#8221;center&#8221; header_text_align_last_edited=&#8221;on|desktop&#8221; body_text_align_tablet=&#8221;right&#8221; body_text_align_phone=&#8221;center&#8221; body_text_align_last_edited=&#8221;on|phone&#8221; custom_css_main_element=&#8221;    transform-origin: right top;&#8221; custom_css_blurb_title=&#8221;    padding-bottom: 14px;&#8221; custom_css_blurb_content=&#8221;font-weight:400;&#8221; border_width_all_image_tablet=&#8221;&#8221; border_width_all_image_phone=&#8221;&#8221; border_width_all_image_last_edited=&#8221;on|phone&#8221; global_colors_info=&#8221;{}&#8221; custom_css_after_last_edited=&#8221;off|desktop&#8221; custom_css_after_phone=&#8221;display: table;||transform: translateX(-50%);||margin-top: 40px;||left: 50%;||top: 0;||position: relative;&#8221; custom_css_before_last_edited=&#8221;on|desktop&#8221; custom_css_before_phone=&#8221;content: %22%22;||display: table;||transform: translateX(-50%);||margin-top: 40px;||left: 50%;||bottom: -30px;||position: absolute;||height: 100px;||width: 1px;||background: #464a53;&#8221;]<\/p>\n<p>Se pone en funcionamiento la Vivienda Comunitaria ASPADEX. Con convenio de colaboraci\u00f3n para el mantenimiento de la Conselleria de Sanidad y Servicios Sociales<\/p>\n<p>[\/et_pb_blurb][\/et_pb_column][et_pb_column type=&#8221;1_2&#8243; _builder_version=&#8221;4.16&#8243; _module_preset=&#8221;default&#8221; custom_padding=&#8221;||||false|false&#8221; custom_padding_phone=&#8221;||||false|false&#8221; custom_padding_last_edited=&#8221;off|desktop&#8221; global_colors_info=&#8221;{}&#8221;][\/et_pb_column][\/et_pb_row][et_pb_row column_structure=&#8221;1_2,1_2&#8243; use_custom_gutter=&#8221;on&#8221; gutter_width=&#8221;1&#8243; custom_padding_last_edited=&#8221;on|desktop&#8221; admin_label=&#8221;Andromeda Timeline &#8211; Grace &#8211; Row &#8211; Image Right&#8221; module_class=&#8221;andromeda-timeline-row&#8221; _builder_version=&#8221;4.20.4&#8243; _module_preset=&#8221;default&#8221; width=&#8221;90%&#8221; max_width=&#8221;1170px&#8221; custom_padding=&#8221;0px||70px||false|false&#8221; custom_padding_tablet=&#8221;||20px||false|false&#8221; custom_padding_phone=&#8221;||||false|false&#8221; custom_css_before=&#8221;    content: %22%22;||    height: 100%;||    width: 2px;||    background: #D1E6C2;||position: absolute;||    left: 50%;||    top: 0;||    transform: translateX(-50%);&#8221; global_colors_info=&#8221;{}&#8221;][et_pb_column type=&#8221;1_2&#8243; _builder_version=&#8221;4.16&#8243; _module_preset=&#8221;default&#8221; custom_padding=&#8221;||||false|false&#8221; custom_padding_phone=&#8221;||||false|false&#8221; custom_padding_last_edited=&#8221;off|phone&#8221; global_colors_info=&#8221;{}&#8221;][\/et_pb_column][et_pb_column type=&#8221;1_2&#8243; _builder_version=&#8221;4.20.4&#8243; _module_preset=&#8221;default&#8221; custom_padding_phone=&#8221;|||0px|false|false&#8221; custom_padding_last_edited=&#8221;off|desktop&#8221; custom_css_before=&#8221;content: %22%22;||width: 20px; ||height: 20px; ||border: 4px solid #D1E6C2;||background: #fff;||border-radius: 50%;||position: absolute;||left: -13px;||top: 0;||z-index: 15;&#8221; global_colors_info=&#8221;{}&#8221;][et_pb_blurb title=&#8221;2003&#8243; icon_placement=&#8221;left&#8221; icon_placement_tablet=&#8221;&#8221; icon_placement_phone=&#8221;top&#8221; icon_placement_last_edited=&#8221;on|tablet&#8221; admin_label=&#8221;Andromeda Timeline &#8211; Grace &#8211; 1998 &#8211; Image size:140x140px&#8221; module_class=&#8221;grace_timelines_andromeda invert&#8221; _builder_version=&#8221;4.20.4&#8243; _module_preset=&#8221;default&#8221; header_level=&#8221;h2&#8243; header_font=&#8221;|700|||||||&#8221; header_text_color=&#8221;#8CC066&#8243; header_font_size=&#8221;32px&#8221; body_text_color=&#8221;#455A64&#8243; body_font_size=&#8221;1.1rem&#8221; image_icon_custom_padding_tablet=&#8221;&#8221; image_icon_custom_padding_phone=&#8221;&#8221; image_icon_custom_padding_last_edited=&#8221;on|tablet&#8221; custom_margin=&#8221;|||65px|false|false&#8221; custom_padding=&#8221;0px||70px||false|false&#8221; custom_padding_tablet=&#8221;||20px||false|false&#8221; custom_padding_phone=&#8221;||||false|false&#8221; custom_padding_last_edited=&#8221;on|desktop&#8221; animation=&#8221;off&#8221; scroll_scaling_enable=&#8221;on&#8221; scroll_scaling=&#8221;5|20|20|40|80%|100|100&#8243; header_text_align_phone=&#8221;center&#8221; header_text_align_last_edited=&#8221;off|desktop&#8221; body_text_align_tablet=&#8221;right&#8221; body_text_align_phone=&#8221;center&#8221; body_text_align_last_edited=&#8221;off|desktop&#8221; custom_css_main_element=&#8221;    transform-origin: left top;&#8221; custom_css_blurb_title=&#8221;    padding-bottom: 14px;&#8221; custom_css_blurb_content=&#8221;font-weight:400;&#8221; border_width_all_image_tablet=&#8221;&#8221; border_width_all_image_phone=&#8221;&#8221; border_width_all_image_last_edited=&#8221;on|tablet&#8221; global_colors_info=&#8221;{}&#8221; custom_css_before_last_edited=&#8221;off|desktop&#8221; custom_css_after_last_edited=&#8221;on|phone&#8221; custom_css_after_phone=&#8221;content: %22%22;||display: table;||transform: translateX(-50%);||margin-top: 40px;||left: 50%;||bottom: -30px;||position: absolute;||height: 100px;||width: 1px;||background: #464a53;&#8221; custom_css_before_phone=&#8221;display: table;||transform: translateX(-50%);||margin-top: 40px;||left: 50%;||top: 0;||position: relative;&#8221;]<\/p>\n<p>Ampliaci\u00f3n del edificio de viviendas. con subvenciones de la Conselleria de Servicios Sociais y Diputaci\u00f3n<\/p>\n<p>[\/et_pb_blurb][\/et_pb_column][\/et_pb_row][et_pb_row column_structure=&#8221;1_2,1_2&#8243; use_custom_gutter=&#8221;on&#8221; gutter_width=&#8221;1&#8243; custom_padding_last_edited=&#8221;on|desktop&#8221; admin_label=&#8221;Andromeda Timeline &#8211; Grace &#8211; Row &#8211; Image Left&#8221; module_class=&#8221;andromeda-timeline-row andromeda-timeline-row-right-align&#8221; _builder_version=&#8221;4.20.4&#8243; _module_preset=&#8221;default&#8221; width=&#8221;90%&#8221; max_width=&#8221;1170px&#8221; custom_padding=&#8221;0px||70px||false|false&#8221; custom_padding_tablet=&#8221;||70px||false|false&#8221; custom_padding_phone=&#8221;||||false|false&#8221; custom_css_before=&#8221;    content: %22%22;||    height: 100%;||    width: 2px;||    background: #D1E6C2;||    position: absolute;||    left: 50%;||    top: 0;||    transform: translateX(-50%);&#8221; global_colors_info=&#8221;{}&#8221;][et_pb_column type=&#8221;1_2&#8243; _builder_version=&#8221;4.20.4&#8243; _module_preset=&#8221;default&#8221; custom_padding=&#8221;||||false|false&#8221; custom_css_before=&#8221;content: %22%22;||width: 20px; ||height: 20px; ||border: 4px solid #D1E6C2;||background: #fff;||border-radius: 50%;||position: absolute;||right: -13px;||top: 0;||z-index: 15;&#8221; global_colors_info=&#8221;{}&#8221;][et_pb_blurb title=&#8221;2012&#8243; icon_placement=&#8221;left&#8221; icon_placement_tablet=&#8221;&#8221; icon_placement_phone=&#8221;top&#8221; icon_placement_last_edited=&#8221;on|phone&#8221; admin_label=&#8221;Andromeda Timeline &#8211; Grace &#8211; 1991 &#8211; Image size:140x140px&#8221; module_class=&#8221;grace_timelines_andromeda&#8221; _builder_version=&#8221;4.20.4&#8243; _module_preset=&#8221;default&#8221; header_level=&#8221;h2&#8243; header_font=&#8221;|700|||||||&#8221; header_text_align=&#8221;right&#8221; header_text_color=&#8221;#8CC066&#8243; header_font_size=&#8221;32px&#8221; body_text_align=&#8221;right&#8221; body_text_color=&#8221;#455A64&#8243; body_font_size=&#8221;1.1rem&#8221; image_icon_custom_padding_tablet=&#8221;&#8221; image_icon_custom_padding_phone=&#8221;&#8221; image_icon_custom_padding_last_edited=&#8221;on|phone&#8221; custom_margin=&#8221;|65px|||false|false&#8221; custom_padding=&#8221;||||false|false&#8221; animation=&#8221;off&#8221; hover_transition_duration=&#8221;2000ms&#8221; scroll_scaling_enable=&#8221;on&#8221; scroll_scaling=&#8221;5|20|20|40|80%|90%|100&#8243; header_text_align_tablet=&#8221;&#8221; header_text_align_phone=&#8221;center&#8221; header_text_align_last_edited=&#8221;on|desktop&#8221; body_text_align_tablet=&#8221;right&#8221; body_text_align_phone=&#8221;center&#8221; body_text_align_last_edited=&#8221;on|phone&#8221; custom_css_main_element=&#8221;    transform-origin: right top;&#8221; custom_css_blurb_title=&#8221;    padding-bottom: 14px;&#8221; custom_css_blurb_content=&#8221;font-weight:400;&#8221; border_width_all_image_tablet=&#8221;&#8221; border_width_all_image_phone=&#8221;&#8221; border_width_all_image_last_edited=&#8221;on|phone&#8221; global_colors_info=&#8221;{}&#8221; custom_css_after_last_edited=&#8221;off|desktop&#8221; custom_css_after_phone=&#8221;display: table;||transform: translateX(-50%);||margin-top: 40px;||left: 50%;||top: 0;||position: relative;&#8221; custom_css_before_last_edited=&#8221;on|desktop&#8221; custom_css_before_phone=&#8221;content: %22%22;||display: table;||transform: translateX(-50%);||margin-top: 40px;||left: 50%;||bottom: -30px;||position: absolute;||height: 100px;||width: 1px;||background: #464a53;&#8221;]<\/p>\n<p>\u00a0Se constituye el Centro especial de Empleo sin \u00e1nimo de lucro, siendo su finalidad el dar empleo a las personas con discapacidad<\/p>\n<p>[\/et_pb_blurb][\/et_pb_column][et_pb_column type=&#8221;1_2&#8243; _builder_version=&#8221;4.16&#8243; _module_preset=&#8221;default&#8221; custom_padding=&#8221;||||false|false&#8221; custom_padding_phone=&#8221;||||false|false&#8221; custom_padding_last_edited=&#8221;off|desktop&#8221; global_colors_info=&#8221;{}&#8221;][\/et_pb_column][\/et_pb_row][et_pb_row column_structure=&#8221;1_2,1_2&#8243; use_custom_gutter=&#8221;on&#8221; gutter_width=&#8221;1&#8243; custom_padding_last_edited=&#8221;on|desktop&#8221; admin_label=&#8221;Andromeda Timeline &#8211; Grace &#8211; Row &#8211; Image Right&#8221; module_class=&#8221;andromeda-timeline-row&#8221; _builder_version=&#8221;4.20.4&#8243; _module_preset=&#8221;default&#8221; width=&#8221;90%&#8221; max_width=&#8221;1170px&#8221; custom_padding=&#8221;0px||70px||false|false&#8221; custom_padding_tablet=&#8221;||20px||false|false&#8221; custom_padding_phone=&#8221;||||false|false&#8221; custom_css_before=&#8221;    content: %22%22;||    height: 100%;||    width: 2px;||    background: #D1E6C2;||position: absolute;||    left: 50%;||    top: 0;||    transform: translateX(-50%);&#8221; global_colors_info=&#8221;{}&#8221;][et_pb_column type=&#8221;1_2&#8243; _builder_version=&#8221;4.16&#8243; _module_preset=&#8221;default&#8221; custom_padding=&#8221;||||false|false&#8221; custom_padding_phone=&#8221;||||false|false&#8221; custom_padding_last_edited=&#8221;off|phone&#8221; global_colors_info=&#8221;{}&#8221;][\/et_pb_column][et_pb_column type=&#8221;1_2&#8243; _builder_version=&#8221;4.20.4&#8243; _module_preset=&#8221;default&#8221; custom_padding_phone=&#8221;|||0px|false|false&#8221; custom_padding_last_edited=&#8221;off|desktop&#8221; custom_css_before=&#8221;content: %22%22;||width: 20px; ||height: 20px; ||border: 4px solid #D1E6C2;||background: #fff;||border-radius: 50%;||position: absolute;||left: -13px;||top: 0;||z-index: 15;&#8221; global_colors_info=&#8221;{}&#8221;][et_pb_blurb title=&#8221;2020&#8243; icon_placement=&#8221;left&#8221; icon_placement_tablet=&#8221;&#8221; icon_placement_phone=&#8221;top&#8221; icon_placement_last_edited=&#8221;on|tablet&#8221; admin_label=&#8221;Andromeda Timeline &#8211; Grace &#8211; 1998 &#8211; Image size:140x140px&#8221; module_class=&#8221;grace_timelines_andromeda invert&#8221; _builder_version=&#8221;4.20.4&#8243; _module_preset=&#8221;default&#8221; header_level=&#8221;h2&#8243; header_font=&#8221;|700|||||||&#8221; header_text_color=&#8221;#8CC066&#8243; header_font_size=&#8221;32px&#8221; body_text_color=&#8221;#455A64&#8243; body_font_size=&#8221;1.1rem&#8221; image_icon_custom_padding_tablet=&#8221;&#8221; image_icon_custom_padding_phone=&#8221;&#8221; image_icon_custom_padding_last_edited=&#8221;on|tablet&#8221; custom_margin=&#8221;|||65px|false|false&#8221; custom_padding=&#8221;||||false|false&#8221; animation=&#8221;off&#8221; scroll_scaling_enable=&#8221;on&#8221; scroll_scaling=&#8221;5|20|20|40|80%|100|100&#8243; header_text_align_phone=&#8221;center&#8221; header_text_align_last_edited=&#8221;off|desktop&#8221; body_text_align_tablet=&#8221;right&#8221; body_text_align_phone=&#8221;center&#8221; body_text_align_last_edited=&#8221;off|desktop&#8221; custom_css_main_element=&#8221;    transform-origin: left top;&#8221; custom_css_blurb_title=&#8221;    padding-bottom: 14px;&#8221; custom_css_blurb_content=&#8221;font-weight:400;&#8221; border_width_all_image_tablet=&#8221;&#8221; border_width_all_image_phone=&#8221;&#8221; border_width_all_image_last_edited=&#8221;on|tablet&#8221; global_colors_info=&#8221;{}&#8221; custom_css_before_last_edited=&#8221;off|desktop&#8221; custom_css_after_last_edited=&#8221;on|phone&#8221; custom_css_after_phone=&#8221;content: %22%22;||display: table;||transform: translateX(-50%);||margin-top: 40px;||left: 50%;||bottom: -30px;||position: absolute;||height: 100px;||width: 1px;||background: #464a53;&#8221; custom_css_before_phone=&#8221;display: table;||transform: translateX(-50%);||margin-top: 40px;||left: 50%;||top: 0;||position: relative;&#8221;]Se adjudica por parte de la agrupaci\u00f3n de los concellos de Dumbr\u00eda, Zas, Mux\u00eda, Camari\u00f1as, Vimianzo, Mazaricos, Carnota, C\u00e9e, Corcubi\u00f3n y Fisterra, el Servicio de Atenci\u00f3n Temprana.[\/et_pb_blurb][\/et_pb_column][\/et_pb_row][\/et_pb_section]<\/p>\n","protected":false},"excerpt":{"rendered":"<p><span><span><a href=\"https:\/\/www.aspadex.org\/gl\/inicio\/\">Portada<\/a><\/span><\/span>En diciembre del 1983, un grupo de padres ante la falta de atenci\u00f3n en esta comarca a las personas con discapacidad intelectual y a sus familias, constituyen la Asociaci\u00f3n.Su preocupaci\u00f3n era dar respuesta y atenci\u00f3n a ese colectivo de personas que no dispon\u00edan de estos servicios. La \u00fanica opci\u00f3n que ten\u00edan era el internamiento de [&hellip;]<\/p>\n","protected":false},"author":1,"featured_media":0,"parent":0,"menu_order":0,"comment_status":"closed","ping_status":"closed","template":"","meta":{"_et_pb_use_builder":"on","_et_pb_old_content":"","_et_gb_content_width":"","footnotes":""},"class_list":["post-407242","page","type-page","status-publish","hentry"],"yoast_head":"<!-- This site is optimized with the Yoast SEO plugin v20.5 - https:\/\/yoast.com\/wordpress\/plugins\/seo\/ -->\n<title>Trayectoria &bull; ASPADEX<\/title>\n<meta name=\"description\" content=\"ASPADEX fue creado en 1983 por un grupo de padres ante la preocupaci\u00f3n por la falta de atenci\u00f3n a las personas con discapacidad intelectual en la comarca.\" \/>\n<meta name=\"robots\" content=\"index, follow, max-snippet:-1, max-image-preview:large, max-video-preview:-1\" \/>\n<link rel=\"canonical\" href=\"https:\/\/www.aspadex.org\/trayectoria\/\" \/>\n<meta property=\"og:locale\" content=\"gl_ES\" \/>\n<meta property=\"og:type\" content=\"article\" \/>\n<meta property=\"og:title\" content=\"Trayectoria &bull; ASPADEX\" \/>\n<meta property=\"og:description\" content=\"ASPADEX fue creado en 1983 por un grupo de padres ante la preocupaci\u00f3n por la falta de atenci\u00f3n a las personas con discapacidad intelectual en la comarca.\" \/>\n<meta property=\"og:url\" content=\"https:\/\/www.aspadex.org\/trayectoria\/\" \/>\n<meta property=\"og:site_name\" content=\"ASPADEX\" \/>\n<meta property=\"article:modified_time\" content=\"2025-05-08T07:47:10+00:00\" \/>\n<meta name=\"twitter:card\" content=\"summary_large_image\" \/>\n<meta name=\"twitter:label1\" content=\"Tempo de lectura\" \/>\n\t<meta name=\"twitter:data1\" content=\"38 minutos\" \/>\n<script type=\"application\/ld+json\" class=\"yoast-schema-graph\">{\"@context\":\"https:\/\/schema.org\",\"@graph\":[{\"@type\":\"WebPage\",\"@id\":\"https:\/\/www.aspadex.org\/trayectoria\/\",\"url\":\"https:\/\/www.aspadex.org\/trayectoria\/\",\"name\":\"Trayectoria &bull; ASPADEX\",\"isPartOf\":{\"@id\":\"https:\/\/www.aspadex.org\/gl\/#website\"},\"datePublished\":\"2023-04-26T08:27:30+00:00\",\"dateModified\":\"2025-05-08T07:47:10+00:00\",\"description\":\"ASPADEX fue creado en 1983 por un grupo de padres ante la preocupaci\u00f3n por la falta de atenci\u00f3n a las personas con discapacidad intelectual en la comarca.\",\"breadcrumb\":{\"@id\":\"https:\/\/www.aspadex.org\/trayectoria\/#breadcrumb\"},\"inLanguage\":\"gl-ES\",\"potentialAction\":[{\"@type\":\"ReadAction\",\"target\":[\"https:\/\/www.aspadex.org\/trayectoria\/\"]}]},{\"@type\":\"BreadcrumbList\",\"@id\":\"https:\/\/www.aspadex.org\/trayectoria\/#breadcrumb\",\"itemListElement\":[{\"@type\":\"ListItem\",\"position\":1,\"name\":\"Portada\",\"item\":\"https:\/\/www.aspadex.org\/gl\/inicio\/\"},{\"@type\":\"ListItem\",\"position\":2,\"name\":\"Trayectoria\"}]},{\"@type\":\"WebSite\",\"@id\":\"https:\/\/www.aspadex.org\/gl\/#website\",\"url\":\"https:\/\/www.aspadex.org\/gl\/\",\"name\":\"ASPADEX\",\"description\":\"Asociaci\u00f3n de padres de personas con discapacidad intelectual\",\"publisher\":{\"@id\":\"https:\/\/www.aspadex.org\/gl\/#organization\"},\"potentialAction\":[{\"@type\":\"SearchAction\",\"target\":{\"@type\":\"EntryPoint\",\"urlTemplate\":\"https:\/\/www.aspadex.org\/gl\/?s={search_term_string}\"},\"query-input\":\"required name=search_term_string\"}],\"inLanguage\":\"gl-ES\"},{\"@type\":\"Organization\",\"@id\":\"https:\/\/www.aspadex.org\/gl\/#organization\",\"name\":\"ASPADEX\",\"alternateName\":\"Asociaci\u00f3n de padres de personas con discapacidad intelectual\",\"url\":\"https:\/\/www.aspadex.org\/gl\/\",\"logo\":{\"@type\":\"ImageObject\",\"inLanguage\":\"gl-ES\",\"@id\":\"https:\/\/www.aspadex.org\/gl\/#\/schema\/logo\/image\/\",\"url\":\"https:\/\/www.aspadex.org\/wp-content\/uploads\/2023\/04\/logotipo-aspadex-cuadrado-01-01.svg\",\"contentUrl\":\"https:\/\/www.aspadex.org\/wp-content\/uploads\/2023\/04\/logotipo-aspadex-cuadrado-01-01.svg\",\"width\":247,\"height\":235,\"caption\":\"ASPADEX\"},\"image\":{\"@id\":\"https:\/\/www.aspadex.org\/gl\/#\/schema\/logo\/image\/\"}}]}<\/script>\n<!-- \/ Yoast SEO plugin. -->","yoast_head_json":{"title":"Trayectoria &bull; ASPADEX","description":"ASPADEX fue creado en 1983 por un grupo de padres ante la preocupaci\u00f3n por la falta de atenci\u00f3n a las personas con discapacidad intelectual en la comarca.","robots":{"index":"index","follow":"follow","max-snippet":"max-snippet:-1","max-image-preview":"max-image-preview:large","max-video-preview":"max-video-preview:-1"},"canonical":"https:\/\/www.aspadex.org\/trayectoria\/","og_locale":"gl_ES","og_type":"article","og_title":"Trayectoria &bull; ASPADEX","og_description":"ASPADEX fue creado en 1983 por un grupo de padres ante la preocupaci\u00f3n por la falta de atenci\u00f3n a las personas con discapacidad intelectual en la comarca.","og_url":"https:\/\/www.aspadex.org\/trayectoria\/","og_site_name":"ASPADEX","article_modified_time":"2025-05-08T07:47:10+00:00","twitter_card":"summary_large_image","twitter_misc":{"Tempo de lectura":"38 minutos"},"schema":{"@context":"https:\/\/schema.org","@graph":[{"@type":"WebPage","@id":"https:\/\/www.aspadex.org\/trayectoria\/","url":"https:\/\/www.aspadex.org\/trayectoria\/","name":"Trayectoria &bull; ASPADEX","isPartOf":{"@id":"https:\/\/www.aspadex.org\/gl\/#website"},"datePublished":"2023-04-26T08:27:30+00:00","dateModified":"2025-05-08T07:47:10+00:00","description":"ASPADEX fue creado en 1983 por un grupo de padres ante la preocupaci\u00f3n por la falta de atenci\u00f3n a las personas con discapacidad intelectual en la comarca.","breadcrumb":{"@id":"https:\/\/www.aspadex.org\/trayectoria\/#breadcrumb"},"inLanguage":"gl-ES","potentialAction":[{"@type":"ReadAction","target":["https:\/\/www.aspadex.org\/trayectoria\/"]}]},{"@type":"BreadcrumbList","@id":"https:\/\/www.aspadex.org\/trayectoria\/#breadcrumb","itemListElement":[{"@type":"ListItem","position":1,"name":"Portada","item":"https:\/\/www.aspadex.org\/gl\/inicio\/"},{"@type":"ListItem","position":2,"name":"Trayectoria"}]},{"@type":"WebSite","@id":"https:\/\/www.aspadex.org\/gl\/#website","url":"https:\/\/www.aspadex.org\/gl\/","name":"ASPADEX","description":"Asociaci\u00f3n de padres de personas con discapacidad intelectual","publisher":{"@id":"https:\/\/www.aspadex.org\/gl\/#organization"},"potentialAction":[{"@type":"SearchAction","target":{"@type":"EntryPoint","urlTemplate":"https:\/\/www.aspadex.org\/gl\/?s={search_term_string}"},"query-input":"required name=search_term_string"}],"inLanguage":"gl-ES"},{"@type":"Organization","@id":"https:\/\/www.aspadex.org\/gl\/#organization","name":"ASPADEX","alternateName":"Asociaci\u00f3n de padres de personas con discapacidad intelectual","url":"https:\/\/www.aspadex.org\/gl\/","logo":{"@type":"ImageObject","inLanguage":"gl-ES","@id":"https:\/\/www.aspadex.org\/gl\/#\/schema\/logo\/image\/","url":"https:\/\/www.aspadex.org\/wp-content\/uploads\/2023\/04\/logotipo-aspadex-cuadrado-01-01.svg","contentUrl":"https:\/\/www.aspadex.org\/wp-content\/uploads\/2023\/04\/logotipo-aspadex-cuadrado-01-01.svg","width":247,"height":235,"caption":"ASPADEX"},"image":{"@id":"https:\/\/www.aspadex.org\/gl\/#\/schema\/logo\/image\/"}}]}},"jetpack_sharing_enabled":true,"_links":{"self":[{"href":"https:\/\/www.aspadex.org\/gl\/wp-json\/wp\/v2\/pages\/407242","targetHints":{"allow":["GET"]}}],"collection":[{"href":"https:\/\/www.aspadex.org\/gl\/wp-json\/wp\/v2\/pages"}],"about":[{"href":"https:\/\/www.aspadex.org\/gl\/wp-json\/wp\/v2\/types\/page"}],"author":[{"embeddable":true,"href":"https:\/\/www.aspadex.org\/gl\/wp-json\/wp\/v2\/users\/1"}],"replies":[{"embeddable":true,"href":"https:\/\/www.aspadex.org\/gl\/wp-json\/wp\/v2\/comments?post=407242"}],"version-history":[{"count":1,"href":"https:\/\/www.aspadex.org\/gl\/wp-json\/wp\/v2\/pages\/407242\/revisions"}],"predecessor-version":[{"id":407249,"href":"https:\/\/www.aspadex.org\/gl\/wp-json\/wp\/v2\/pages\/407242\/revisions\/407249"}],"wp:attachment":[{"href":"https:\/\/www.aspadex.org\/gl\/wp-json\/wp\/v2\/media?parent=407242"}],"curies":[{"name":"wp","href":"https:\/\/api.w.org\/{rel}","templated":true}]}}